{"id":1342,"date":"2023-05-19T09:51:15","date_gmt":"2023-05-19T07:51:15","guid":{"rendered":"https:\/\/www.contiva-berufsperspektiven.ch\/?page_id=1342"},"modified":"2024-10-10T15:29:25","modified_gmt":"2024-10-10T13:29:25","slug":"forum-2","status":"publish","type":"page","link":"https:\/\/www.contiva-berufsperspektiven.ch\/en\/forum-2\/","title":{"rendered":"Forum 2023"},"content":{"rendered":"<div class='breakdance'><div class=\"bde-globalblock-1342-100 bde-globalblock\"><div class='breakdance'><section class=\"bde-section-3672-104-3672-1 bde-section no-animation bde-section-3672-104\">\n  \n  \n\t\n\n\n\n<div class=\"section-container\"><div class=\"bde-breadcrumbs-3672-106-3672-1 bde-breadcrumbs bde-breadcrumbs-3672-106\"><nav aria-label=\"breadcrumbs\" class=\"rank-math-breadcrumb\"><p><span class=\"last\">CONTIVA<\/span><\/p><\/nav><\/div><\/div>\n<\/section><section class=\"bde-section-3672-101-3672-1 bde-section no-animation bde-section-3672-101\">\n  \n  \n\t\n\n\n\n<div class=\"section-container\"><h1 class=\"bde-heading-3672-102-3672-1 bde-heading bde-heading-3672-102\">\nForum 2023 - Generation Z\n<\/h1><div class=\"bde-text-3672-103-3672-1 bde-text bde-text-3672-103\">\n<p>Generation Z (born between 1996 and 2010) is at the start of its professional career. Their representatives are innovative, self-confident, digital and creative - and sometimes also demanding. How can employers attract them as employees, fulfil their expectations and make working together a pleasant experience? And how can we as consultants, coaches and trainers provide targeted support for this group? Do the existing processes and programmes meet their expectations or needs? Or is there a need for adaptation?<\/p>\n<p>At Forum 2023, we explored these questions in presentations, practical workshops and a panel discussion. Representatives of Generation Z had their say, as did older generations. Digitalisation, demands on work and a shift in the prioritisation of work and leisure are among the most important changes. However, the discussions showed that Generation Z is just as motivated as previous generations!<\/p>\n<p>&nbsp;<\/p>\n\n<\/div><\/div>\n<\/section><\/div><\/div><section class=\"bde-section-1342-101 bde-section bde-preset-c877ce6a-8423-4ccd-a24f-08a5091d10f3\">\n              \n  \n  \n\t\n\n\n\n<div class=\"section-container\"><h2 class=\"bde-heading-1342-102 bde-heading\">\nReview Forum 2023 - GenZ\n<\/h2><\/div>\n<\/section><section class=\"bde-section-1342-103 bde-section bde-preset-84a15dde-f849-469d-bf93-8fff4095fba1\">\n  \n  \n\t\n\n\n\n<div class=\"section-container\"><div class=\"bde-columns-1342-104 bde-columns\"><div class=\"bde-column-1342-105 bde-column\">\n  \n  \n\t\n\n\n\n<div class=\"bde-image-1342-106 bde-image\">\n<figure class=\"breakdance-image breakdance-image--2897\">\n\t<div class=\"breakdance-image-container\">\n\t\t<div class=\"breakdance-image-clip\"><img loading=\"lazy\" decoding=\"async\" class=\"breakdance-image-object\" src=\"https:\/\/www.contiva-berufsperspektiven.ch\/wp-content\/uploads\/2023\/11\/4_Janos_Bucher.jpg\" width=\"960\" height=\"540\" srcset=\"https:\/\/www.contiva-berufsperspektiven.ch\/wp-content\/uploads\/2023\/11\/4_Janos_Bucher.jpg 960w, https:\/\/www.contiva-berufsperspektiven.ch\/wp-content\/uploads\/2023\/11\/4_Janos_Bucher-768x432.jpg 768w, https:\/\/www.contiva-berufsperspektiven.ch\/wp-content\/uploads\/2023\/11\/4_Janos_Bucher-711x400.jpg 711w, https:\/\/www.contiva-berufsperspektiven.ch\/wp-content\/uploads\/2023\/11\/4_Janos_Bucher-300x169.jpg 300w, https:\/\/www.contiva-berufsperspektiven.ch\/wp-content\/uploads\/2023\/11\/4_Janos_Bucher-840x473.jpg 840w, https:\/\/www.contiva-berufsperspektiven.ch\/wp-content\/uploads\/2023\/11\/4_Janos_Bucher-498x280.jpg 498w, https:\/\/www.contiva-berufsperspektiven.ch\/wp-content\/uploads\/2023\/11\/4_Janos_Bucher-356x200.jpg 356w, https:\/\/www.contiva-berufsperspektiven.ch\/wp-content\/uploads\/2023\/11\/4_Janos_Bucher-213x120.jpg 213w\" sizes=\"auto, (max-width: 960px) 100vw, 960px\"><\/div>\n\t<\/div><\/figure>\n\n<\/div>\n<\/div><div class=\"bde-column-1342-107 bde-column\">\n  \n  \n\t\n\n\n\n<div class=\"bde-rich-text-1342-108 bde-rich-text breakdance-rich-text-styles\">\n<h3>Who is GenZ? How does it \"act\"? What does it want?<\/h3><p><a title=\"LinkedIn profile\" href=\"https:\/\/www.linkedin.com\/in\/j%C3%A1nos-bucher-b60763111\/\" target=\"_blank\" rel=\"noopener nofollow\" data-wplink-edit=\"true\"><strong>J\u00e1nos Bucher<\/strong><\/a>, Head of Finance at Neoviso and himself a \"GenZ-er\", showed how his generation has grown up and travelled digitally and what topics are on their minds.<br \/>NEOVISO advises companies on how to deal with Generation Z in the areas of marketing, HR, leadership, storytelling and much more.<\/p>\n<\/div><div class=\"bde-div-1342-109 bde-div bde-preset-4d0b34c7-4d84-489f-bb13-f8ff907d8258\">\n  \n  \n\t\n\n\n\n<div class=\"bde-button-1342-110 bde-button\">\n    \n                                    \n    \n    \n    \n    \n            \n                    \n            \n            \n\n    \n    \n    \n    \n    \n    <a class=\"breakdance-link button-atom button-atom--primary bde-button__button\" href=\"https:\/\/www.contiva-berufsperspektiven.ch\/wp-content\/uploads\/2023\/11\/Neoviso_Forum23_GenZ.pdf\" target=\"_blank\" data-type=\"url\">\n\n    \n        <span class=\"button-atom__text\">to the presentation<\/span>\n\n        \n        \n                <\/a>\n\n    \n\n\n<\/div>\n<\/div>\n<\/div><\/div><\/div>\n<\/section><section class=\"bde-section-1342-111 bde-section bde-preset-84a15dde-f849-469d-bf93-8fff4095fba1\">\n  \n  \n\t\n\n\n\n<div class=\"section-container\"><div class=\"bde-columns-1342-112 bde-columns\"><div class=\"bde-column-1342-113 bde-column\">\n  \n  \n\t\n\n\n\n<div class=\"bde-image-1342-114 bde-image\">\n<figure class=\"breakdance-image breakdance-image--2899\">\n\t<div class=\"breakdance-image-container\">\n\t\t<div class=\"breakdance-image-clip\"><img loading=\"lazy\" decoding=\"async\" class=\"breakdance-image-object\" src=\"https:\/\/www.contiva-berufsperspektiven.ch\/wp-content\/uploads\/2023\/11\/5_Debora_Moos.jpg\" width=\"960\" height=\"540\" srcset=\"https:\/\/www.contiva-berufsperspektiven.ch\/wp-content\/uploads\/2023\/11\/5_Debora_Moos.jpg 960w, https:\/\/www.contiva-berufsperspektiven.ch\/wp-content\/uploads\/2023\/11\/5_Debora_Moos-768x432.jpg 768w, https:\/\/www.contiva-berufsperspektiven.ch\/wp-content\/uploads\/2023\/11\/5_Debora_Moos-711x400.jpg 711w, https:\/\/www.contiva-berufsperspektiven.ch\/wp-content\/uploads\/2023\/11\/5_Debora_Moos-300x169.jpg 300w, https:\/\/www.contiva-berufsperspektiven.ch\/wp-content\/uploads\/2023\/11\/5_Debora_Moos-840x473.jpg 840w, https:\/\/www.contiva-berufsperspektiven.ch\/wp-content\/uploads\/2023\/11\/5_Debora_Moos-498x280.jpg 498w, https:\/\/www.contiva-berufsperspektiven.ch\/wp-content\/uploads\/2023\/11\/5_Debora_Moos-356x200.jpg 356w, https:\/\/www.contiva-berufsperspektiven.ch\/wp-content\/uploads\/2023\/11\/5_Debora_Moos-213x120.jpg 213w\" sizes=\"auto, (max-width: 960px) 100vw, 960px\"><\/div>\n\t<\/div><\/figure>\n\n<\/div>\n<\/div><div class=\"bde-column-1342-115 bde-column\">\n  \n  \n\t\n\n\n\n<div class=\"bde-rich-text-1342-116 bde-rich-text breakdance-rich-text-styles\">\n<h3>Opportunities and challenges for Baloise as an employer<\/h3><p><a title=\"LinkedIn profile\" href=\"https:\/\/www.linkedin.com\/in\/debora-moos\/\" target=\"_blank\" rel=\"noopener nofollow\"><strong>Debora Moos<\/strong><\/a>, Employer Communications Specialist at Baloise, reported on how Baloise has adapted its recruitment processes to cater for young adults.<\/p>\n<\/div><div class=\"bde-div-1342-117 bde-div bde-preset-4d0b34c7-4d84-489f-bb13-f8ff907d8258\">\n  \n  \n\t\n\n\n\n<div class=\"bde-button-1342-118 bde-button\">\n    \n                                    \n    \n    \n    \n    \n            \n                    \n            \n            \n\n    \n    \n    \n    \n    \n    <a class=\"breakdance-link button-atom button-atom--primary bde-button__button\" href=\"https:\/\/www.contiva-berufsperspektiven.ch\/wp-content\/uploads\/2023\/11\/Baloise_Forum23_GenZ.pdf\" target=\"_blank\" data-type=\"url\">\n\n    \n        <span class=\"button-atom__text\">to the presentation<\/span>\n\n        \n        \n                <\/a>\n\n    \n\n\n<\/div>\n<\/div>\n<\/div><\/div><\/div>\n<\/section><section class=\"bde-section-1342-119 bde-section bde-preset-84a15dde-f849-469d-bf93-8fff4095fba1\">\n  \n  \n\t\n\n\n\n<div class=\"section-container\"><div class=\"bde-columns-1342-120 bde-columns\"><div class=\"bde-column-1342-121 bde-column\">\n  \n  \n\t\n\n\n\n<div class=\"bde-image-1342-122 bde-image\">\n<figure class=\"breakdance-image breakdance-image--2901\">\n\t<div class=\"breakdance-image-container\">\n\t\t<div class=\"breakdance-image-clip\"><img loading=\"lazy\" decoding=\"async\" class=\"breakdance-image-object\" src=\"https:\/\/www.contiva-berufsperspektiven.ch\/wp-content\/uploads\/2023\/11\/6_Janos_Geraldine_Manuela.jpg\" width=\"960\" height=\"540\" srcset=\"https:\/\/www.contiva-berufsperspektiven.ch\/wp-content\/uploads\/2023\/11\/6_Janos_Geraldine_Manuela.jpg 960w, https:\/\/www.contiva-berufsperspektiven.ch\/wp-content\/uploads\/2023\/11\/6_Janos_Geraldine_Manuela-768x432.jpg 768w, https:\/\/www.contiva-berufsperspektiven.ch\/wp-content\/uploads\/2023\/11\/6_Janos_Geraldine_Manuela-711x400.jpg 711w, https:\/\/www.contiva-berufsperspektiven.ch\/wp-content\/uploads\/2023\/11\/6_Janos_Geraldine_Manuela-300x169.jpg 300w, https:\/\/www.contiva-berufsperspektiven.ch\/wp-content\/uploads\/2023\/11\/6_Janos_Geraldine_Manuela-840x473.jpg 840w, https:\/\/www.contiva-berufsperspektiven.ch\/wp-content\/uploads\/2023\/11\/6_Janos_Geraldine_Manuela-498x280.jpg 498w, https:\/\/www.contiva-berufsperspektiven.ch\/wp-content\/uploads\/2023\/11\/6_Janos_Geraldine_Manuela-356x200.jpg 356w, https:\/\/www.contiva-berufsperspektiven.ch\/wp-content\/uploads\/2023\/11\/6_Janos_Geraldine_Manuela-213x120.jpg 213w\" sizes=\"auto, (max-width: 960px) 100vw, 960px\"><\/div>\n\t<\/div><\/figure>\n\n<\/div>\n<\/div><div class=\"bde-column-1342-123 bde-column\">\n  \n  \n\t\n\n\n\n<div class=\"bde-rich-text-1342-124 bde-rich-text breakdance-rich-text-styles\">\n<h3>What working conditions does GenZ need to realise its potential?<\/h3><p><strong><a title=\"LinkedIn profile\" href=\"https:\/\/www.linkedin.com\/in\/manuela-marcelino-alfredo\/\" target=\"_blank\" rel=\"noopener nofollow\">Manuela Marcelino Alfredo<\/a><\/strong> and <strong><a title=\"LinkedIn profile\" href=\"https:\/\/www.linkedin.com\/in\/geraldine-paech\/\" target=\"_blank\" rel=\"noopener nofollow\">Geraldine Paech<\/a><\/strong> from Hays (Schweiz) AG told us which points are important when managing and supporting GenZ. GenZ want motivated superiors at work, opportunities for self-realisation and prompt feedback on their work. It is also important that leisure time is not neglected alongside work, i.e. a good work-life integration.<\/p>\n<\/div>\n<\/div><\/div><\/div>\n<\/section><section class=\"bde-section-1342-127 bde-section bde-preset-84a15dde-f849-469d-bf93-8fff4095fba1\">\n  \n  \n\t\n\n\n\n<div class=\"section-container\"><div class=\"bde-columns-1342-128 bde-columns\"><div class=\"bde-column-1342-129 bde-column\">\n  \n  \n\t\n\n\n\n<div class=\"bde-image-1342-130 bde-image\">\n<figure class=\"breakdance-image breakdance-image--2909\">\n\t<div class=\"breakdance-image-container\">\n\t\t<div class=\"breakdance-image-clip\"><img loading=\"lazy\" decoding=\"async\" class=\"breakdance-image-object\" src=\"https:\/\/www.contiva-berufsperspektiven.ch\/wp-content\/uploads\/2023\/11\/10_Ina_Praxis-Station.jpg\" width=\"960\" height=\"540\" srcset=\"https:\/\/www.contiva-berufsperspektiven.ch\/wp-content\/uploads\/2023\/11\/10_Ina_Praxis-Station.jpg 960w, https:\/\/www.contiva-berufsperspektiven.ch\/wp-content\/uploads\/2023\/11\/10_Ina_Praxis-Station-768x432.jpg 768w, https:\/\/www.contiva-berufsperspektiven.ch\/wp-content\/uploads\/2023\/11\/10_Ina_Praxis-Station-711x400.jpg 711w, https:\/\/www.contiva-berufsperspektiven.ch\/wp-content\/uploads\/2023\/11\/10_Ina_Praxis-Station-300x169.jpg 300w, https:\/\/www.contiva-berufsperspektiven.ch\/wp-content\/uploads\/2023\/11\/10_Ina_Praxis-Station-840x473.jpg 840w, https:\/\/www.contiva-berufsperspektiven.ch\/wp-content\/uploads\/2023\/11\/10_Ina_Praxis-Station-498x280.jpg 498w, https:\/\/www.contiva-berufsperspektiven.ch\/wp-content\/uploads\/2023\/11\/10_Ina_Praxis-Station-356x200.jpg 356w, https:\/\/www.contiva-berufsperspektiven.ch\/wp-content\/uploads\/2023\/11\/10_Ina_Praxis-Station-213x120.jpg 213w\" sizes=\"auto, (max-width: 960px) 100vw, 960px\"><\/div>\n\t<\/div><\/figure>\n\n<\/div>\n<\/div><div class=\"bde-column-1342-131 bde-column\">\n  \n  \n\t\n\n\n\n<div class=\"bde-rich-text-1342-132 bde-rich-text breakdance-rich-text-styles\">\n<h3>GenZ and us - the social and state institutions<\/h3><p><strong>What guidance does GenZ need?<\/strong><br \/>How do you communicate with them?<br \/>What are the challenges in counselling or support?<\/p><p><strong>Stefanie Sch\u00f6chle, <\/strong>Qualified social pedagogue and head of the Bachgraben youth centre, <a title=\"LinkedIn profile\" href=\"https:\/\/www.linkedin.com\/in\/hannes-baer\/\" target=\"_blank\" rel=\"noopener nofollow\"><strong>Hannes Baer<\/strong><\/a>Managing Director inTeam and <a title=\"LinkedIn profile\" href=\"https:\/\/www.linkedin.com\/in\/diana-a-b3b74a88\/\" target=\"_blank\" rel=\"noopener nofollow\"><strong>Diana Abegglen<\/strong><\/a>, student counsellor at the University of Basel, reported on their work with GenZ in practical workshops.<\/p>\n<\/div>\n<\/div><\/div><\/div>\n<\/section><section class=\"bde-section-1342-133 bde-section bde-preset-84a15dde-f849-469d-bf93-8fff4095fba1\">\n  \n  \n\t\n\n\n\n<div class=\"section-container\"><div class=\"bde-columns-1342-134 bde-columns\"><div class=\"bde-column-1342-135 bde-column\">\n  \n  \n\t\n\n\n\n<div class=\"bde-image-1342-136 bde-image\">\n<figure class=\"breakdance-image breakdance-image--2907\">\n\t<div class=\"breakdance-image-container\">\n\t\t<div class=\"breakdance-image-clip\"><img loading=\"lazy\" decoding=\"async\" class=\"breakdance-image-object\" src=\"https:\/\/www.contiva-berufsperspektiven.ch\/wp-content\/uploads\/2023\/11\/9_Forum_Podiumsdiskussion.jpg\" width=\"960\" height=\"540\" srcset=\"https:\/\/www.contiva-berufsperspektiven.ch\/wp-content\/uploads\/2023\/11\/9_Forum_Podiumsdiskussion.jpg 960w, https:\/\/www.contiva-berufsperspektiven.ch\/wp-content\/uploads\/2023\/11\/9_Forum_Podiumsdiskussion-768x432.jpg 768w, https:\/\/www.contiva-berufsperspektiven.ch\/wp-content\/uploads\/2023\/11\/9_Forum_Podiumsdiskussion-711x400.jpg 711w, https:\/\/www.contiva-berufsperspektiven.ch\/wp-content\/uploads\/2023\/11\/9_Forum_Podiumsdiskussion-300x169.jpg 300w, https:\/\/www.contiva-berufsperspektiven.ch\/wp-content\/uploads\/2023\/11\/9_Forum_Podiumsdiskussion-840x473.jpg 840w, https:\/\/www.contiva-berufsperspektiven.ch\/wp-content\/uploads\/2023\/11\/9_Forum_Podiumsdiskussion-498x280.jpg 498w, https:\/\/www.contiva-berufsperspektiven.ch\/wp-content\/uploads\/2023\/11\/9_Forum_Podiumsdiskussion-356x200.jpg 356w, https:\/\/www.contiva-berufsperspektiven.ch\/wp-content\/uploads\/2023\/11\/9_Forum_Podiumsdiskussion-213x120.jpg 213w\" sizes=\"auto, (max-width: 960px) 100vw, 960px\"><\/div>\n\t<\/div><\/figure>\n\n<\/div>\n<\/div><div class=\"bde-column-1342-137 bde-column\">\n  \n  \n\t\n\n\n\n<div class=\"bde-rich-text-1342-138 bde-rich-text breakdance-rich-text-styles\">\n<h3>Panel discussion<\/h3><p>Prejudices and similarities were discussed - is Generation Z really so different or do they have more in common with previous generations than we thought?<br \/>It turned out that it is important to connect the generations with each other and to utilise and combine their respective strengths in a meaningful way.<\/p>\n<\/div><div class=\"bde-div-1342-139 bde-div bde-preset-4d0b34c7-4d84-489f-bb13-f8ff907d8258\">\n  \n  \n\t\n\n\n\n<div class=\"bde-button-1342-140 bde-button\">\n    \n                                    \n    \n    \n    \n    \n            \n                    \n            \n            \n\n    \n    \n    \n    \n    \n    <a class=\"breakdance-link button-atom button-atom--primary bde-button__button\" href=\"https:\/\/www.contiva-berufsperspektiven.ch\/wp-content\/uploads\/2023\/11\/Menti_Einleitung_Ergebnisse_Forum23_GenZ.pdf\" target=\"_blank\" data-type=\"url\">\n\n    \n        <span class=\"button-atom__text\">Menti survey result<\/span>\n\n        \n        \n                <\/a>\n\n    \n\n\n<\/div>\n<\/div>\n<\/div><\/div><\/div>\n<\/section><section class=\"bde-section-1342-141 bde-section bde-preset-89cc901c-1cc9-4992-bc94-ca217ff1a9d3\">\n              \n  \n  \n\t\n\n\n\n<div class=\"section-container\"><h2 class=\"bde-heading-1342-142 bde-heading\">\nImpressions of the Forum 2023\n<\/h2><\/div>\n<\/section><section class=\"bde-section-1342-143 bde-section bde-preset-a757da71-4efb-4b7c-ac36-4af124f53d48\">\n  \n  \n\t\n\n\n\n<div class=\"section-container\"><div class=\"bde-video-1342-144 bde-video\">\n<div class=\"ee-video-container\">\n            \n                                                    \n                                <div class=\"ee-video ee-vimeo\">\n                    <iframe\n                            class=\"ee-video lozad\"\n                    title=\"\"\n                    data-src=\n                    \"https:\/\/player.vimeo.com\/video\/884702175?dnt=1&amp;app_id=122963&controls=1&playsinline=0                    \"\n                    width=\"100%\" height=\"100%\" frameborder=\"0\"\n                    allow=\"autoplay; fullscreen; picture-in-picture\" allowfullscreen>\n                    <\/iframe>\n                <\/div>\n                    \n            \n    <\/div>\n\n<\/div><\/div>\n<\/section><section class=\"bde-section-1342-145 bde-section bde-preset-a757da71-4efb-4b7c-ac36-4af124f53d48\">\n  \n  \n\t\n\n\n\n<div class=\"section-container\"><h2 class=\"bde-heading-1342-146 bde-heading\">\nPictures of the event\n<\/h2><div class=\"bde-gallery-1342-147 bde-gallery bde-preset-dd3fdb87-39ea-4ae9-ae79-def847691d29\">\n\n\n  \n\n\n\n\n\n\n\n  \n\n  <div class=\"ee-gallery-swiper breakdance-swiper-wrapper\" data-swiper-id=\"147\">\n    <div class=\"swiper\">\n\n<div class=\"ee-gallery ee-gallery--gallery-slider ee-gallery--slider ee-gallery--single ee-gallery--lightbox ee-gallery-- ee-gallery--caption- ee-gallery--caption-none ee-gallery--ratio swiper-wrapper\">\n                  \n      <a class=\"ee-gallery-item ee-gallery-item--image ee-gallery-item--single swiper-slide\" href=\"https:\/\/www.contiva-berufsperspektiven.ch\/wp-content\/uploads\/2023\/11\/1_Doris_Jost.jpg\" span><\/span>\" data-category=\"1\"                  data-lg-size=\"960-540\"\n\n      >\n        <figure class=\"ee-gallery-item-figure\">\n                        <img loading=\"lazy\" decoding=\"async\" class=\"breakdance-image-object\" src=\"https:\/\/www.contiva-berufsperspektiven.ch\/wp-content\/uploads\/2023\/11\/1_Doris_Jost.jpg\" width=\"960\" height=\"540\" srcset=\"https:\/\/www.contiva-berufsperspektiven.ch\/wp-content\/uploads\/2023\/11\/1_Doris_Jost.jpg 960w, https:\/\/www.contiva-berufsperspektiven.ch\/wp-content\/uploads\/2023\/11\/1_Doris_Jost-768x432.jpg 768w, https:\/\/www.contiva-berufsperspektiven.ch\/wp-content\/uploads\/2023\/11\/1_Doris_Jost-711x400.jpg 711w, https:\/\/www.contiva-berufsperspektiven.ch\/wp-content\/uploads\/2023\/11\/1_Doris_Jost-300x169.jpg 300w, https:\/\/www.contiva-berufsperspektiven.ch\/wp-content\/uploads\/2023\/11\/1_Doris_Jost-840x473.jpg 840w, https:\/\/www.contiva-berufsperspektiven.ch\/wp-content\/uploads\/2023\/11\/1_Doris_Jost-498x280.jpg 498w, https:\/\/www.contiva-berufsperspektiven.ch\/wp-content\/uploads\/2023\/11\/1_Doris_Jost-356x200.jpg 356w, https:\/\/www.contiva-berufsperspektiven.ch\/wp-content\/uploads\/2023\/11\/1_Doris_Jost-213x120.jpg 213w\" sizes=\"auto, (max-width: 960px) 100vw, 960px\">\n          \n                  <\/figure>\n      <\/a>\n\n                \n      <a class=\"ee-gallery-item ee-gallery-item--image ee-gallery-item--single swiper-slide\" href=\"https:\/\/www.contiva-berufsperspektiven.ch\/wp-content\/uploads\/2023\/11\/2_Doris_Tho_Ina.jpg\" span><\/span>\" data-category=\"1\"                  data-lg-size=\"960-540\"\n\n      >\n        <figure class=\"ee-gallery-item-figure\">\n                        <img loading=\"lazy\" decoding=\"async\" class=\"breakdance-image-object\" src=\"https:\/\/www.contiva-berufsperspektiven.ch\/wp-content\/uploads\/2023\/11\/2_Doris_Tho_Ina.jpg\" width=\"960\" height=\"540\" srcset=\"https:\/\/www.contiva-berufsperspektiven.ch\/wp-content\/uploads\/2023\/11\/2_Doris_Tho_Ina.jpg 960w, https:\/\/www.contiva-berufsperspektiven.ch\/wp-content\/uploads\/2023\/11\/2_Doris_Tho_Ina-768x432.jpg 768w, https:\/\/www.contiva-berufsperspektiven.ch\/wp-content\/uploads\/2023\/11\/2_Doris_Tho_Ina-711x400.jpg 711w, https:\/\/www.contiva-berufsperspektiven.ch\/wp-content\/uploads\/2023\/11\/2_Doris_Tho_Ina-300x169.jpg 300w, https:\/\/www.contiva-berufsperspektiven.ch\/wp-content\/uploads\/2023\/11\/2_Doris_Tho_Ina-840x473.jpg 840w, https:\/\/www.contiva-berufsperspektiven.ch\/wp-content\/uploads\/2023\/11\/2_Doris_Tho_Ina-498x280.jpg 498w, https:\/\/www.contiva-berufsperspektiven.ch\/wp-content\/uploads\/2023\/11\/2_Doris_Tho_Ina-356x200.jpg 356w, https:\/\/www.contiva-berufsperspektiven.ch\/wp-content\/uploads\/2023\/11\/2_Doris_Tho_Ina-213x120.jpg 213w\" sizes=\"auto, (max-width: 960px) 100vw, 960px\">\n          \n                  <\/figure>\n      <\/a>\n\n                \n      <a class=\"ee-gallery-item ee-gallery-item--image ee-gallery-item--single swiper-slide\" href=\"https:\/\/www.contiva-berufsperspektiven.ch\/wp-content\/uploads\/2023\/11\/3_Urs_Endress.jpg\" span><\/span>\" data-category=\"1\"                  data-lg-size=\"960-540\"\n\n      >\n        <figure class=\"ee-gallery-item-figure\">\n                        <img loading=\"lazy\" decoding=\"async\" class=\"breakdance-image-object\" src=\"https:\/\/www.contiva-berufsperspektiven.ch\/wp-content\/uploads\/2023\/11\/3_Urs_Endress.jpg\" width=\"960\" height=\"540\" srcset=\"https:\/\/www.contiva-berufsperspektiven.ch\/wp-content\/uploads\/2023\/11\/3_Urs_Endress.jpg 960w, https:\/\/www.contiva-berufsperspektiven.ch\/wp-content\/uploads\/2023\/11\/3_Urs_Endress-768x432.jpg 768w, https:\/\/www.contiva-berufsperspektiven.ch\/wp-content\/uploads\/2023\/11\/3_Urs_Endress-711x400.jpg 711w, https:\/\/www.contiva-berufsperspektiven.ch\/wp-content\/uploads\/2023\/11\/3_Urs_Endress-300x169.jpg 300w, https:\/\/www.contiva-berufsperspektiven.ch\/wp-content\/uploads\/2023\/11\/3_Urs_Endress-840x473.jpg 840w, https:\/\/www.contiva-berufsperspektiven.ch\/wp-content\/uploads\/2023\/11\/3_Urs_Endress-498x280.jpg 498w, https:\/\/www.contiva-berufsperspektiven.ch\/wp-content\/uploads\/2023\/11\/3_Urs_Endress-356x200.jpg 356w, https:\/\/www.contiva-berufsperspektiven.ch\/wp-content\/uploads\/2023\/11\/3_Urs_Endress-213x120.jpg 213w\" sizes=\"auto, (max-width: 960px) 100vw, 960px\">\n          \n                  <\/figure>\n      <\/a>\n\n                \n      <a class=\"ee-gallery-item ee-gallery-item--image ee-gallery-item--single swiper-slide\" href=\"https:\/\/www.contiva-berufsperspektiven.ch\/wp-content\/uploads\/2023\/11\/5_Debora_Moos.jpg\" span><\/span>\" data-category=\"1\"                  data-lg-size=\"960-540\"\n\n      >\n        <figure class=\"ee-gallery-item-figure\">\n                        <img loading=\"lazy\" decoding=\"async\" class=\"breakdance-image-object\" src=\"https:\/\/www.contiva-berufsperspektiven.ch\/wp-content\/uploads\/2023\/11\/5_Debora_Moos.jpg\" width=\"960\" height=\"540\" srcset=\"https:\/\/www.contiva-berufsperspektiven.ch\/wp-content\/uploads\/2023\/11\/5_Debora_Moos.jpg 960w, https:\/\/www.contiva-berufsperspektiven.ch\/wp-content\/uploads\/2023\/11\/5_Debora_Moos-768x432.jpg 768w, https:\/\/www.contiva-berufsperspektiven.ch\/wp-content\/uploads\/2023\/11\/5_Debora_Moos-711x400.jpg 711w, https:\/\/www.contiva-berufsperspektiven.ch\/wp-content\/uploads\/2023\/11\/5_Debora_Moos-300x169.jpg 300w, https:\/\/www.contiva-berufsperspektiven.ch\/wp-content\/uploads\/2023\/11\/5_Debora_Moos-840x473.jpg 840w, https:\/\/www.contiva-berufsperspektiven.ch\/wp-content\/uploads\/2023\/11\/5_Debora_Moos-498x280.jpg 498w, https:\/\/www.contiva-berufsperspektiven.ch\/wp-content\/uploads\/2023\/11\/5_Debora_Moos-356x200.jpg 356w, https:\/\/www.contiva-berufsperspektiven.ch\/wp-content\/uploads\/2023\/11\/5_Debora_Moos-213x120.jpg 213w\" sizes=\"auto, (max-width: 960px) 100vw, 960px\">\n          \n                  <\/figure>\n      <\/a>\n\n                \n      <a class=\"ee-gallery-item ee-gallery-item--image ee-gallery-item--single swiper-slide\" href=\"https:\/\/www.contiva-berufsperspektiven.ch\/wp-content\/uploads\/2023\/11\/6_Janos_Geraldine_Manuela.jpg\" span><\/span>\" data-category=\"1\"                  data-lg-size=\"960-540\"\n\n      >\n        <figure class=\"ee-gallery-item-figure\">\n                        <img loading=\"lazy\" decoding=\"async\" class=\"breakdance-image-object\" src=\"https:\/\/www.contiva-berufsperspektiven.ch\/wp-content\/uploads\/2023\/11\/6_Janos_Geraldine_Manuela.jpg\" width=\"960\" height=\"540\" srcset=\"https:\/\/www.contiva-berufsperspektiven.ch\/wp-content\/uploads\/2023\/11\/6_Janos_Geraldine_Manuela.jpg 960w, https:\/\/www.contiva-berufsperspektiven.ch\/wp-content\/uploads\/2023\/11\/6_Janos_Geraldine_Manuela-768x432.jpg 768w, https:\/\/www.contiva-berufsperspektiven.ch\/wp-content\/uploads\/2023\/11\/6_Janos_Geraldine_Manuela-711x400.jpg 711w, https:\/\/www.contiva-berufsperspektiven.ch\/wp-content\/uploads\/2023\/11\/6_Janos_Geraldine_Manuela-300x169.jpg 300w, https:\/\/www.contiva-berufsperspektiven.ch\/wp-content\/uploads\/2023\/11\/6_Janos_Geraldine_Manuela-840x473.jpg 840w, https:\/\/www.contiva-berufsperspektiven.ch\/wp-content\/uploads\/2023\/11\/6_Janos_Geraldine_Manuela-498x280.jpg 498w, https:\/\/www.contiva-berufsperspektiven.ch\/wp-content\/uploads\/2023\/11\/6_Janos_Geraldine_Manuela-356x200.jpg 356w, https:\/\/www.contiva-berufsperspektiven.ch\/wp-content\/uploads\/2023\/11\/6_Janos_Geraldine_Manuela-213x120.jpg 213w\" sizes=\"auto, (max-width: 960px) 100vw, 960px\">\n          \n                  <\/figure>\n      <\/a>\n\n                \n      <a class=\"ee-gallery-item ee-gallery-item--image ee-gallery-item--single swiper-slide\" href=\"https:\/\/www.contiva-berufsperspektiven.ch\/wp-content\/uploads\/2023\/11\/7_Contiva_Praxis-Stationen.jpg\" span><\/span>\" data-category=\"1\"                  data-lg-size=\"960-540\"\n\n      >\n        <figure class=\"ee-gallery-item-figure\">\n                        <img loading=\"lazy\" decoding=\"async\" class=\"breakdance-image-object\" src=\"https:\/\/www.contiva-berufsperspektiven.ch\/wp-content\/uploads\/2023\/11\/7_Contiva_Praxis-Stationen.jpg\" width=\"960\" height=\"540\" srcset=\"https:\/\/www.contiva-berufsperspektiven.ch\/wp-content\/uploads\/2023\/11\/7_Contiva_Praxis-Stationen.jpg 960w, https:\/\/www.contiva-berufsperspektiven.ch\/wp-content\/uploads\/2023\/11\/7_Contiva_Praxis-Stationen-768x432.jpg 768w, https:\/\/www.contiva-berufsperspektiven.ch\/wp-content\/uploads\/2023\/11\/7_Contiva_Praxis-Stationen-711x400.jpg 711w, https:\/\/www.contiva-berufsperspektiven.ch\/wp-content\/uploads\/2023\/11\/7_Contiva_Praxis-Stationen-300x169.jpg 300w, https:\/\/www.contiva-berufsperspektiven.ch\/wp-content\/uploads\/2023\/11\/7_Contiva_Praxis-Stationen-840x473.jpg 840w, https:\/\/www.contiva-berufsperspektiven.ch\/wp-content\/uploads\/2023\/11\/7_Contiva_Praxis-Stationen-498x280.jpg 498w, https:\/\/www.contiva-berufsperspektiven.ch\/wp-content\/uploads\/2023\/11\/7_Contiva_Praxis-Stationen-356x200.jpg 356w, https:\/\/www.contiva-berufsperspektiven.ch\/wp-content\/uploads\/2023\/11\/7_Contiva_Praxis-Stationen-213x120.jpg 213w\" sizes=\"auto, (max-width: 960px) 100vw, 960px\">\n          \n                  <\/figure>\n      <\/a>\n\n                \n      <a class=\"ee-gallery-item ee-gallery-item--image ee-gallery-item--single swiper-slide\" href=\"https:\/\/www.contiva-berufsperspektiven.ch\/wp-content\/uploads\/2023\/11\/15_Contiva_Karten_Praxis-Stellen.jpg\" span><\/span>\" data-category=\"1\"                  data-lg-size=\"960-540\"\n\n      >\n        <figure class=\"ee-gallery-item-figure\">\n                        <img loading=\"lazy\" decoding=\"async\" class=\"breakdance-image-object\" src=\"https:\/\/www.contiva-berufsperspektiven.ch\/wp-content\/uploads\/2023\/11\/15_Contiva_Karten_Praxis-Stellen.jpg\" width=\"960\" height=\"540\" srcset=\"https:\/\/www.contiva-berufsperspektiven.ch\/wp-content\/uploads\/2023\/11\/15_Contiva_Karten_Praxis-Stellen.jpg 960w, https:\/\/www.contiva-berufsperspektiven.ch\/wp-content\/uploads\/2023\/11\/15_Contiva_Karten_Praxis-Stellen-768x432.jpg 768w, https:\/\/www.contiva-berufsperspektiven.ch\/wp-content\/uploads\/2023\/11\/15_Contiva_Karten_Praxis-Stellen-711x400.jpg 711w, https:\/\/www.contiva-berufsperspektiven.ch\/wp-content\/uploads\/2023\/11\/15_Contiva_Karten_Praxis-Stellen-300x169.jpg 300w, https:\/\/www.contiva-berufsperspektiven.ch\/wp-content\/uploads\/2023\/11\/15_Contiva_Karten_Praxis-Stellen-840x473.jpg 840w, https:\/\/www.contiva-berufsperspektiven.ch\/wp-content\/uploads\/2023\/11\/15_Contiva_Karten_Praxis-Stellen-498x280.jpg 498w, https:\/\/www.contiva-berufsperspektiven.ch\/wp-content\/uploads\/2023\/11\/15_Contiva_Karten_Praxis-Stellen-356x200.jpg 356w, https:\/\/www.contiva-berufsperspektiven.ch\/wp-content\/uploads\/2023\/11\/15_Contiva_Karten_Praxis-Stellen-213x120.jpg 213w\" sizes=\"auto, (max-width: 960px) 100vw, 960px\">\n          \n                  <\/figure>\n      <\/a>\n\n                \n      <a class=\"ee-gallery-item ee-gallery-item--image ee-gallery-item--single swiper-slide\" href=\"https:\/\/www.contiva-berufsperspektiven.ch\/wp-content\/uploads\/2023\/11\/9_Forum_Podiumsdiskussion.jpg\" span><\/span>\" data-category=\"1\"                  data-lg-size=\"960-540\"\n\n      >\n        <figure class=\"ee-gallery-item-figure\">\n                        <img loading=\"lazy\" decoding=\"async\" class=\"breakdance-image-object\" src=\"https:\/\/www.contiva-berufsperspektiven.ch\/wp-content\/uploads\/2023\/11\/9_Forum_Podiumsdiskussion.jpg\" width=\"960\" height=\"540\" srcset=\"https:\/\/www.contiva-berufsperspektiven.ch\/wp-content\/uploads\/2023\/11\/9_Forum_Podiumsdiskussion.jpg 960w, https:\/\/www.contiva-berufsperspektiven.ch\/wp-content\/uploads\/2023\/11\/9_Forum_Podiumsdiskussion-768x432.jpg 768w, https:\/\/www.contiva-berufsperspektiven.ch\/wp-content\/uploads\/2023\/11\/9_Forum_Podiumsdiskussion-711x400.jpg 711w, https:\/\/www.contiva-berufsperspektiven.ch\/wp-content\/uploads\/2023\/11\/9_Forum_Podiumsdiskussion-300x169.jpg 300w, https:\/\/www.contiva-berufsperspektiven.ch\/wp-content\/uploads\/2023\/11\/9_Forum_Podiumsdiskussion-840x473.jpg 840w, https:\/\/www.contiva-berufsperspektiven.ch\/wp-content\/uploads\/2023\/11\/9_Forum_Podiumsdiskussion-498x280.jpg 498w, https:\/\/www.contiva-berufsperspektiven.ch\/wp-content\/uploads\/2023\/11\/9_Forum_Podiumsdiskussion-356x200.jpg 356w, https:\/\/www.contiva-berufsperspektiven.ch\/wp-content\/uploads\/2023\/11\/9_Forum_Podiumsdiskussion-213x120.jpg 213w\" sizes=\"auto, (max-width: 960px) 100vw, 960px\">\n          \n                  <\/figure>\n      <\/a>\n\n                \n      <a class=\"ee-gallery-item ee-gallery-item--image ee-gallery-item--single swiper-slide\" href=\"https:\/\/www.contiva-berufsperspektiven.ch\/wp-content\/uploads\/2023\/11\/10_Ina_Praxis-Station.jpg\" span><\/span>\" data-category=\"1\"                  data-lg-size=\"960-540\"\n\n      >\n        <figure class=\"ee-gallery-item-figure\">\n                        <img loading=\"lazy\" decoding=\"async\" class=\"breakdance-image-object\" src=\"https:\/\/www.contiva-berufsperspektiven.ch\/wp-content\/uploads\/2023\/11\/10_Ina_Praxis-Station.jpg\" width=\"960\" height=\"540\" srcset=\"https:\/\/www.contiva-berufsperspektiven.ch\/wp-content\/uploads\/2023\/11\/10_Ina_Praxis-Station.jpg 960w, https:\/\/www.contiva-berufsperspektiven.ch\/wp-content\/uploads\/2023\/11\/10_Ina_Praxis-Station-768x432.jpg 768w, https:\/\/www.contiva-berufsperspektiven.ch\/wp-content\/uploads\/2023\/11\/10_Ina_Praxis-Station-711x400.jpg 711w, https:\/\/www.contiva-berufsperspektiven.ch\/wp-content\/uploads\/2023\/11\/10_Ina_Praxis-Station-300x169.jpg 300w, https:\/\/www.contiva-berufsperspektiven.ch\/wp-content\/uploads\/2023\/11\/10_Ina_Praxis-Station-840x473.jpg 840w, https:\/\/www.contiva-berufsperspektiven.ch\/wp-content\/uploads\/2023\/11\/10_Ina_Praxis-Station-498x280.jpg 498w, https:\/\/www.contiva-berufsperspektiven.ch\/wp-content\/uploads\/2023\/11\/10_Ina_Praxis-Station-356x200.jpg 356w, https:\/\/www.contiva-berufsperspektiven.ch\/wp-content\/uploads\/2023\/11\/10_Ina_Praxis-Station-213x120.jpg 213w\" sizes=\"auto, (max-width: 960px) 100vw, 960px\">\n          \n                  <\/figure>\n      <\/a>\n\n                \n      <a class=\"ee-gallery-item ee-gallery-item--image ee-gallery-item--single swiper-slide\" href=\"https:\/\/www.contiva-berufsperspektiven.ch\/wp-content\/uploads\/2023\/11\/17_Catherine_Gast.jpg\" span><\/span>\" data-category=\"1\"                  data-lg-size=\"960-540\"\n\n      >\n        <figure class=\"ee-gallery-item-figure\">\n                        <img loading=\"lazy\" decoding=\"async\" class=\"breakdance-image-object\" src=\"https:\/\/www.contiva-berufsperspektiven.ch\/wp-content\/uploads\/2023\/11\/17_Catherine_Gast.jpg\" width=\"960\" height=\"540\" srcset=\"https:\/\/www.contiva-berufsperspektiven.ch\/wp-content\/uploads\/2023\/11\/17_Catherine_Gast.jpg 960w, https:\/\/www.contiva-berufsperspektiven.ch\/wp-content\/uploads\/2023\/11\/17_Catherine_Gast-768x432.jpg 768w, https:\/\/www.contiva-berufsperspektiven.ch\/wp-content\/uploads\/2023\/11\/17_Catherine_Gast-711x400.jpg 711w, https:\/\/www.contiva-berufsperspektiven.ch\/wp-content\/uploads\/2023\/11\/17_Catherine_Gast-300x169.jpg 300w, https:\/\/www.contiva-berufsperspektiven.ch\/wp-content\/uploads\/2023\/11\/17_Catherine_Gast-840x473.jpg 840w, https:\/\/www.contiva-berufsperspektiven.ch\/wp-content\/uploads\/2023\/11\/17_Catherine_Gast-498x280.jpg 498w, https:\/\/www.contiva-berufsperspektiven.ch\/wp-content\/uploads\/2023\/11\/17_Catherine_Gast-356x200.jpg 356w, https:\/\/www.contiva-berufsperspektiven.ch\/wp-content\/uploads\/2023\/11\/17_Catherine_Gast-213x120.jpg 213w\" sizes=\"auto, (max-width: 960px) 100vw, 960px\">\n          \n                  <\/figure>\n      <\/a>\n\n                \n      <a class=\"ee-gallery-item ee-gallery-item--image ee-gallery-item--single swiper-slide\" href=\"https:\/\/www.contiva-berufsperspektiven.ch\/wp-content\/uploads\/2023\/11\/16_ReferentInnen.jpg\" span><\/span>\" data-category=\"1\"                  data-lg-size=\"960-540\"\n\n      >\n        <figure class=\"ee-gallery-item-figure\">\n                        <img loading=\"lazy\" decoding=\"async\" class=\"breakdance-image-object\" src=\"https:\/\/www.contiva-berufsperspektiven.ch\/wp-content\/uploads\/2023\/11\/16_ReferentInnen.jpg\" width=\"960\" height=\"540\" srcset=\"https:\/\/www.contiva-berufsperspektiven.ch\/wp-content\/uploads\/2023\/11\/16_ReferentInnen.jpg 960w, https:\/\/www.contiva-berufsperspektiven.ch\/wp-content\/uploads\/2023\/11\/16_ReferentInnen-768x432.jpg 768w, https:\/\/www.contiva-berufsperspektiven.ch\/wp-content\/uploads\/2023\/11\/16_ReferentInnen-711x400.jpg 711w, https:\/\/www.contiva-berufsperspektiven.ch\/wp-content\/uploads\/2023\/11\/16_ReferentInnen-300x169.jpg 300w, https:\/\/www.contiva-berufsperspektiven.ch\/wp-content\/uploads\/2023\/11\/16_ReferentInnen-840x473.jpg 840w, https:\/\/www.contiva-berufsperspektiven.ch\/wp-content\/uploads\/2023\/11\/16_ReferentInnen-498x280.jpg 498w, https:\/\/www.contiva-berufsperspektiven.ch\/wp-content\/uploads\/2023\/11\/16_ReferentInnen-356x200.jpg 356w, https:\/\/www.contiva-berufsperspektiven.ch\/wp-content\/uploads\/2023\/11\/16_ReferentInnen-213x120.jpg 213w\" sizes=\"auto, (max-width: 960px) 100vw, 960px\">\n          \n                  <\/figure>\n      <\/a>\n\n                \n      <a class=\"ee-gallery-item ee-gallery-item--image ee-gallery-item--single swiper-slide\" href=\"https:\/\/www.contiva-berufsperspektiven.ch\/wp-content\/uploads\/2023\/11\/17_Elisabeth_weitere.jpg\" span><\/span>\" data-category=\"1\"                  data-lg-size=\"960-540\"\n\n      >\n        <figure class=\"ee-gallery-item-figure\">\n                        <img loading=\"lazy\" decoding=\"async\" class=\"breakdance-image-object\" src=\"https:\/\/www.contiva-berufsperspektiven.ch\/wp-content\/uploads\/2023\/11\/17_Elisabeth_weitere.jpg\" width=\"960\" height=\"540\" srcset=\"https:\/\/www.contiva-berufsperspektiven.ch\/wp-content\/uploads\/2023\/11\/17_Elisabeth_weitere.jpg 960w, https:\/\/www.contiva-berufsperspektiven.ch\/wp-content\/uploads\/2023\/11\/17_Elisabeth_weitere-768x432.jpg 768w, https:\/\/www.contiva-berufsperspektiven.ch\/wp-content\/uploads\/2023\/11\/17_Elisabeth_weitere-711x400.jpg 711w, https:\/\/www.contiva-berufsperspektiven.ch\/wp-content\/uploads\/2023\/11\/17_Elisabeth_weitere-300x169.jpg 300w, https:\/\/www.contiva-berufsperspektiven.ch\/wp-content\/uploads\/2023\/11\/17_Elisabeth_weitere-840x473.jpg 840w, https:\/\/www.contiva-berufsperspektiven.ch\/wp-content\/uploads\/2023\/11\/17_Elisabeth_weitere-498x280.jpg 498w, https:\/\/www.contiva-berufsperspektiven.ch\/wp-content\/uploads\/2023\/11\/17_Elisabeth_weitere-356x200.jpg 356w, https:\/\/www.contiva-berufsperspektiven.ch\/wp-content\/uploads\/2023\/11\/17_Elisabeth_weitere-213x120.jpg 213w\" sizes=\"auto, (max-width: 960px) 100vw, 960px\">\n          \n                  <\/figure>\n      <\/a>\n\n                \n      <a class=\"ee-gallery-item ee-gallery-item--image ee-gallery-item--single swiper-slide\" href=\"https:\/\/www.contiva-berufsperspektiven.ch\/wp-content\/uploads\/2023\/11\/42_Janos_Referat.jpg\" span><\/span>\" data-category=\"1\"                  data-lg-size=\"960-540\"\n\n      >\n        <figure class=\"ee-gallery-item-figure\">\n                        <img loading=\"lazy\" decoding=\"async\" class=\"breakdance-image-object\" src=\"https:\/\/www.contiva-berufsperspektiven.ch\/wp-content\/uploads\/2023\/11\/42_Janos_Referat.jpg\" width=\"960\" height=\"540\" srcset=\"https:\/\/www.contiva-berufsperspektiven.ch\/wp-content\/uploads\/2023\/11\/42_Janos_Referat.jpg 960w, https:\/\/www.contiva-berufsperspektiven.ch\/wp-content\/uploads\/2023\/11\/42_Janos_Referat-768x432.jpg 768w, https:\/\/www.contiva-berufsperspektiven.ch\/wp-content\/uploads\/2023\/11\/42_Janos_Referat-711x400.jpg 711w, https:\/\/www.contiva-berufsperspektiven.ch\/wp-content\/uploads\/2023\/11\/42_Janos_Referat-300x169.jpg 300w, https:\/\/www.contiva-berufsperspektiven.ch\/wp-content\/uploads\/2023\/11\/42_Janos_Referat-840x473.jpg 840w, https:\/\/www.contiva-berufsperspektiven.ch\/wp-content\/uploads\/2023\/11\/42_Janos_Referat-498x280.jpg 498w, https:\/\/www.contiva-berufsperspektiven.ch\/wp-content\/uploads\/2023\/11\/42_Janos_Referat-356x200.jpg 356w, https:\/\/www.contiva-berufsperspektiven.ch\/wp-content\/uploads\/2023\/11\/42_Janos_Referat-213x120.jpg 213w\" sizes=\"auto, (max-width: 960px) 100vw, 960px\">\n          \n                  <\/figure>\n      <\/a>\n\n                \n      <a class=\"ee-gallery-item ee-gallery-item--image ee-gallery-item--single swiper-slide\" href=\"https:\/\/www.contiva-berufsperspektiven.ch\/wp-content\/uploads\/2023\/11\/11_Contiva_RollUps.jpg\" span><\/span>\" data-category=\"1\"                  data-lg-size=\"960-540\"\n\n      >\n        <figure class=\"ee-gallery-item-figure\">\n                        <img loading=\"lazy\" decoding=\"async\" class=\"breakdance-image-object\" src=\"https:\/\/www.contiva-berufsperspektiven.ch\/wp-content\/uploads\/2023\/11\/11_Contiva_RollUps.jpg\" width=\"960\" height=\"540\" srcset=\"https:\/\/www.contiva-berufsperspektiven.ch\/wp-content\/uploads\/2023\/11\/11_Contiva_RollUps.jpg 960w, https:\/\/www.contiva-berufsperspektiven.ch\/wp-content\/uploads\/2023\/11\/11_Contiva_RollUps-768x432.jpg 768w, https:\/\/www.contiva-berufsperspektiven.ch\/wp-content\/uploads\/2023\/11\/11_Contiva_RollUps-711x400.jpg 711w, https:\/\/www.contiva-berufsperspektiven.ch\/wp-content\/uploads\/2023\/11\/11_Contiva_RollUps-300x169.jpg 300w, https:\/\/www.contiva-berufsperspektiven.ch\/wp-content\/uploads\/2023\/11\/11_Contiva_RollUps-840x473.jpg 840w, https:\/\/www.contiva-berufsperspektiven.ch\/wp-content\/uploads\/2023\/11\/11_Contiva_RollUps-498x280.jpg 498w, https:\/\/www.contiva-berufsperspektiven.ch\/wp-content\/uploads\/2023\/11\/11_Contiva_RollUps-356x200.jpg 356w, https:\/\/www.contiva-berufsperspektiven.ch\/wp-content\/uploads\/2023\/11\/11_Contiva_RollUps-213x120.jpg 213w\" sizes=\"auto, (max-width: 960px) 100vw, 960px\">\n          \n                  <\/figure>\n      <\/a>\n\n      \n  <\/div>\n\n    <\/div>\n                <div class=\"swiper-button-prev\">\n            \n        <\/div>\n        <div class=\"swiper-button-next\">\n            \n        <\/div>\n    \n            <div class=\"swiper-pagination\"><\/div>\n    \n  <\/div>\n\n\n<\/div><\/div>\n<\/section><section class=\"bde-section-1342-148 bde-section bde-preset-a757da71-4efb-4b7c-ac36-4af124f53d48\">\n  \n  \n\t\n\n\n\n<div class=\"section-container\"><h2 class=\"bde-heading-1342-149 bde-heading\">\nPictures of the aperitif\n<\/h2><div class=\"bde-gallery-1342-150 bde-gallery bde-preset-dd3fdb87-39ea-4ae9-ae79-def847691d29\">\n\n\n  \n\n\n\n\n\n\n\n  \n\n  <div class=\"ee-gallery-swiper breakdance-swiper-wrapper\" data-swiper-id=\"150\">\n    <div class=\"swiper\">\n\n<div class=\"ee-gallery ee-gallery--gallery-slider ee-gallery--slider ee-gallery--single ee-gallery--lightbox ee-gallery-- ee-gallery--caption- ee-gallery--caption-none ee-gallery--ratio swiper-wrapper\">\n                  \n      <a class=\"ee-gallery-item ee-gallery-item--image ee-gallery-item--single swiper-slide\" href=\"https:\/\/www.contiva-berufsperspektiven.ch\/wp-content\/uploads\/2023\/11\/19_Christoph_Peter.jpg\" span><\/span>\" data-category=\"1\"                  data-lg-size=\"960-540\"\n\n      >\n        <figure class=\"ee-gallery-item-figure\">\n                        <img loading=\"lazy\" decoding=\"async\" class=\"breakdance-image-object\" src=\"https:\/\/www.contiva-berufsperspektiven.ch\/wp-content\/uploads\/2023\/11\/19_Christoph_Peter.jpg\" width=\"960\" height=\"540\" srcset=\"https:\/\/www.contiva-berufsperspektiven.ch\/wp-content\/uploads\/2023\/11\/19_Christoph_Peter.jpg 960w, https:\/\/www.contiva-berufsperspektiven.ch\/wp-content\/uploads\/2023\/11\/19_Christoph_Peter-768x432.jpg 768w, https:\/\/www.contiva-berufsperspektiven.ch\/wp-content\/uploads\/2023\/11\/19_Christoph_Peter-711x400.jpg 711w, https:\/\/www.contiva-berufsperspektiven.ch\/wp-content\/uploads\/2023\/11\/19_Christoph_Peter-300x169.jpg 300w, https:\/\/www.contiva-berufsperspektiven.ch\/wp-content\/uploads\/2023\/11\/19_Christoph_Peter-840x473.jpg 840w, https:\/\/www.contiva-berufsperspektiven.ch\/wp-content\/uploads\/2023\/11\/19_Christoph_Peter-498x280.jpg 498w, https:\/\/www.contiva-berufsperspektiven.ch\/wp-content\/uploads\/2023\/11\/19_Christoph_Peter-356x200.jpg 356w, https:\/\/www.contiva-berufsperspektiven.ch\/wp-content\/uploads\/2023\/11\/19_Christoph_Peter-213x120.jpg 213w\" sizes=\"auto, (max-width: 960px) 100vw, 960px\">\n          \n                  <\/figure>\n      <\/a>\n\n                \n      <a class=\"ee-gallery-item ee-gallery-item--image ee-gallery-item--single swiper-slide\" href=\"https:\/\/www.contiva-berufsperspektiven.ch\/wp-content\/uploads\/2023\/11\/27_Apero_Barbara_Gast.jpg\" span><\/span>\" data-category=\"1\"                  data-lg-size=\"960-540\"\n\n      >\n        <figure class=\"ee-gallery-item-figure\">\n                        <img loading=\"lazy\" decoding=\"async\" class=\"breakdance-image-object\" src=\"https:\/\/www.contiva-berufsperspektiven.ch\/wp-content\/uploads\/2023\/11\/27_Apero_Barbara_Gast.jpg\" width=\"960\" height=\"540\" srcset=\"https:\/\/www.contiva-berufsperspektiven.ch\/wp-content\/uploads\/2023\/11\/27_Apero_Barbara_Gast.jpg 960w, https:\/\/www.contiva-berufsperspektiven.ch\/wp-content\/uploads\/2023\/11\/27_Apero_Barbara_Gast-768x432.jpg 768w, https:\/\/www.contiva-berufsperspektiven.ch\/wp-content\/uploads\/2023\/11\/27_Apero_Barbara_Gast-711x400.jpg 711w, https:\/\/www.contiva-berufsperspektiven.ch\/wp-content\/uploads\/2023\/11\/27_Apero_Barbara_Gast-300x169.jpg 300w, https:\/\/www.contiva-berufsperspektiven.ch\/wp-content\/uploads\/2023\/11\/27_Apero_Barbara_Gast-840x473.jpg 840w, https:\/\/www.contiva-berufsperspektiven.ch\/wp-content\/uploads\/2023\/11\/27_Apero_Barbara_Gast-498x280.jpg 498w, https:\/\/www.contiva-berufsperspektiven.ch\/wp-content\/uploads\/2023\/11\/27_Apero_Barbara_Gast-356x200.jpg 356w, https:\/\/www.contiva-berufsperspektiven.ch\/wp-content\/uploads\/2023\/11\/27_Apero_Barbara_Gast-213x120.jpg 213w\" sizes=\"auto, (max-width: 960px) 100vw, 960px\">\n          \n                  <\/figure>\n      <\/a>\n\n                \n      <a class=\"ee-gallery-item ee-gallery-item--image ee-gallery-item--single swiper-slide\" href=\"https:\/\/www.contiva-berufsperspektiven.ch\/wp-content\/uploads\/2023\/11\/12_Ruth_Diana_Apero.jpg\" span><\/span>\" data-category=\"1\"                  data-lg-size=\"960-540\"\n\n      >\n        <figure class=\"ee-gallery-item-figure\">\n                        <img loading=\"lazy\" decoding=\"async\" class=\"breakdance-image-object\" src=\"https:\/\/www.contiva-berufsperspektiven.ch\/wp-content\/uploads\/2023\/11\/12_Ruth_Diana_Apero.jpg\" width=\"960\" height=\"540\" srcset=\"https:\/\/www.contiva-berufsperspektiven.ch\/wp-content\/uploads\/2023\/11\/12_Ruth_Diana_Apero.jpg 960w, https:\/\/www.contiva-berufsperspektiven.ch\/wp-content\/uploads\/2023\/11\/12_Ruth_Diana_Apero-768x432.jpg 768w, https:\/\/www.contiva-berufsperspektiven.ch\/wp-content\/uploads\/2023\/11\/12_Ruth_Diana_Apero-711x400.jpg 711w, https:\/\/www.contiva-berufsperspektiven.ch\/wp-content\/uploads\/2023\/11\/12_Ruth_Diana_Apero-300x169.jpg 300w, https:\/\/www.contiva-berufsperspektiven.ch\/wp-content\/uploads\/2023\/11\/12_Ruth_Diana_Apero-840x473.jpg 840w, https:\/\/www.contiva-berufsperspektiven.ch\/wp-content\/uploads\/2023\/11\/12_Ruth_Diana_Apero-498x280.jpg 498w, https:\/\/www.contiva-berufsperspektiven.ch\/wp-content\/uploads\/2023\/11\/12_Ruth_Diana_Apero-356x200.jpg 356w, https:\/\/www.contiva-berufsperspektiven.ch\/wp-content\/uploads\/2023\/11\/12_Ruth_Diana_Apero-213x120.jpg 213w\" sizes=\"auto, (max-width: 960px) 100vw, 960px\">\n          \n                  <\/figure>\n      <\/a>\n\n                \n      <a class=\"ee-gallery-item ee-gallery-item--image ee-gallery-item--single swiper-slide\" href=\"https:\/\/www.contiva-berufsperspektiven.ch\/wp-content\/uploads\/2023\/11\/8_Dorothea_Elisabeth.jpg\" span><\/span>\" data-category=\"1\"                  data-lg-size=\"960-540\"\n\n      >\n        <figure class=\"ee-gallery-item-figure\">\n                        <img loading=\"lazy\" decoding=\"async\" class=\"breakdance-image-object\" src=\"https:\/\/www.contiva-berufsperspektiven.ch\/wp-content\/uploads\/2023\/11\/8_Dorothea_Elisabeth.jpg\" width=\"960\" height=\"540\" srcset=\"https:\/\/www.contiva-berufsperspektiven.ch\/wp-content\/uploads\/2023\/11\/8_Dorothea_Elisabeth.jpg 960w, https:\/\/www.contiva-berufsperspektiven.ch\/wp-content\/uploads\/2023\/11\/8_Dorothea_Elisabeth-768x432.jpg 768w, https:\/\/www.contiva-berufsperspektiven.ch\/wp-content\/uploads\/2023\/11\/8_Dorothea_Elisabeth-711x400.jpg 711w, https:\/\/www.contiva-berufsperspektiven.ch\/wp-content\/uploads\/2023\/11\/8_Dorothea_Elisabeth-300x169.jpg 300w, https:\/\/www.contiva-berufsperspektiven.ch\/wp-content\/uploads\/2023\/11\/8_Dorothea_Elisabeth-840x473.jpg 840w, https:\/\/www.contiva-berufsperspektiven.ch\/wp-content\/uploads\/2023\/11\/8_Dorothea_Elisabeth-498x280.jpg 498w, https:\/\/www.contiva-berufsperspektiven.ch\/wp-content\/uploads\/2023\/11\/8_Dorothea_Elisabeth-356x200.jpg 356w, https:\/\/www.contiva-berufsperspektiven.ch\/wp-content\/uploads\/2023\/11\/8_Dorothea_Elisabeth-213x120.jpg 213w\" sizes=\"auto, (max-width: 960px) 100vw, 960px\">\n          \n                  <\/figure>\n      <\/a>\n\n                \n      <a class=\"ee-gallery-item ee-gallery-item--image ee-gallery-item--single swiper-slide\" href=\"https:\/\/www.contiva-berufsperspektiven.ch\/wp-content\/uploads\/2023\/11\/20_Memox.jpg\" span><\/span>\" data-category=\"1\"                  data-lg-size=\"960-540\"\n\n      >\n        <figure class=\"ee-gallery-item-figure\">\n                        <img loading=\"lazy\" decoding=\"async\" class=\"breakdance-image-object\" src=\"https:\/\/www.contiva-berufsperspektiven.ch\/wp-content\/uploads\/2023\/11\/20_Memox.jpg\" width=\"960\" height=\"540\" srcset=\"https:\/\/www.contiva-berufsperspektiven.ch\/wp-content\/uploads\/2023\/11\/20_Memox.jpg 960w, https:\/\/www.contiva-berufsperspektiven.ch\/wp-content\/uploads\/2023\/11\/20_Memox-768x432.jpg 768w, https:\/\/www.contiva-berufsperspektiven.ch\/wp-content\/uploads\/2023\/11\/20_Memox-711x400.jpg 711w, https:\/\/www.contiva-berufsperspektiven.ch\/wp-content\/uploads\/2023\/11\/20_Memox-300x169.jpg 300w, https:\/\/www.contiva-berufsperspektiven.ch\/wp-content\/uploads\/2023\/11\/20_Memox-840x473.jpg 840w, https:\/\/www.contiva-berufsperspektiven.ch\/wp-content\/uploads\/2023\/11\/20_Memox-498x280.jpg 498w, https:\/\/www.contiva-berufsperspektiven.ch\/wp-content\/uploads\/2023\/11\/20_Memox-356x200.jpg 356w, https:\/\/www.contiva-berufsperspektiven.ch\/wp-content\/uploads\/2023\/11\/20_Memox-213x120.jpg 213w\" sizes=\"auto, (max-width: 960px) 100vw, 960px\">\n          \n                  <\/figure>\n      <\/a>\n\n                \n      <a class=\"ee-gallery-item ee-gallery-item--image ee-gallery-item--single swiper-slide\" href=\"https:\/\/www.contiva-berufsperspektiven.ch\/wp-content\/uploads\/2023\/11\/21_Gaeste.jpg\" span><\/span>\" data-category=\"1\"                  data-lg-size=\"960-540\"\n\n      >\n        <figure class=\"ee-gallery-item-figure\">\n                        <img loading=\"lazy\" decoding=\"async\" class=\"breakdance-image-object\" src=\"https:\/\/www.contiva-berufsperspektiven.ch\/wp-content\/uploads\/2023\/11\/21_Gaeste.jpg\" width=\"960\" height=\"540\" srcset=\"https:\/\/www.contiva-berufsperspektiven.ch\/wp-content\/uploads\/2023\/11\/21_Gaeste.jpg 960w, https:\/\/www.contiva-berufsperspektiven.ch\/wp-content\/uploads\/2023\/11\/21_Gaeste-768x432.jpg 768w, https:\/\/www.contiva-berufsperspektiven.ch\/wp-content\/uploads\/2023\/11\/21_Gaeste-711x400.jpg 711w, https:\/\/www.contiva-berufsperspektiven.ch\/wp-content\/uploads\/2023\/11\/21_Gaeste-300x169.jpg 300w, https:\/\/www.contiva-berufsperspektiven.ch\/wp-content\/uploads\/2023\/11\/21_Gaeste-840x473.jpg 840w, https:\/\/www.contiva-berufsperspektiven.ch\/wp-content\/uploads\/2023\/11\/21_Gaeste-498x280.jpg 498w, https:\/\/www.contiva-berufsperspektiven.ch\/wp-content\/uploads\/2023\/11\/21_Gaeste-356x200.jpg 356w, https:\/\/www.contiva-berufsperspektiven.ch\/wp-content\/uploads\/2023\/11\/21_Gaeste-213x120.jpg 213w\" sizes=\"auto, (max-width: 960px) 100vw, 960px\">\n          \n                  <\/figure>\n      <\/a>\n\n                \n      <a class=\"ee-gallery-item ee-gallery-item--image ee-gallery-item--single swiper-slide\" href=\"https:\/\/www.contiva-berufsperspektiven.ch\/wp-content\/uploads\/2023\/11\/22_Gaeste.jpg\" span><\/span>\" data-category=\"1\"                  data-lg-size=\"960-540\"\n\n      >\n        <figure class=\"ee-gallery-item-figure\">\n                        <img loading=\"lazy\" decoding=\"async\" class=\"breakdance-image-object\" src=\"https:\/\/www.contiva-berufsperspektiven.ch\/wp-content\/uploads\/2023\/11\/22_Gaeste.jpg\" width=\"960\" height=\"540\" srcset=\"https:\/\/www.contiva-berufsperspektiven.ch\/wp-content\/uploads\/2023\/11\/22_Gaeste.jpg 960w, https:\/\/www.contiva-berufsperspektiven.ch\/wp-content\/uploads\/2023\/11\/22_Gaeste-768x432.jpg 768w, https:\/\/www.contiva-berufsperspektiven.ch\/wp-content\/uploads\/2023\/11\/22_Gaeste-711x400.jpg 711w, https:\/\/www.contiva-berufsperspektiven.ch\/wp-content\/uploads\/2023\/11\/22_Gaeste-300x169.jpg 300w, https:\/\/www.contiva-berufsperspektiven.ch\/wp-content\/uploads\/2023\/11\/22_Gaeste-840x473.jpg 840w, https:\/\/www.contiva-berufsperspektiven.ch\/wp-content\/uploads\/2023\/11\/22_Gaeste-498x280.jpg 498w, https:\/\/www.contiva-berufsperspektiven.ch\/wp-content\/uploads\/2023\/11\/22_Gaeste-356x200.jpg 356w, https:\/\/www.contiva-berufsperspektiven.ch\/wp-content\/uploads\/2023\/11\/22_Gaeste-213x120.jpg 213w\" sizes=\"auto, (max-width: 960px) 100vw, 960px\">\n          \n                  <\/figure>\n      <\/a>\n\n                \n      <a class=\"ee-gallery-item ee-gallery-item--image ee-gallery-item--single swiper-slide\" href=\"https:\/\/www.contiva-berufsperspektiven.ch\/wp-content\/uploads\/2023\/11\/23_Apero_Buffet.jpg\" span><\/span>\" data-category=\"1\"                  data-lg-size=\"960-540\"\n\n      >\n        <figure class=\"ee-gallery-item-figure\">\n                        <img loading=\"lazy\" decoding=\"async\" class=\"breakdance-image-object\" src=\"https:\/\/www.contiva-berufsperspektiven.ch\/wp-content\/uploads\/2023\/11\/23_Apero_Buffet.jpg\" width=\"960\" height=\"540\" srcset=\"https:\/\/www.contiva-berufsperspektiven.ch\/wp-content\/uploads\/2023\/11\/23_Apero_Buffet.jpg 960w, https:\/\/www.contiva-berufsperspektiven.ch\/wp-content\/uploads\/2023\/11\/23_Apero_Buffet-768x432.jpg 768w, https:\/\/www.contiva-berufsperspektiven.ch\/wp-content\/uploads\/2023\/11\/23_Apero_Buffet-711x400.jpg 711w, https:\/\/www.contiva-berufsperspektiven.ch\/wp-content\/uploads\/2023\/11\/23_Apero_Buffet-300x169.jpg 300w, https:\/\/www.contiva-berufsperspektiven.ch\/wp-content\/uploads\/2023\/11\/23_Apero_Buffet-840x473.jpg 840w, https:\/\/www.contiva-berufsperspektiven.ch\/wp-content\/uploads\/2023\/11\/23_Apero_Buffet-498x280.jpg 498w, https:\/\/www.contiva-berufsperspektiven.ch\/wp-content\/uploads\/2023\/11\/23_Apero_Buffet-356x200.jpg 356w, https:\/\/www.contiva-berufsperspektiven.ch\/wp-content\/uploads\/2023\/11\/23_Apero_Buffet-213x120.jpg 213w\" sizes=\"auto, (max-width: 960px) 100vw, 960px\">\n          \n                  <\/figure>\n      <\/a>\n\n                \n      <a class=\"ee-gallery-item ee-gallery-item--image ee-gallery-item--single swiper-slide\" href=\"https:\/\/www.contiva-berufsperspektiven.ch\/wp-content\/uploads\/2023\/11\/24_Apero.jpg\" span><\/span>\" data-category=\"1\"                  data-lg-size=\"960-540\"\n\n      >\n        <figure class=\"ee-gallery-item-figure\">\n                        <img loading=\"lazy\" decoding=\"async\" class=\"breakdance-image-object\" src=\"https:\/\/www.contiva-berufsperspektiven.ch\/wp-content\/uploads\/2023\/11\/24_Apero.jpg\" width=\"960\" height=\"540\" srcset=\"https:\/\/www.contiva-berufsperspektiven.ch\/wp-content\/uploads\/2023\/11\/24_Apero.jpg 960w, https:\/\/www.contiva-berufsperspektiven.ch\/wp-content\/uploads\/2023\/11\/24_Apero-768x432.jpg 768w, https:\/\/www.contiva-berufsperspektiven.ch\/wp-content\/uploads\/2023\/11\/24_Apero-711x400.jpg 711w, https:\/\/www.contiva-berufsperspektiven.ch\/wp-content\/uploads\/2023\/11\/24_Apero-300x169.jpg 300w, https:\/\/www.contiva-berufsperspektiven.ch\/wp-content\/uploads\/2023\/11\/24_Apero-840x473.jpg 840w, https:\/\/www.contiva-berufsperspektiven.ch\/wp-content\/uploads\/2023\/11\/24_Apero-498x280.jpg 498w, https:\/\/www.contiva-berufsperspektiven.ch\/wp-content\/uploads\/2023\/11\/24_Apero-356x200.jpg 356w, https:\/\/www.contiva-berufsperspektiven.ch\/wp-content\/uploads\/2023\/11\/24_Apero-213x120.jpg 213w\" sizes=\"auto, (max-width: 960px) 100vw, 960px\">\n          \n                  <\/figure>\n      <\/a>\n\n                \n      <a class=\"ee-gallery-item ee-gallery-item--image ee-gallery-item--single swiper-slide\" href=\"https:\/\/www.contiva-berufsperspektiven.ch\/wp-content\/uploads\/2023\/11\/25_Apero.jpg\" span><\/span>\" data-category=\"1\"                  data-lg-size=\"960-540\"\n\n      >\n        <figure class=\"ee-gallery-item-figure\">\n                        <img loading=\"lazy\" decoding=\"async\" class=\"breakdance-image-object\" src=\"https:\/\/www.contiva-berufsperspektiven.ch\/wp-content\/uploads\/2023\/11\/25_Apero.jpg\" width=\"960\" height=\"540\" srcset=\"https:\/\/www.contiva-berufsperspektiven.ch\/wp-content\/uploads\/2023\/11\/25_Apero.jpg 960w, https:\/\/www.contiva-berufsperspektiven.ch\/wp-content\/uploads\/2023\/11\/25_Apero-768x432.jpg 768w, https:\/\/www.contiva-berufsperspektiven.ch\/wp-content\/uploads\/2023\/11\/25_Apero-711x400.jpg 711w, https:\/\/www.contiva-berufsperspektiven.ch\/wp-content\/uploads\/2023\/11\/25_Apero-300x169.jpg 300w, https:\/\/www.contiva-berufsperspektiven.ch\/wp-content\/uploads\/2023\/11\/25_Apero-840x473.jpg 840w, https:\/\/www.contiva-berufsperspektiven.ch\/wp-content\/uploads\/2023\/11\/25_Apero-498x280.jpg 498w, https:\/\/www.contiva-berufsperspektiven.ch\/wp-content\/uploads\/2023\/11\/25_Apero-356x200.jpg 356w, https:\/\/www.contiva-berufsperspektiven.ch\/wp-content\/uploads\/2023\/11\/25_Apero-213x120.jpg 213w\" sizes=\"auto, (max-width: 960px) 100vw, 960px\">\n          \n                  <\/figure>\n      <\/a>\n\n                \n      <a class=\"ee-gallery-item ee-gallery-item--image ee-gallery-item--single swiper-slide\" href=\"https:\/\/www.contiva-berufsperspektiven.ch\/wp-content\/uploads\/2023\/11\/26_Apero.jpg\" span><\/span>\" data-category=\"1\"                  data-lg-size=\"960-540\"\n\n      >\n        <figure class=\"ee-gallery-item-figure\">\n                        <img loading=\"lazy\" decoding=\"async\" class=\"breakdance-image-object\" src=\"https:\/\/www.contiva-berufsperspektiven.ch\/wp-content\/uploads\/2023\/11\/26_Apero.jpg\" width=\"960\" height=\"540\" srcset=\"https:\/\/www.contiva-berufsperspektiven.ch\/wp-content\/uploads\/2023\/11\/26_Apero.jpg 960w, https:\/\/www.contiva-berufsperspektiven.ch\/wp-content\/uploads\/2023\/11\/26_Apero-768x432.jpg 768w, https:\/\/www.contiva-berufsperspektiven.ch\/wp-content\/uploads\/2023\/11\/26_Apero-711x400.jpg 711w, https:\/\/www.contiva-berufsperspektiven.ch\/wp-content\/uploads\/2023\/11\/26_Apero-300x169.jpg 300w, https:\/\/www.contiva-berufsperspektiven.ch\/wp-content\/uploads\/2023\/11\/26_Apero-840x473.jpg 840w, https:\/\/www.contiva-berufsperspektiven.ch\/wp-content\/uploads\/2023\/11\/26_Apero-498x280.jpg 498w, https:\/\/www.contiva-berufsperspektiven.ch\/wp-content\/uploads\/2023\/11\/26_Apero-356x200.jpg 356w, https:\/\/www.contiva-berufsperspektiven.ch\/wp-content\/uploads\/2023\/11\/26_Apero-213x120.jpg 213w\" sizes=\"auto, (max-width: 960px) 100vw, 960px\">\n          \n                  <\/figure>\n      <\/a>\n\n                \n      <a class=\"ee-gallery-item ee-gallery-item--image ee-gallery-item--single swiper-slide\" href=\"https:\/\/www.contiva-berufsperspektiven.ch\/wp-content\/uploads\/2023\/11\/28_Apero_Gaeste.jpg\" span><\/span>\" data-category=\"1\"                  data-lg-size=\"960-540\"\n\n      >\n        <figure class=\"ee-gallery-item-figure\">\n                        <img loading=\"lazy\" decoding=\"async\" class=\"breakdance-image-object\" src=\"https:\/\/www.contiva-berufsperspektiven.ch\/wp-content\/uploads\/2023\/11\/28_Apero_Gaeste.jpg\" width=\"960\" height=\"540\" srcset=\"https:\/\/www.contiva-berufsperspektiven.ch\/wp-content\/uploads\/2023\/11\/28_Apero_Gaeste.jpg 960w, https:\/\/www.contiva-berufsperspektiven.ch\/wp-content\/uploads\/2023\/11\/28_Apero_Gaeste-768x432.jpg 768w, https:\/\/www.contiva-berufsperspektiven.ch\/wp-content\/uploads\/2023\/11\/28_Apero_Gaeste-711x400.jpg 711w, https:\/\/www.contiva-berufsperspektiven.ch\/wp-content\/uploads\/2023\/11\/28_Apero_Gaeste-300x169.jpg 300w, https:\/\/www.contiva-berufsperspektiven.ch\/wp-content\/uploads\/2023\/11\/28_Apero_Gaeste-840x473.jpg 840w, https:\/\/www.contiva-berufsperspektiven.ch\/wp-content\/uploads\/2023\/11\/28_Apero_Gaeste-498x280.jpg 498w, https:\/\/www.contiva-berufsperspektiven.ch\/wp-content\/uploads\/2023\/11\/28_Apero_Gaeste-356x200.jpg 356w, https:\/\/www.contiva-berufsperspektiven.ch\/wp-content\/uploads\/2023\/11\/28_Apero_Gaeste-213x120.jpg 213w\" sizes=\"auto, (max-width: 960px) 100vw, 960px\">\n          \n                  <\/figure>\n      <\/a>\n\n                \n      <a class=\"ee-gallery-item ee-gallery-item--image ee-gallery-item--single swiper-slide\" href=\"https:\/\/www.contiva-berufsperspektiven.ch\/wp-content\/uploads\/2023\/11\/29_Sabina_Vivi.jpg\" span><\/span>\" data-category=\"1\"                  data-lg-size=\"960-540\"\n\n      >\n        <figure class=\"ee-gallery-item-figure\">\n                        <img loading=\"lazy\" decoding=\"async\" class=\"breakdance-image-object\" src=\"https:\/\/www.contiva-berufsperspektiven.ch\/wp-content\/uploads\/2023\/11\/29_Sabina_Vivi.jpg\" width=\"960\" height=\"540\" srcset=\"https:\/\/www.contiva-berufsperspektiven.ch\/wp-content\/uploads\/2023\/11\/29_Sabina_Vivi.jpg 960w, https:\/\/www.contiva-berufsperspektiven.ch\/wp-content\/uploads\/2023\/11\/29_Sabina_Vivi-768x432.jpg 768w, https:\/\/www.contiva-berufsperspektiven.ch\/wp-content\/uploads\/2023\/11\/29_Sabina_Vivi-711x400.jpg 711w, https:\/\/www.contiva-berufsperspektiven.ch\/wp-content\/uploads\/2023\/11\/29_Sabina_Vivi-300x169.jpg 300w, https:\/\/www.contiva-berufsperspektiven.ch\/wp-content\/uploads\/2023\/11\/29_Sabina_Vivi-840x473.jpg 840w, https:\/\/www.contiva-berufsperspektiven.ch\/wp-content\/uploads\/2023\/11\/29_Sabina_Vivi-498x280.jpg 498w, https:\/\/www.contiva-berufsperspektiven.ch\/wp-content\/uploads\/2023\/11\/29_Sabina_Vivi-356x200.jpg 356w, https:\/\/www.contiva-berufsperspektiven.ch\/wp-content\/uploads\/2023\/11\/29_Sabina_Vivi-213x120.jpg 213w\" sizes=\"auto, (max-width: 960px) 100vw, 960px\">\n          \n                  <\/figure>\n      <\/a>\n\n                \n      <a class=\"ee-gallery-item ee-gallery-item--image ee-gallery-item--single swiper-slide\" href=\"https:\/\/www.contiva-berufsperspektiven.ch\/wp-content\/uploads\/2023\/11\/30_Michael_Andreas.jpg\" span><\/span>\" data-category=\"1\"                  data-lg-size=\"960-540\"\n\n      >\n        <figure class=\"ee-gallery-item-figure\">\n                        <img loading=\"lazy\" decoding=\"async\" class=\"breakdance-image-object\" src=\"https:\/\/www.contiva-berufsperspektiven.ch\/wp-content\/uploads\/2023\/11\/30_Michael_Andreas.jpg\" width=\"960\" height=\"540\" srcset=\"https:\/\/www.contiva-berufsperspektiven.ch\/wp-content\/uploads\/2023\/11\/30_Michael_Andreas.jpg 960w, https:\/\/www.contiva-berufsperspektiven.ch\/wp-content\/uploads\/2023\/11\/30_Michael_Andreas-768x432.jpg 768w, https:\/\/www.contiva-berufsperspektiven.ch\/wp-content\/uploads\/2023\/11\/30_Michael_Andreas-711x400.jpg 711w, https:\/\/www.contiva-berufsperspektiven.ch\/wp-content\/uploads\/2023\/11\/30_Michael_Andreas-300x169.jpg 300w, https:\/\/www.contiva-berufsperspektiven.ch\/wp-content\/uploads\/2023\/11\/30_Michael_Andreas-840x473.jpg 840w, https:\/\/www.contiva-berufsperspektiven.ch\/wp-content\/uploads\/2023\/11\/30_Michael_Andreas-498x280.jpg 498w, https:\/\/www.contiva-berufsperspektiven.ch\/wp-content\/uploads\/2023\/11\/30_Michael_Andreas-356x200.jpg 356w, https:\/\/www.contiva-berufsperspektiven.ch\/wp-content\/uploads\/2023\/11\/30_Michael_Andreas-213x120.jpg 213w\" sizes=\"auto, (max-width: 960px) 100vw, 960px\">\n          \n                  <\/figure>\n      <\/a>\n\n                \n      <a class=\"ee-gallery-item ee-gallery-item--image ee-gallery-item--single swiper-slide\" href=\"https:\/\/www.contiva-berufsperspektiven.ch\/wp-content\/uploads\/2023\/11\/31_Janos_Apero.jpg\" span><\/span>\" data-category=\"1\"                  data-lg-size=\"960-540\"\n\n      >\n        <figure class=\"ee-gallery-item-figure\">\n                        <img loading=\"lazy\" decoding=\"async\" class=\"breakdance-image-object\" src=\"https:\/\/www.contiva-berufsperspektiven.ch\/wp-content\/uploads\/2023\/11\/31_Janos_Apero.jpg\" width=\"960\" height=\"540\" srcset=\"https:\/\/www.contiva-berufsperspektiven.ch\/wp-content\/uploads\/2023\/11\/31_Janos_Apero.jpg 960w, https:\/\/www.contiva-berufsperspektiven.ch\/wp-content\/uploads\/2023\/11\/31_Janos_Apero-768x432.jpg 768w, https:\/\/www.contiva-berufsperspektiven.ch\/wp-content\/uploads\/2023\/11\/31_Janos_Apero-711x400.jpg 711w, https:\/\/www.contiva-berufsperspektiven.ch\/wp-content\/uploads\/2023\/11\/31_Janos_Apero-300x169.jpg 300w, https:\/\/www.contiva-berufsperspektiven.ch\/wp-content\/uploads\/2023\/11\/31_Janos_Apero-840x473.jpg 840w, https:\/\/www.contiva-berufsperspektiven.ch\/wp-content\/uploads\/2023\/11\/31_Janos_Apero-498x280.jpg 498w, https:\/\/www.contiva-berufsperspektiven.ch\/wp-content\/uploads\/2023\/11\/31_Janos_Apero-356x200.jpg 356w, https:\/\/www.contiva-berufsperspektiven.ch\/wp-content\/uploads\/2023\/11\/31_Janos_Apero-213x120.jpg 213w\" sizes=\"auto, (max-width: 960px) 100vw, 960px\">\n          \n                  <\/figure>\n      <\/a>\n\n                \n      <a class=\"ee-gallery-item ee-gallery-item--image ee-gallery-item--single swiper-slide\" href=\"https:\/\/www.contiva-berufsperspektiven.ch\/wp-content\/uploads\/2023\/11\/32_Apero_Gaeste.jpg\" span><\/span>\" data-category=\"1\"                  data-lg-size=\"960-540\"\n\n      >\n        <figure class=\"ee-gallery-item-figure\">\n                        <img loading=\"lazy\" decoding=\"async\" class=\"breakdance-image-object\" src=\"https:\/\/www.contiva-berufsperspektiven.ch\/wp-content\/uploads\/2023\/11\/32_Apero_Gaeste.jpg\" width=\"960\" height=\"540\" srcset=\"https:\/\/www.contiva-berufsperspektiven.ch\/wp-content\/uploads\/2023\/11\/32_Apero_Gaeste.jpg 960w, https:\/\/www.contiva-berufsperspektiven.ch\/wp-content\/uploads\/2023\/11\/32_Apero_Gaeste-768x432.jpg 768w, https:\/\/www.contiva-berufsperspektiven.ch\/wp-content\/uploads\/2023\/11\/32_Apero_Gaeste-711x400.jpg 711w, https:\/\/www.contiva-berufsperspektiven.ch\/wp-content\/uploads\/2023\/11\/32_Apero_Gaeste-300x169.jpg 300w, https:\/\/www.contiva-berufsperspektiven.ch\/wp-content\/uploads\/2023\/11\/32_Apero_Gaeste-840x473.jpg 840w, https:\/\/www.contiva-berufsperspektiven.ch\/wp-content\/uploads\/2023\/11\/32_Apero_Gaeste-498x280.jpg 498w, https:\/\/www.contiva-berufsperspektiven.ch\/wp-content\/uploads\/2023\/11\/32_Apero_Gaeste-356x200.jpg 356w, https:\/\/www.contiva-berufsperspektiven.ch\/wp-content\/uploads\/2023\/11\/32_Apero_Gaeste-213x120.jpg 213w\" sizes=\"auto, (max-width: 960px) 100vw, 960px\">\n          \n                  <\/figure>\n      <\/a>\n\n                \n      <a class=\"ee-gallery-item ee-gallery-item--image ee-gallery-item--single swiper-slide\" href=\"https:\/\/www.contiva-berufsperspektiven.ch\/wp-content\/uploads\/2023\/11\/33_Apero_Philippe_Roland_Markus.jpg\" span><\/span>\" data-category=\"1\"                  data-lg-size=\"960-540\"\n\n      >\n        <figure class=\"ee-gallery-item-figure\">\n                        <img loading=\"lazy\" decoding=\"async\" class=\"breakdance-image-object\" src=\"https:\/\/www.contiva-berufsperspektiven.ch\/wp-content\/uploads\/2023\/11\/33_Apero_Philippe_Roland_Markus.jpg\" width=\"960\" height=\"540\" srcset=\"https:\/\/www.contiva-berufsperspektiven.ch\/wp-content\/uploads\/2023\/11\/33_Apero_Philippe_Roland_Markus.jpg 960w, https:\/\/www.contiva-berufsperspektiven.ch\/wp-content\/uploads\/2023\/11\/33_Apero_Philippe_Roland_Markus-768x432.jpg 768w, https:\/\/www.contiva-berufsperspektiven.ch\/wp-content\/uploads\/2023\/11\/33_Apero_Philippe_Roland_Markus-711x400.jpg 711w, https:\/\/www.contiva-berufsperspektiven.ch\/wp-content\/uploads\/2023\/11\/33_Apero_Philippe_Roland_Markus-300x169.jpg 300w, https:\/\/www.contiva-berufsperspektiven.ch\/wp-content\/uploads\/2023\/11\/33_Apero_Philippe_Roland_Markus-840x473.jpg 840w, https:\/\/www.contiva-berufsperspektiven.ch\/wp-content\/uploads\/2023\/11\/33_Apero_Philippe_Roland_Markus-498x280.jpg 498w, https:\/\/www.contiva-berufsperspektiven.ch\/wp-content\/uploads\/2023\/11\/33_Apero_Philippe_Roland_Markus-356x200.jpg 356w, https:\/\/www.contiva-berufsperspektiven.ch\/wp-content\/uploads\/2023\/11\/33_Apero_Philippe_Roland_Markus-213x120.jpg 213w\" sizes=\"auto, (max-width: 960px) 100vw, 960px\">\n          \n                  <\/figure>\n      <\/a>\n\n                \n      <a class=\"ee-gallery-item ee-gallery-item--image ee-gallery-item--single swiper-slide\" href=\"https:\/\/www.contiva-berufsperspektiven.ch\/wp-content\/uploads\/2023\/11\/34_Daniela_Nicole.jpg\" span><\/span>\" data-category=\"1\"                  data-lg-size=\"960-540\"\n\n      >\n        <figure class=\"ee-gallery-item-figure\">\n                        <img loading=\"lazy\" decoding=\"async\" class=\"breakdance-image-object\" src=\"https:\/\/www.contiva-berufsperspektiven.ch\/wp-content\/uploads\/2023\/11\/34_Daniela_Nicole.jpg\" width=\"960\" height=\"540\" srcset=\"https:\/\/www.contiva-berufsperspektiven.ch\/wp-content\/uploads\/2023\/11\/34_Daniela_Nicole.jpg 960w, https:\/\/www.contiva-berufsperspektiven.ch\/wp-content\/uploads\/2023\/11\/34_Daniela_Nicole-768x432.jpg 768w, https:\/\/www.contiva-berufsperspektiven.ch\/wp-content\/uploads\/2023\/11\/34_Daniela_Nicole-711x400.jpg 711w, https:\/\/www.contiva-berufsperspektiven.ch\/wp-content\/uploads\/2023\/11\/34_Daniela_Nicole-300x169.jpg 300w, https:\/\/www.contiva-berufsperspektiven.ch\/wp-content\/uploads\/2023\/11\/34_Daniela_Nicole-840x473.jpg 840w, https:\/\/www.contiva-berufsperspektiven.ch\/wp-content\/uploads\/2023\/11\/34_Daniela_Nicole-498x280.jpg 498w, https:\/\/www.contiva-berufsperspektiven.ch\/wp-content\/uploads\/2023\/11\/34_Daniela_Nicole-356x200.jpg 356w, https:\/\/www.contiva-berufsperspektiven.ch\/wp-content\/uploads\/2023\/11\/34_Daniela_Nicole-213x120.jpg 213w\" sizes=\"auto, (max-width: 960px) 100vw, 960px\">\n          \n                  <\/figure>\n      <\/a>\n\n                \n      <a class=\"ee-gallery-item ee-gallery-item--image ee-gallery-item--single swiper-slide\" href=\"https:\/\/www.contiva-berufsperspektiven.ch\/wp-content\/uploads\/2023\/11\/35_Esther_Peter_Michael.jpg\" span><\/span>\" data-category=\"1\"                  data-lg-size=\"960-540\"\n\n      >\n        <figure class=\"ee-gallery-item-figure\">\n                        <img loading=\"lazy\" decoding=\"async\" class=\"breakdance-image-object\" src=\"https:\/\/www.contiva-berufsperspektiven.ch\/wp-content\/uploads\/2023\/11\/35_Esther_Peter_Michael.jpg\" width=\"960\" height=\"540\" srcset=\"https:\/\/www.contiva-berufsperspektiven.ch\/wp-content\/uploads\/2023\/11\/35_Esther_Peter_Michael.jpg 960w, https:\/\/www.contiva-berufsperspektiven.ch\/wp-content\/uploads\/2023\/11\/35_Esther_Peter_Michael-768x432.jpg 768w, https:\/\/www.contiva-berufsperspektiven.ch\/wp-content\/uploads\/2023\/11\/35_Esther_Peter_Michael-711x400.jpg 711w, https:\/\/www.contiva-berufsperspektiven.ch\/wp-content\/uploads\/2023\/11\/35_Esther_Peter_Michael-300x169.jpg 300w, https:\/\/www.contiva-berufsperspektiven.ch\/wp-content\/uploads\/2023\/11\/35_Esther_Peter_Michael-840x473.jpg 840w, https:\/\/www.contiva-berufsperspektiven.ch\/wp-content\/uploads\/2023\/11\/35_Esther_Peter_Michael-498x280.jpg 498w, https:\/\/www.contiva-berufsperspektiven.ch\/wp-content\/uploads\/2023\/11\/35_Esther_Peter_Michael-356x200.jpg 356w, https:\/\/www.contiva-berufsperspektiven.ch\/wp-content\/uploads\/2023\/11\/35_Esther_Peter_Michael-213x120.jpg 213w\" sizes=\"auto, (max-width: 960px) 100vw, 960px\">\n          \n                  <\/figure>\n      <\/a>\n\n                \n      <a class=\"ee-gallery-item ee-gallery-item--image ee-gallery-item--single swiper-slide\" href=\"https:\/\/www.contiva-berufsperspektiven.ch\/wp-content\/uploads\/2023\/11\/36_Elisabeth_Tanja.jpg\" span><\/span>\" data-category=\"1\"                  data-lg-size=\"960-540\"\n\n      >\n        <figure class=\"ee-gallery-item-figure\">\n                        <img loading=\"lazy\" decoding=\"async\" class=\"breakdance-image-object\" src=\"https:\/\/www.contiva-berufsperspektiven.ch\/wp-content\/uploads\/2023\/11\/36_Elisabeth_Tanja.jpg\" width=\"960\" height=\"540\" srcset=\"https:\/\/www.contiva-berufsperspektiven.ch\/wp-content\/uploads\/2023\/11\/36_Elisabeth_Tanja.jpg 960w, https:\/\/www.contiva-berufsperspektiven.ch\/wp-content\/uploads\/2023\/11\/36_Elisabeth_Tanja-768x432.jpg 768w, https:\/\/www.contiva-berufsperspektiven.ch\/wp-content\/uploads\/2023\/11\/36_Elisabeth_Tanja-711x400.jpg 711w, https:\/\/www.contiva-berufsperspektiven.ch\/wp-content\/uploads\/2023\/11\/36_Elisabeth_Tanja-300x169.jpg 300w, https:\/\/www.contiva-berufsperspektiven.ch\/wp-content\/uploads\/2023\/11\/36_Elisabeth_Tanja-840x473.jpg 840w, https:\/\/www.contiva-berufsperspektiven.ch\/wp-content\/uploads\/2023\/11\/36_Elisabeth_Tanja-498x280.jpg 498w, https:\/\/www.contiva-berufsperspektiven.ch\/wp-content\/uploads\/2023\/11\/36_Elisabeth_Tanja-356x200.jpg 356w, https:\/\/www.contiva-berufsperspektiven.ch\/wp-content\/uploads\/2023\/11\/36_Elisabeth_Tanja-213x120.jpg 213w\" sizes=\"auto, (max-width: 960px) 100vw, 960px\">\n          \n                  <\/figure>\n      <\/a>\n\n                \n      <a class=\"ee-gallery-item ee-gallery-item--image ee-gallery-item--single swiper-slide\" href=\"https:\/\/www.contiva-berufsperspektiven.ch\/wp-content\/uploads\/2023\/11\/37_Catherine_Gast.jpg\" span><\/span>\" data-category=\"1\"                  data-lg-size=\"960-540\"\n\n      >\n        <figure class=\"ee-gallery-item-figure\">\n                        <img loading=\"lazy\" decoding=\"async\" class=\"breakdance-image-object\" src=\"https:\/\/www.contiva-berufsperspektiven.ch\/wp-content\/uploads\/2023\/11\/37_Catherine_Gast.jpg\" width=\"960\" height=\"540\" srcset=\"https:\/\/www.contiva-berufsperspektiven.ch\/wp-content\/uploads\/2023\/11\/37_Catherine_Gast.jpg 960w, https:\/\/www.contiva-berufsperspektiven.ch\/wp-content\/uploads\/2023\/11\/37_Catherine_Gast-768x432.jpg 768w, https:\/\/www.contiva-berufsperspektiven.ch\/wp-content\/uploads\/2023\/11\/37_Catherine_Gast-711x400.jpg 711w, https:\/\/www.contiva-berufsperspektiven.ch\/wp-content\/uploads\/2023\/11\/37_Catherine_Gast-300x169.jpg 300w, https:\/\/www.contiva-berufsperspektiven.ch\/wp-content\/uploads\/2023\/11\/37_Catherine_Gast-840x473.jpg 840w, https:\/\/www.contiva-berufsperspektiven.ch\/wp-content\/uploads\/2023\/11\/37_Catherine_Gast-498x280.jpg 498w, https:\/\/www.contiva-berufsperspektiven.ch\/wp-content\/uploads\/2023\/11\/37_Catherine_Gast-356x200.jpg 356w, https:\/\/www.contiva-berufsperspektiven.ch\/wp-content\/uploads\/2023\/11\/37_Catherine_Gast-213x120.jpg 213w\" sizes=\"auto, (max-width: 960px) 100vw, 960px\">\n          \n                  <\/figure>\n      <\/a>\n\n                \n      <a class=\"ee-gallery-item ee-gallery-item--image ee-gallery-item--single swiper-slide\" href=\"https:\/\/www.contiva-berufsperspektiven.ch\/wp-content\/uploads\/2023\/11\/38_Ina_Gast.jpg\" span><\/span>\" data-category=\"1\"                  data-lg-size=\"960-540\"\n\n      >\n        <figure class=\"ee-gallery-item-figure\">\n                        <img loading=\"lazy\" decoding=\"async\" class=\"breakdance-image-object\" src=\"https:\/\/www.contiva-berufsperspektiven.ch\/wp-content\/uploads\/2023\/11\/38_Ina_Gast.jpg\" width=\"960\" height=\"540\" srcset=\"https:\/\/www.contiva-berufsperspektiven.ch\/wp-content\/uploads\/2023\/11\/38_Ina_Gast.jpg 960w, https:\/\/www.contiva-berufsperspektiven.ch\/wp-content\/uploads\/2023\/11\/38_Ina_Gast-768x432.jpg 768w, https:\/\/www.contiva-berufsperspektiven.ch\/wp-content\/uploads\/2023\/11\/38_Ina_Gast-711x400.jpg 711w, https:\/\/www.contiva-berufsperspektiven.ch\/wp-content\/uploads\/2023\/11\/38_Ina_Gast-300x169.jpg 300w, https:\/\/www.contiva-berufsperspektiven.ch\/wp-content\/uploads\/2023\/11\/38_Ina_Gast-840x473.jpg 840w, https:\/\/www.contiva-berufsperspektiven.ch\/wp-content\/uploads\/2023\/11\/38_Ina_Gast-498x280.jpg 498w, https:\/\/www.contiva-berufsperspektiven.ch\/wp-content\/uploads\/2023\/11\/38_Ina_Gast-356x200.jpg 356w, https:\/\/www.contiva-berufsperspektiven.ch\/wp-content\/uploads\/2023\/11\/38_Ina_Gast-213x120.jpg 213w\" sizes=\"auto, (max-width: 960px) 100vw, 960px\">\n          \n                  <\/figure>\n      <\/a>\n\n                \n      <a class=\"ee-gallery-item ee-gallery-item--image ee-gallery-item--single swiper-slide\" href=\"https:\/\/www.contiva-berufsperspektiven.ch\/wp-content\/uploads\/2023\/11\/39_Tho_Natalie_Ina_Doris.jpg\" span><\/span>\" data-category=\"1\"                  data-lg-size=\"960-540\"\n\n      >\n        <figure class=\"ee-gallery-item-figure\">\n                        <img loading=\"lazy\" decoding=\"async\" class=\"breakdance-image-object\" src=\"https:\/\/www.contiva-berufsperspektiven.ch\/wp-content\/uploads\/2023\/11\/39_Tho_Natalie_Ina_Doris.jpg\" width=\"960\" height=\"540\" srcset=\"https:\/\/www.contiva-berufsperspektiven.ch\/wp-content\/uploads\/2023\/11\/39_Tho_Natalie_Ina_Doris.jpg 960w, https:\/\/www.contiva-berufsperspektiven.ch\/wp-content\/uploads\/2023\/11\/39_Tho_Natalie_Ina_Doris-768x432.jpg 768w, https:\/\/www.contiva-berufsperspektiven.ch\/wp-content\/uploads\/2023\/11\/39_Tho_Natalie_Ina_Doris-711x400.jpg 711w, https:\/\/www.contiva-berufsperspektiven.ch\/wp-content\/uploads\/2023\/11\/39_Tho_Natalie_Ina_Doris-300x169.jpg 300w, https:\/\/www.contiva-berufsperspektiven.ch\/wp-content\/uploads\/2023\/11\/39_Tho_Natalie_Ina_Doris-840x473.jpg 840w, https:\/\/www.contiva-berufsperspektiven.ch\/wp-content\/uploads\/2023\/11\/39_Tho_Natalie_Ina_Doris-498x280.jpg 498w, https:\/\/www.contiva-berufsperspektiven.ch\/wp-content\/uploads\/2023\/11\/39_Tho_Natalie_Ina_Doris-356x200.jpg 356w, https:\/\/www.contiva-berufsperspektiven.ch\/wp-content\/uploads\/2023\/11\/39_Tho_Natalie_Ina_Doris-213x120.jpg 213w\" sizes=\"auto, (max-width: 960px) 100vw, 960px\">\n          \n                  <\/figure>\n      <\/a>\n\n                \n      <a class=\"ee-gallery-item ee-gallery-item--image ee-gallery-item--single swiper-slide\" href=\"https:\/\/www.contiva-berufsperspektiven.ch\/wp-content\/uploads\/2023\/11\/40_Andreas_Michael_Tho.jpg\" span><\/span>\" data-category=\"1\"                  data-lg-size=\"960-540\"\n\n      >\n        <figure class=\"ee-gallery-item-figure\">\n                        <img loading=\"lazy\" decoding=\"async\" class=\"breakdance-image-object\" src=\"https:\/\/www.contiva-berufsperspektiven.ch\/wp-content\/uploads\/2023\/11\/40_Andreas_Michael_Tho.jpg\" width=\"960\" height=\"540\" srcset=\"https:\/\/www.contiva-berufsperspektiven.ch\/wp-content\/uploads\/2023\/11\/40_Andreas_Michael_Tho.jpg 960w, https:\/\/www.contiva-berufsperspektiven.ch\/wp-content\/uploads\/2023\/11\/40_Andreas_Michael_Tho-768x432.jpg 768w, https:\/\/www.contiva-berufsperspektiven.ch\/wp-content\/uploads\/2023\/11\/40_Andreas_Michael_Tho-711x400.jpg 711w, https:\/\/www.contiva-berufsperspektiven.ch\/wp-content\/uploads\/2023\/11\/40_Andreas_Michael_Tho-300x169.jpg 300w, https:\/\/www.contiva-berufsperspektiven.ch\/wp-content\/uploads\/2023\/11\/40_Andreas_Michael_Tho-840x473.jpg 840w, https:\/\/www.contiva-berufsperspektiven.ch\/wp-content\/uploads\/2023\/11\/40_Andreas_Michael_Tho-498x280.jpg 498w, https:\/\/www.contiva-berufsperspektiven.ch\/wp-content\/uploads\/2023\/11\/40_Andreas_Michael_Tho-356x200.jpg 356w, https:\/\/www.contiva-berufsperspektiven.ch\/wp-content\/uploads\/2023\/11\/40_Andreas_Michael_Tho-213x120.jpg 213w\" sizes=\"auto, (max-width: 960px) 100vw, 960px\">\n          \n                  <\/figure>\n      <\/a>\n\n                \n      <a class=\"ee-gallery-item ee-gallery-item--image ee-gallery-item--single swiper-slide\" href=\"https:\/\/www.contiva-berufsperspektiven.ch\/wp-content\/uploads\/2023\/11\/41_Apero_Gaeste.jpg\" span><\/span>\" data-category=\"1\"                  data-lg-size=\"960-540\"\n\n      >\n        <figure class=\"ee-gallery-item-figure\">\n                        <img loading=\"lazy\" decoding=\"async\" class=\"breakdance-image-object\" src=\"https:\/\/www.contiva-berufsperspektiven.ch\/wp-content\/uploads\/2023\/11\/41_Apero_Gaeste.jpg\" width=\"960\" height=\"540\" srcset=\"https:\/\/www.contiva-berufsperspektiven.ch\/wp-content\/uploads\/2023\/11\/41_Apero_Gaeste.jpg 960w, https:\/\/www.contiva-berufsperspektiven.ch\/wp-content\/uploads\/2023\/11\/41_Apero_Gaeste-768x432.jpg 768w, https:\/\/www.contiva-berufsperspektiven.ch\/wp-content\/uploads\/2023\/11\/41_Apero_Gaeste-711x400.jpg 711w, https:\/\/www.contiva-berufsperspektiven.ch\/wp-content\/uploads\/2023\/11\/41_Apero_Gaeste-300x169.jpg 300w, https:\/\/www.contiva-berufsperspektiven.ch\/wp-content\/uploads\/2023\/11\/41_Apero_Gaeste-840x473.jpg 840w, https:\/\/www.contiva-berufsperspektiven.ch\/wp-content\/uploads\/2023\/11\/41_Apero_Gaeste-498x280.jpg 498w, https:\/\/www.contiva-berufsperspektiven.ch\/wp-content\/uploads\/2023\/11\/41_Apero_Gaeste-356x200.jpg 356w, https:\/\/www.contiva-berufsperspektiven.ch\/wp-content\/uploads\/2023\/11\/41_Apero_Gaeste-213x120.jpg 213w\" sizes=\"auto, (max-width: 960px) 100vw, 960px\">\n          \n                  <\/figure>\n      <\/a>\n\n      \n  <\/div>\n\n    <\/div>\n                <div class=\"swiper-button-prev\">\n            \n        <\/div>\n        <div class=\"swiper-button-next\">\n            \n        <\/div>\n    \n            <div class=\"swiper-pagination\"><\/div>\n    \n  <\/div>\n\n\n<\/div><\/div>\n<\/section><section class=\"bde-section-1342-151 bde-section bde-preset-84a15dde-f849-469d-bf93-8fff4095fba1\">\n  \n  \n\t\n\n\n\n<div class=\"section-container\"><div class=\"bde-columns-1342-152 bde-columns\"><div class=\"bde-column-1342-153 bde-column\">\n  \n  \n\t\n\n\n\n<h2 class=\"bde-heading-1342-157 bde-heading\">\nGen Z tikt e.g. like this\n<\/h2>\n<\/div><div class=\"bde-column-1342-155 bde-column\">\n  \n  \n\t\n\n\n\n<div class=\"bde-rich-text-1342-156 bde-rich-text breakdance-rich-text-styles\">\n<ul><li>Where does Gen Z see itself in 10 years?<\/li><li>What does a dream working day look like for you?<\/li><li>What does it offer the world of work?<\/li><\/ul>\n<\/div>\n<\/div><\/div><\/div>\n<\/section><section class=\"bde-section-1342-158 bde-section bde-preset-a757da71-4efb-4b7c-ac36-4af124f53d48\">\n  \n  \n\t\n\n\n\n<div class=\"section-container\"><div class=\"bde-video-1342-159 bde-video\">\n<div class=\"ee-video-container\">\n            \n                                                    \n                                <div class=\"ee-video ee-vimeo\">\n                    <iframe\n                            class=\"ee-video lozad\"\n                    title=\"\"\n                    data-src=\n                    \"https:\/\/player.vimeo.com\/video\/871759166?dnt=1&amp;app_id=122963&controls=1&playsinline=0                    \"\n                    width=\"100%\" height=\"100%\" frameborder=\"0\"\n                    allow=\"autoplay; fullscreen; picture-in-picture\" allowfullscreen>\n                    <\/iframe>\n                <\/div>\n                    \n            \n    <\/div>\n\n<\/div><\/div>\n<\/section><section class=\"bde-section-1342-160 bde-section bde-preset-a757da71-4efb-4b7c-ac36-4af124f53d48\">\n  \n  \n\t\n\n\n\n<div class=\"section-container\"><div class=\"bde-video-1342-161 bde-video\">\n<div class=\"ee-video-container\">\n            \n                                                    \n                                <div class=\"ee-video ee-vimeo\">\n                    <iframe\n                            class=\"ee-video lozad\"\n                    title=\"\"\n                    data-src=\n                    \"https:\/\/player.vimeo.com\/video\/878585453?dnt=1&amp;app_id=122963&controls=1&playsinline=0                    \"\n                    width=\"100%\" height=\"100%\" frameborder=\"0\"\n                    allow=\"autoplay; fullscreen; picture-in-picture\" allowfullscreen>\n                    <\/iframe>\n                <\/div>\n                    \n            \n    <\/div>\n\n<\/div><\/div>\n<\/section><section class=\"bde-section-1342-162 bde-section bde-preset-a757da71-4efb-4b7c-ac36-4af124f53d48\">\n  \n  \n\t\n\n\n\n<div class=\"section-container\"><div class=\"bde-video-1342-163 bde-video\">\n<div class=\"ee-video-container\">\n            \n                                                    \n                                <div class=\"ee-video ee-vimeo\">\n                    <iframe\n                            class=\"ee-video lozad\"\n                    title=\"\"\n                    data-src=\n                    \"https:\/\/player.vimeo.com\/video\/871759075?dnt=1&amp;app_id=122963&controls=1&playsinline=0                    \"\n                    width=\"100%\" height=\"100%\" frameborder=\"0\"\n                    allow=\"autoplay; fullscreen; picture-in-picture\" allowfullscreen>\n                    <\/iframe>\n                <\/div>\n                    \n            \n    <\/div>\n\n<\/div><\/div>\n<\/section><section class=\"bde-section-1342-164 bde-section bde-preset-a757da71-4efb-4b7c-ac36-4af124f53d48\">\n  \n  \n\t\n\n\n\n<div class=\"section-container\"><div class=\"bde-video-1342-165 bde-video\">\n<div class=\"ee-video-container\">\n            \n                                                    \n                                <div class=\"ee-video ee-vimeo\">\n                    <iframe\n                            class=\"ee-video lozad\"\n                    title=\"\"\n                    data-src=\n                    \"https:\/\/player.vimeo.com\/video\/856333596?dnt=1&amp;app_id=122963&controls=1&playsinline=0                    \"\n                    width=\"100%\" height=\"100%\" frameborder=\"0\"\n                    allow=\"autoplay; fullscreen; picture-in-picture\" allowfullscreen>\n                    <\/iframe>\n                <\/div>\n                    \n            \n    <\/div>\n\n<\/div><\/div>\n<\/section><section class=\"bde-section-1342-166 bde-section bde-preset-a757da71-4efb-4b7c-ac36-4af124f53d48\">\n  \n  \n\t\n\n\n\n<div class=\"section-container\"><div class=\"bde-video-1342-167 bde-video\">\n<div class=\"ee-video-container\">\n            \n                                                    \n                                <div class=\"ee-video ee-vimeo\">\n                    <iframe\n                            class=\"ee-video lozad\"\n                    title=\"\"\n                    data-src=\n                    \"https:\/\/player.vimeo.com\/video\/856333574?dnt=1&amp;app_id=122963&controls=1&playsinline=0                    \"\n                    width=\"100%\" height=\"100%\" frameborder=\"0\"\n                    allow=\"autoplay; fullscreen; picture-in-picture\" allowfullscreen>\n                    <\/iframe>\n                <\/div>\n                    \n            \n    <\/div>\n\n<\/div><\/div>\n<\/section><section class=\"bde-section-1342-168 bde-section bde-preset-a757da71-4efb-4b7c-ac36-4af124f53d48\">\n  \n  \n\t\n\n\n\n<div class=\"section-container\"><div class=\"bde-video-1342-169 bde-video\">\n<div class=\"ee-video-container\">\n            \n                                                    \n                                <div class=\"ee-video ee-vimeo\">\n                    <iframe\n                            class=\"ee-video lozad\"\n                    title=\"\"\n                    data-src=\n                    \"https:\/\/player.vimeo.com\/video\/865518330?dnt=1&amp;app_id=122963&controls=1&playsinline=0                    \"\n                    width=\"100%\" height=\"100%\" frameborder=\"0\"\n                    allow=\"autoplay; fullscreen; picture-in-picture\" allowfullscreen>\n                    <\/iframe>\n                <\/div>\n                    \n            \n    <\/div>\n\n<\/div><\/div>\n<\/section><section class=\"bde-section-1342-170 bde-section bde-preset-a757da71-4efb-4b7c-ac36-4af124f53d48\">\n  \n  \n\t\n\n\n\n<div class=\"section-container\"><div class=\"bde-video-1342-171 bde-video\">\n<div class=\"ee-video-container\">\n            \n                                                    \n                                <div class=\"ee-video ee-vimeo\">\n                    <iframe\n                            class=\"ee-video lozad\"\n                    title=\"\"\n                    data-src=\n                    \"https:\/\/player.vimeo.com\/video\/865518378?dnt=1&amp;app_id=122963&controls=1&playsinline=0                    \"\n                    width=\"100%\" height=\"100%\" frameborder=\"0\"\n                    allow=\"autoplay; fullscreen; picture-in-picture\" allowfullscreen>\n                    <\/iframe>\n                <\/div>\n                    \n            \n    <\/div>\n\n<\/div><\/div>\n<\/section><\/div>","protected":false},"excerpt":{"rendered":"<p>CONTIVA Forum 2023 &#8211; Generation Z Die Generation Z (geboren zwischen 1996 &#8211; 2010) steht am Anfang ihrer Berufslaufbahn. Ihre Vertreter*innen sind innovativ, selbstbewusst, digital und kreativ \u2013 und manchmal auch fordernd. Wie k\u00f6nnen Arbeitgebende sie als Mitarbeitende gewinnen, ihre Erwartungen erf\u00fcllen und die Zusammenarbeit angenehm gestalten? Und wie k\u00f6nnen wir als Berater*innen, Coaches und [&hellip;]<\/p>\n","protected":false},"author":5,"featured_media":0,"parent":0,"menu_order":0,"comment_status":"closed","ping_status":"closed","template":"","meta":{"_acf_changed":false,"_breakdance_hide_in_design_set":false,"_breakdance_tags":"","iawp_total_views":263,"footnotes":""},"class_list":["post-1342","page","type-page","status-publish","hentry"],"acf":[],"_links":{"self":[{"href":"https:\/\/www.contiva-berufsperspektiven.ch\/en\/wp-json\/wp\/v2\/pages\/1342","targetHints":{"allow":["GET"]}}],"collection":[{"href":"https:\/\/www.contiva-berufsperspektiven.ch\/en\/wp-json\/wp\/v2\/pages"}],"about":[{"href":"https:\/\/www.contiva-berufsperspektiven.ch\/en\/wp-json\/wp\/v2\/types\/page"}],"author":[{"embeddable":true,"href":"https:\/\/www.contiva-berufsperspektiven.ch\/en\/wp-json\/wp\/v2\/users\/5"}],"replies":[{"embeddable":true,"href":"https:\/\/www.contiva-berufsperspektiven.ch\/en\/wp-json\/wp\/v2\/comments?post=1342"}],"version-history":[{"count":25,"href":"https:\/\/www.contiva-berufsperspektiven.ch\/en\/wp-json\/wp\/v2\/pages\/1342\/revisions"}],"predecessor-version":[{"id":4117,"href":"https:\/\/www.contiva-berufsperspektiven.ch\/en\/wp-json\/wp\/v2\/pages\/1342\/revisions\/4117"}],"wp:attachment":[{"href":"https:\/\/www.contiva-berufsperspektiven.ch\/en\/wp-json\/wp\/v2\/media?parent=1342"}],"curies":[{"name":"wp","href":"https:\/\/api.w.org\/{rel}","templated":true}]}}