{"id":1056,"date":"2023-05-12T13:45:27","date_gmt":"2023-05-12T11:45:27","guid":{"rendered":"https:\/\/www.contiva-berufsperspektiven.ch\/?page_id=1056"},"modified":"2026-04-23T12:11:11","modified_gmt":"2026-04-23T10:11:11","slug":"acerca-de-nosotros","status":"publish","type":"page","link":"https:\/\/www.contiva-berufsperspektiven.ch\/es\/ueber-uns\/","title":{"rendered":"Qui\u00e9nes somos"},"content":{"rendered":"<div class='breakdance'><div class=\"bde-globalblock-1056-100 bde-globalblock\"><div class='breakdance'><section class=\"bde-section-3672-104-3672-1 bde-section no-animation bde-section-3672-104\">\n  \n  \n\t\n\n\n\n<div class=\"section-container\"><div class=\"bde-breadcrumbs-3672-106-3672-1 bde-breadcrumbs bde-breadcrumbs-3672-106\"><nav aria-label=\"pan rallado\" class=\"rank-math-breadcrumb\"><p><span class=\"last\">CONTIVA<\/span><\/p><\/nav><\/div><\/div>\n<\/section><section class=\"bde-section-3672-101-3672-1 bde-section no-animation bde-section-3672-101\">\n  \n  \n\t\n\n\n\n<div class=\"section-container\"><h1 class=\"bde-heading-3672-102-3672-1 bde-heading bde-heading-3672-102\">\nContiva de un vistazo\n<\/h1><div class=\"bde-text-3672-103-3672-1 bde-text bde-text-3672-103\">\n<p>La Asociaci\u00f3n Contiva es una organizaci\u00f3n sin \u00e1nimo de lucro en el \u00e1mbito de la reorientaci\u00f3n profesional, la b\u00fasqueda de empleo y la integraci\u00f3n laboral. Cuenta con el apoyo de particulares con amplia experiencia en este \u00e1mbito, as\u00ed como de organizaciones que representan a los empresarios, por un lado, y a las personas afectadas por el desempleo, por otro.<\/p>\n\n<\/div><\/div>\n<\/section><\/div><\/div><section class=\"bde-section-1056-116 bde-section bde-preset-84a15dde-f849-469d-bf93-8fff4095fba1\">\n  \n  \n\t\n\n\n\n<div class=\"section-container\"><div class=\"bde-advanced-tabs-1056-117 bde-advanced-tabs\">\n\n\n        \n  \n  \n  <div class=\"bde-tabs__tabslist-container bde-tabs__tabslist-container--scrollable is-horizontal js-tabs-container\">\n    <div class=\"bde-tabs__tabslist bde-tabs__tabslist--tabs js-tablist\" role=\"tablist\" aria-label=\"Fichas de contenido\" aria-orientation=\"horizontal\" data-tabs-id=\"bde-advanced-tabs-1056-117\">\n      \n              <button role=\"tab\" aria-selected=\"false\" class=\"bde-tabs__tab js-tab\" aria-controls=\"tab-panel-bde-advanced-tabs-1056-117-1\" id=\"tab-bde-advanced-tabs-1056-117-1\" data-value=\"1\">\n                    <span class=\"bde-tabs__tab-title\">Tage der offenen T\u00fcr<\/span>\n        <\/button>\n              <button role=\"tab\" aria-selected=\"false\" class=\"bde-tabs__tab js-tab\" aria-controls=\"tab-panel-bde-advanced-tabs-1056-117-2\" id=\"tab-bde-advanced-tabs-1056-117-2\" data-value=\"2\">\n                    <span class=\"bde-tabs__tab-title\">La asociaci\u00f3n<\/span>\n        <\/button>\n              <button role=\"tab\" aria-selected=\"false\" class=\"bde-tabs__tab js-tab\" aria-controls=\"tab-panel-bde-advanced-tabs-1056-117-3\" id=\"tab-bde-advanced-tabs-1056-117-3\" data-value=\"3\">\n                    <span class=\"bde-tabs__tab-title\">Visi\u00f3n y misi\u00f3n<\/span>\n        <\/button>\n              <button role=\"tab\" aria-selected=\"false\" class=\"bde-tabs__tab js-tab\" aria-controls=\"tab-panel-bde-advanced-tabs-1056-117-4\" id=\"tab-bde-advanced-tabs-1056-117-4\" data-value=\"4\">\n                    <span class=\"bde-tabs__tab-title\">Principios andrag\u00f3gicos rectores<\/span>\n        <\/button>\n              <button role=\"tab\" aria-selected=\"false\" class=\"bde-tabs__tab js-tab\" aria-controls=\"tab-panel-bde-advanced-tabs-1056-117-5\" id=\"tab-bde-advanced-tabs-1056-117-5\" data-value=\"5\">\n                    <span class=\"bde-tabs__tab-title\">Nuestros principios rectores<\/span>\n        <\/button>\n              <button role=\"tab\" aria-selected=\"false\" class=\"bde-tabs__tab js-tab\" aria-controls=\"tab-panel-bde-advanced-tabs-1056-117-6\" id=\"tab-bde-advanced-tabs-1056-117-6\" data-value=\"6\">\n                    <span class=\"bde-tabs__tab-title\">Calidad y certificaciones<\/span>\n        <\/button>\n          <\/div>\n  <\/div>\n\n<div class=\"bde-tabs-content-container\">\n  <div class=\"bde-advanced-tabs-content-1056-287 bde-advanced-tabs-content\"><div tabindex=\"0\" role=\"tabpanel\" class=\"bde-tabs__panel js-panel\" id=\"\" aria-labelledby=\"\">\r\n  <div class=\"bde-tabs__panel-content\">\r\n    <div class=\"bde-div-1056-360 bde-div\">\n  \n  \n\t\n\n\n\n<h3 class=\"bde-heading-1056-361 bde-heading\">\nBesuchen Sie uns an der Reinacherstrasse 261\n<\/h3><div class=\"bde-rich-text-1056-362 bde-rich-text breakdance-rich-text-styles\">\n<ul><li>Donnerstag, 18.06.2026 zwischen 10-14 Uhr<\/li><li>Freitag, 06.11.2026 zwischen 10-14 Uhr<\/li><\/ul>\n<\/div><div class=\"bde-button-1056-123 bde-button\">\n    \n                                    \n    \n    \n    \n    \n            \n                    \n            \n            \n\n    \n    \n    \n    \n    \n    <a class=\"breakdance-link button-atom button-atom--primary bde-button__button\" href=\"https:\/\/www.contiva-berufsperspektiven.ch\/es\/tage-der-offenen-tuer\/\" target=\"_self\" data-type=\"url\"  >\n\n    \n        <span class=\"button-atom__text\">Mehr erfahren und anmelden<\/span>\n\n        \n        \n                <\/a>\n\n    \n\n\n<\/div>\n<\/div>\r\n  <\/div>\r\n<\/div>\r\n<\/div><div class=\"bde-advanced-tabs-content-1056-118 bde-advanced-tabs-content\"><div tabindex=\"0\" role=\"tabpanel\" class=\"bde-tabs__panel js-panel\" id=\"\" aria-labelledby=\"\">\r\n  <div class=\"bde-tabs__panel-content\">\r\n    <div class=\"bde-div-1056-119 bde-div\">\n  \n  \n\t\n\n\n\n<h3 class=\"bde-heading-1056-120 bde-heading\">\nLa asociaci\u00f3n\n<\/h3><div class=\"bde-rich-text-1056-121 bde-rich-text breakdance-rich-text-styles\">\n<p><strong>Finalidad y objetivo<\/strong><\/p><p>Contiva se fund\u00f3 en 1996 con el nombre de Club de Empleo como asociaci\u00f3n sin \u00e1nimo de lucro con el prop\u00f3sito de ofrecer medidas relacionadas con el mercado laboral a personas desempleadas o amenazadas por el desempleo. Para ello, la asociaci\u00f3n gestionaba un centro de cursos y reuniones. El objetivo era mejorar las posibilidades de reinserci\u00f3n en el mercado laboral primario o evitar el desempleo mediante medidas preventivas.<\/p><p>En 2023, la asociaci\u00f3n cambi\u00f3 su nombre por el de Contiva para dirigirse mejor a los particulares. El objetivo es ofrecer la experiencia adquirida asesorando a personas en su puesto actual y en la b\u00fasqueda de empleo a personas que quieran reorientarse.<\/p><p><strong>Miembros de la asociaci\u00f3n y junta directiva<\/strong><\/p><p>El \u00f3rgano supremo de la Asociaci\u00f3n Contiva es la Asamblea de la Asociaci\u00f3n. En ella est\u00e1n representados los particulares interesados y la asociaci\u00f3n Surprise. Los miembros de la asociaci\u00f3n eligen a la junta directiva de la misma.<\/p><p><strong>Financiaci\u00f3n<\/strong><\/p><p>La Asociaci\u00f3n Contiva presta servicios a diversos clientes en el marco de acuerdos de servicios. Se financia mediante cuotas por estos servicios y no recibe subvenciones de organismos gubernamentales.<\/p>\n<\/div><div class=\"bde-div-1056-122 bde-div bde-preset-4d0b34c7-4d84-489f-bb13-f8ff907d8258\">\n  \n  \n\t\n\n\n\n<div class=\"bde-button-1056-370 bde-button\">\n    \n                                    \n    \n    \n    \n    \n            \n                    \n            \n            \n\n    \n    \n    \n    \n    \n    <a class=\"breakdance-link button-atom button-atom--primary bde-button__button\" href=\"https:\/\/www.contiva-berufsperspektiven.ch\/wp-content\/uploads\/2025\/05\/Organigramm-15.05.2025.pdf\" target=\"_blank\" data-type=\"url\"  >\n\n    \n        <span class=\"button-atom__text\">Organigrama<\/span>\n\n        \n        \n                <\/a>\n\n    \n\n\n<\/div>\n<\/div><div class=\"bde-div-1056-148 bde-div bde-preset-4d0b34c7-4d84-489f-bb13-f8ff907d8258\">\n  \n  \n\t\n\n\n\n<div class=\"bde-button-1056-149 bde-button\">\n    \n                                    \n    \n    \n    \n    \n            \n                    \n            \n            \n\n    \n    \n    \n    \n    \n    <a class=\"breakdance-link button-atom button-atom--primary bde-button__button\" href=\"https:\/\/www.contiva-berufsperspektiven.ch\/wp-content\/uploads\/2023\/05\/Verein-Statuten-ab-22_2_2023-unterzeichnet.pdf\" target=\"_blank\" data-type=\"url\"  >\n\n    \n        <span class=\"button-atom__text\">Estatutos<\/span>\n\n        \n        \n                <\/a>\n\n    \n\n\n<\/div>\n<\/div><div class=\"bde-div-1056-150 bde-div bde-preset-4d0b34c7-4d84-489f-bb13-f8ff907d8258\">\n  \n  \n\t\n\n\n\n<div class=\"bde-button-1056-151 bde-button\">\n    \n                                    \n    \n    \n    \n    \n            \n                    \n            \n            \n\n    \n    \n    \n    \n    \n    <a class=\"breakdance-link button-atom button-atom--primary bde-button__button\" href=\"https:\/\/www.contiva-berufsperspektiven.ch\/wp-content\/uploads\/2023\/05\/Leitsaetze-Verein-Contiva.pdf\" target=\"_blank\" data-type=\"url\"  >\n\n    \n        <span class=\"button-atom__text\">Principios rectores<\/span>\n\n        \n        \n                <\/a>\n\n    \n\n\n<\/div>\n<\/div>\n<\/div>\r\n  <\/div>\r\n<\/div>\r\n<\/div><div class=\"bde-advanced-tabs-content-1056-267 bde-advanced-tabs-content\"><div tabindex=\"0\" role=\"tabpanel\" class=\"bde-tabs__panel js-panel\" id=\"\" aria-labelledby=\"\">\r\n  <div class=\"bde-tabs__panel-content\">\r\n    <div class=\"bde-div-1056-268 bde-div\">\n  \n  \n\t\n\n\n\n<h3 class=\"bde-heading-1056-286 bde-heading\">\nVisi\u00f3n\n<\/h3><div class=\"bde-rich-text-1056-270 bde-rich-text breakdance-rich-text-styles\">\n<p>Contiva crea perspectivas profesionales individuales y capacita a las personas en el mundo laboral.<\/p><p>\u00a0<\/p>\n<\/div>\n<\/div><div class=\"bde-div-1056-277 bde-div\">\n  \n  \n\t\n\n\n\n<h3 class=\"bde-heading-1056-278 bde-heading\">\nMisi\u00f3n\n<\/h3><div class=\"bde-rich-text-1056-279 bde-rich-text breakdance-rich-text-styles\">\n<p>Nos apasiona apoyar a las personas en su desarrollo profesional y promover la igualdad de oportunidades con asesoramiento individual y ofertas pr\u00e1cticas.<\/p><p>\u00a0<\/p>\n<\/div>\n<\/div><div class=\"bde-div-1056-283 bde-div\">\n  \n  \n\t\n\n\n\n<h3 class=\"bde-heading-1056-284 bde-heading\">\nQu\u00e9 hacemos\n<\/h3><div class=\"bde-rich-text-1056-285 bde-rich-text breakdance-rich-text-styles\">\n<p>Apoyamos a personas de todos los niveles de cualificaci\u00f3n en el desarrollo de nuevas perspectivas profesionales y les ayudamos a hacerlas realidad: desde la b\u00fasqueda de puestos de trabajo y empleadores adecuados, la preparaci\u00f3n de documentos de solicitud innovadores y el apoyo durante el proceso de solicitud hasta la colocaci\u00f3n en puestos de trabajo o pr\u00e1cticas adecuados.<\/p><p>En nombre de los clientes de la Administraci\u00f3n, Contiva apoya a los desempleados en su b\u00fasqueda de trabajo y su integraci\u00f3n en el mercado laboral primario.<\/p><p>Tambi\u00e9n apoyamos a los empleados de todos los niveles de cualificaci\u00f3n dentro de la empresa cuando se trata de cambios profesionales. Siempre que es posible, adoptamos medidas preventivas si existe riesgo de desempleo.<\/p><p>Ofrecemos una amplia gama de cursos y servicios de coaching en las \u00e1reas de evaluaci\u00f3n profesional, formaci\u00f3n para la presentaci\u00f3n de candidaturas, coaching, orientaci\u00f3n profesional e inserci\u00f3n laboral para clientes privados e institucionales.<\/p>\n<\/div>\n<\/div>\r\n  <\/div>\r\n<\/div>\r\n<\/div><div class=\"bde-advanced-tabs-content-1056-163 bde-advanced-tabs-content\"><div tabindex=\"0\" role=\"tabpanel\" class=\"bde-tabs__panel js-panel\" id=\"\" aria-labelledby=\"\">\r\n  <div class=\"bde-tabs__panel-content\">\r\n    <div class=\"bde-div-1056-164 bde-div\">\n  \n  \n\t\n\n\n\n<h3 class=\"bde-heading-1056-165 bde-heading\">\nNuestros principios andrag\u00f3gicos rectores\n<\/h3><div class=\"bde-rich-text-1056-166 bde-rich-text breakdance-rich-text-styles\">\n<p>Nos acercamos a las personas y a su potencial con curiosidad y optimismo. Para ello, seguimos los siguientes principios andrag\u00f3gicos rectores:<\/p><ul><li><strong>Aprendizaje basado en la experiencia y motivaci\u00f3n:<\/strong> La ense\u00f1anza orientada al grupo destinatario de la materia en los m\u00f3dulos del curso tiene en cuenta los requisitos individuales de los participantes, su situaci\u00f3n personal, su biograf\u00eda educativa y tambi\u00e9n sus expectativas. Siempre que es posible, se reactivan y ampl\u00edan los conocimientos existentes. El objetivo es reforzar la motivaci\u00f3n y la confianza en s\u00ed mismos de los participantes. Por tanto, los m\u00e9todos son variados para atender a todo tipo de alumnos y aumentar la motivaci\u00f3n.<br \/><br \/><\/li><li><strong>Aprendizaje autodirigido y orientado a la actividad:<\/strong> El curso est\u00e1 dise\u00f1ado para que los participantes puedan actuar de forma aut\u00f3noma en el proceso de solicitud. El contenido est\u00e1 estructurado de tal manera que los participantes mejoran sus habilidades paso a paso. Se fomenta el aprendizaje aut\u00f3nomo y, por tanto, la independencia. Hacemos hincapi\u00e9 en la reflexi\u00f3n y la retroalimentaci\u00f3n para profundizar en el aprendizaje y reforzar la aplicabilidad de lo aprendido en situaciones de la vida real.<br \/><br \/><\/li><li><strong>Flexibilidad e interacci\u00f3n: <\/strong>Las lecciones est\u00e1n siempre claramente estructuradas: Los participantes reciben una visi\u00f3n general de los temas y contenidos al principio de cada lecci\u00f3n. Durante las clases, el responsable del curso informa peri\u00f3dicamente sobre el estado actual de los contenidos y, al final de cada clase, se repasan los temas tratados. A pesar del marco estructural, organizamos las lecciones de tal manera que los participantes puedan implicarse y ayudar a dar forma a las secuencias individuales de las lecciones. Tambi\u00e9n adaptamos el itinerario a las necesidades de aprendizaje de los participantes.<br \/><br \/><\/li><li><strong>Participaci\u00f3n y orientaci\u00f3n hacia la aplicaci\u00f3n: <\/strong>El responsable del curso hace una breve aportaci\u00f3n y recoge los conocimientos previos de los participantes. A continuaci\u00f3n, gu\u00eda a los participantes hacia una actividad para desarrollar el contenido. Puede tratarse de tareas de reflexi\u00f3n, de un debate con la persona sentada a su lado o en el grupo, de un trabajo escrito o de la preparaci\u00f3n y realizaci\u00f3n de una breve presentaci\u00f3n ante el grupo. Estamos comprometidos con el desarrollo personal y profesional de nuestros estudiantes y les permitimos aprender y trabajar de forma independiente dentro de un marco claro.<br \/><br \/><\/li><li><strong>Orientaci\u00f3n al problema y autorreflexi\u00f3n:<\/strong> El aprendizaje hol\u00edstico y el trabajo en grupos individuales y en constante cambio es un componente central del concepto del curso, ya que, adem\u00e1s de la ense\u00f1anza de competencias tem\u00e1ticas, metodol\u00f3gicas y medi\u00e1ticas, tambi\u00e9n es de crucial importancia el fomento de la competencia social, de rendimiento y de uno mismo. Incorporamos los nuevos medios de comunicaci\u00f3n y permitimos a los participantes mejorar sus competencias medi\u00e1ticas.<br \/><br \/><\/li><li><strong>Respetar<\/strong><strong> y reconocimiento:<\/strong> Concedemos gran importancia a una interacci\u00f3n respetuosa entre nosotros, pero tambi\u00e9n entre el responsable del curso y los participantes.<strong>. <\/strong>Para nosotros es importante que los participantes se sientan c\u00f3modos en nuestros cursos para que puedan alcanzar sus objetivos. Nuestros enfoques metodol\u00f3gicos y did\u00e1cticos se basan en los \u00faltimos descubrimientos en educaci\u00f3n de adultos, did\u00e1ctica y psicolog\u00eda del aprendizaje. A nuestro entender, el aprendizaje es un proceso activo, constructivo, situacional, social y orientado a objetivos.<\/li><\/ul><p>\u00a0<\/p><p>\u00a0<\/p><p>\u00a0<\/p>\n<\/div>\n<\/div>\r\n  <\/div>\r\n<\/div>\r\n<\/div><div class=\"bde-advanced-tabs-content-1056-173 bde-advanced-tabs-content\"><div tabindex=\"0\" role=\"tabpanel\" class=\"bde-tabs__panel js-panel\" id=\"\" aria-labelledby=\"\">\r\n  <div class=\"bde-tabs__panel-content\">\r\n    <div class=\"bde-div-1056-174 bde-div\">\n  \n  \n\t\n\n\n\n<h3 class=\"bde-heading-1056-175 bde-heading\">\nC\u00f3mo trabajamos y qu\u00e9 es importante para nosotros\n<\/h3><div class=\"bde-rich-text-1056-176 bde-rich-text breakdance-rich-text-styles\">\n<ul><li>Apostamos por las perspectivas profesionales y compartimos nuestros conocimientos.<\/li><li>Nos acercamos a las personas y a su potencial con curiosidad y optimismo.<\/li><li>Cultivamos una cultura c\u00e1lida y acogedora.<\/li><li>Queremos marcar la diferencia, y nos encanta experimentar.<\/li><li>Nuestros cimientos son s\u00f3lidos.<\/li><li>Sabemos lo que podemos hacer. Afrontamos las cosas nuevas con previsi\u00f3n.<\/li><li>Nos tratamos con confianza como iguales y seguimos siendo nosotros mismos.<\/li><li>Tambi\u00e9n afrontamos nuestros retos diarios con una pizca de humor.<\/li><li>Creemos en la autoorganizaci\u00f3n y la cooperaci\u00f3n sin complicaciones. La visi\u00f3n de conjunto y la transparencia son importantes para nosotros.<\/li><li>La asociaci\u00f3n Contiva permite una amplia gama de tareas y funciones. Aprovechamos nuestras oportunidades de forma independiente.<\/li><\/ul>\n<\/div>\n<\/div>\r\n  <\/div>\r\n<\/div>\r\n<\/div><div class=\"bde-advanced-tabs-content-1056-177 bde-advanced-tabs-content\"><div tabindex=\"0\" role=\"tabpanel\" class=\"bde-tabs__panel js-panel\" id=\"\" aria-labelledby=\"\">\r\n  <div class=\"bde-tabs__panel-content\">\r\n    <div class=\"bde-div-1056-178 bde-div\">\n  \n  \n\t\n\n\n\n<h3 class=\"bde-heading-1056-179 bde-heading\">\nDesarrollo continuo\n<\/h3><div class=\"bde-rich-text-1056-180 bde-rich-text breakdance-rich-text-styles\">\n<p>Como instituci\u00f3n de ense\u00f1anza y aprendizaje, estamos comprometidos con la garant\u00eda continua de la calidad y el perfeccionamiento a todos los niveles.<\/p><p><strong>Certificaci\u00f3n eduQua<\/strong><br \/>Desde 2003, Contiva <a href=\"https:\/\/alice.ch\/de\/qualitaet\/qualitaetslabel-eduqua\/\" rel=\"nofollow noopener\" target=\"_blank\">eduQua<\/a>-certificado. Gracias a una cuidadosa gesti\u00f3n de la calidad, cumplimos los criterios establecidos para un centro de ense\u00f1anza superior. Las auditor\u00edas garantizan el alto nivel de calidad.<\/p>\n<\/div><div class=\"bde-div-1056-181 bde-div bde-preset-4d0b34c7-4d84-489f-bb13-f8ff907d8258\">\n  \n  \n\t\n\n\n\n<div class=\"bde-button-1056-182 bde-button\">\n    \n                                    \n    \n    \n    \n    \n            \n                    \n            \n            \n\n    \n    \n    \n    \n    \n    <a class=\"breakdance-link button-atom button-atom--primary bde-button__button\" href=\"https:\/\/www.contiva-berufsperspektiven.ch\/wp-content\/uploads\/2024\/03\/Zertifikat-CH03-0393.pdf\" target=\"_blank\" data-type=\"url\">\n\n    \n        <span class=\"button-atom__text\">certificado<\/span>\n\n        \n        \n                <\/a>\n\n    \n\n\n<\/div><div class=\"bde-rich-text-1056-183 bde-rich-text breakdance-rich-text-styles\">\n<p><strong>Garant\u00eda de calidad y desarrollo<\/strong><br \/>Revisamos peri\u00f3dicamente nuestros servicios y procesos en cuanto a su eficacia y eficiencia, desarrollamos las mejoras necesarias y las aplicamos de forma continuada.<\/p><p><strong>Cultura de retroalimentaci\u00f3n abierta<\/strong><br \/>En la evaluaci\u00f3n final, los participantes reciben comentarios cualificados y valoran el curso. Proporcionamos a las organizaciones remitentes informaci\u00f3n completa y honesta sobre la persona asignada, en cumplimiento de la Ley de Protecci\u00f3n de Datos.<\/p><p><strong>Experiencia, formaci\u00f3n y perfeccionamiento profesional<\/strong><br \/>Seleccionamos a nuestros empleados cuidadosamente y seg\u00fan criterios espec\u00edficos. Las habilidades sociales y la empat\u00eda son tan importantes como los conocimientos profesionales y la experiencia.<\/p><p>Todos los empleados -ya sean fijos o temporales- est\u00e1n obligados a seguir una formaci\u00f3n continua. Tienen a su disposici\u00f3n programas tanto internos como externos.<\/p><p><a href=\"https:\/\/www.sgs.com\/en\/certified-clients-and-products\/certified-client-directory\" target=\"_blank\" rel=\"noopener nofollow\"><img loading=\"lazy\" decoding=\"async\" class=\"wp-image-2508 alignleft\" src=\"https:\/\/www.contiva-berufsperspektiven.ch\/wp-content\/uploads\/2023\/06\/eduqua_logo_cmyk.jpg\" alt=\"\" width=\"353\" height=\"157\" srcset=\"https:\/\/www.contiva-berufsperspektiven.ch\/wp-content\/uploads\/2023\/06\/eduqua_logo_cmyk.jpg 800w, https:\/\/www.contiva-berufsperspektiven.ch\/wp-content\/uploads\/2023\/06\/eduqua_logo_cmyk-768x341.jpg 768w, https:\/\/www.contiva-berufsperspektiven.ch\/wp-content\/uploads\/2023\/06\/eduqua_logo_cmyk-300x133.jpg 300w, https:\/\/www.contiva-berufsperspektiven.ch\/wp-content\/uploads\/2023\/06\/eduqua_logo_cmyk-631x280.jpg 631w, https:\/\/www.contiva-berufsperspektiven.ch\/wp-content\/uploads\/2023\/06\/eduqua_logo_cmyk-451x200.jpg 451w, https:\/\/www.contiva-berufsperspektiven.ch\/wp-content\/uploads\/2023\/06\/eduqua_logo_cmyk-270x120.jpg 270w\" sizes=\"auto, (max-width: 353px) 100vw, 353px\" \/><\/a><\/p>\n<\/div>\n<\/div>\n<\/div>\r\n  <\/div>\r\n<\/div>\r\n<\/div>\n<\/div>\n\n\n<\/div><\/div>\n<\/section><section class=\"bde-section-1056-101 bde-section bde-preset-3ab92a40-3606-4a97-a9f9-51273535b49c\">\n              \n  \n  \n\t\n\n\n\n<div class=\"section-container\"><h2 class=\"bde-heading-1056-102 bde-heading\">\nContiva se caracteriza por tener clientes satisfechos\n<\/h2><div class=\"bde-columns-1056-103 bde-columns\"><div class=\"bde-column-1056-104 bde-column\">\n  \n  \n\t\n\n\n\n<div class=\"bde-columns-1056-105 bde-columns\"><div class=\"bde-column-1056-106 bde-column\">\n  \n  \n\t\n\n\n\n<div class=\"bde-text-1056-107 bde-text\">\n98.4%\n<\/div>\n<\/div><div class=\"bde-column-1056-108 bde-column\">\n  \n  \n\t\n\n\n\n<div class=\"bde-text-1056-109 bde-text\">\nde nuestros clientes afirmaron que sus expectativas se cumplieron bien o muy bien y recomendar\u00edan Contiva a otras personas\n<\/div>\n<\/div><\/div>\n<\/div><div class=\"bde-column-1056-110 bde-column\">\n  \n  \n\t\n\n\n\n<div class=\"bde-columns-1056-111 bde-columns\"><div class=\"bde-column-1056-112 bde-column\">\n  \n  \n\t\n\n\n\n<div class=\"bde-text-1056-113 bde-text\">\n95.3%\n<\/div>\n<\/div><div class=\"bde-column-1056-114 bde-column\">\n  \n  \n\t\n\n\n\n<div class=\"bde-text-1056-115 bde-text\">\nde los participantes saben a qu\u00e9 empleos deben presentarse tras la evaluaci\u00f3n\n<\/div>\n<\/div><\/div>\n<\/div><\/div><\/div>\n<\/section><\/div>","protected":false},"excerpt":{"rendered":"<p>CONTIVA Contiva auf einen Blick Der Verein Contiva ist eine gemeinn\u00fctzige Non-Profit-Organisation im Bereich der beruflichen Neuorientierung, Stellensuche und Arbeitsintegration. Er ist getragen von Privatpersonen mit breitem Know-how aus diesem Bereich sowie Organisationen, die einerseits die Arbeitgebenden und andererseits die von Stellenlosigkeit betroffenen Personen vertreten. Tage der offenen T\u00fcr Der Verein Vision &#038; Mission Andragogische [&hellip;]<\/p>\n","protected":false},"author":8,"featured_media":0,"parent":0,"menu_order":0,"comment_status":"closed","ping_status":"closed","template":"","meta":{"_acf_changed":false,"_breakdance_hide_in_design_set":false,"_breakdance_tags":"","iawp_total_views":3163,"footnotes":""},"class_list":["post-1056","page","type-page","status-publish","hentry"],"acf":[],"_links":{"self":[{"href":"https:\/\/www.contiva-berufsperspektiven.ch\/es\/wp-json\/wp\/v2\/pages\/1056","targetHints":{"allow":["GET"]}}],"collection":[{"href":"https:\/\/www.contiva-berufsperspektiven.ch\/es\/wp-json\/wp\/v2\/pages"}],"about":[{"href":"https:\/\/www.contiva-berufsperspektiven.ch\/es\/wp-json\/wp\/v2\/types\/page"}],"author":[{"embeddable":true,"href":"https:\/\/www.contiva-berufsperspektiven.ch\/es\/wp-json\/wp\/v2\/users\/8"}],"replies":[{"embeddable":true,"href":"https:\/\/www.contiva-berufsperspektiven.ch\/es\/wp-json\/wp\/v2\/comments?post=1056"}],"version-history":[{"count":107,"href":"https:\/\/www.contiva-berufsperspektiven.ch\/es\/wp-json\/wp\/v2\/pages\/1056\/revisions"}],"predecessor-version":[{"id":5446,"href":"https:\/\/www.contiva-berufsperspektiven.ch\/es\/wp-json\/wp\/v2\/pages\/1056\/revisions\/5446"}],"wp:attachment":[{"href":"https:\/\/www.contiva-berufsperspektiven.ch\/es\/wp-json\/wp\/v2\/media?parent=1056"}],"curies":[{"name":"wp","href":"https:\/\/api.w.org\/{rel}","templated":true}]}}