{"id":4421,"date":"2024-11-27T14:40:45","date_gmt":"2024-11-27T13:40:45","guid":{"rendered":"https:\/\/www.contiva-berufsperspektiven.ch\/?page_id=4421"},"modified":"2026-02-12T21:51:22","modified_gmt":"2026-02-12T20:51:22","slug":"wsi-light","status":"publish","type":"page","link":"https:\/\/www.contiva-berufsperspektiven.ch\/es\/awa-bs\/wsi-light\/","title":{"rendered":"Luz WSI"},"content":{"rendered":"<div class='breakdance'><div class=\"bde-globalblock-4421-106 bde-globalblock\"><div class='breakdance'><section class=\"bde-section-3672-104-3672-1 bde-section no-animation bde-section-3672-104\">\n  \n  \n\t\n\n\n\n<div class=\"section-container\"><div class=\"bde-breadcrumbs-3672-106-3672-1 bde-breadcrumbs bde-breadcrumbs-3672-106\"><nav aria-label=\"pan rallado\" class=\"rank-math-breadcrumb\"><p><span class=\"last\">CONTIVA<\/span><\/p><\/nav><\/div><\/div>\n<\/section><section class=\"bde-section-3672-101-3672-1 bde-section no-animation bde-section-3672-101\">\n  \n  \n\t\n\n\n\n<div class=\"section-container\"><h1 class=\"bde-heading-3672-102-3672-1 bde-heading bde-heading-3672-102\">\nLuz WSI\n<\/h1><div class=\"bde-text-3672-103-3672-1 bde-text bde-text-3672-103\">\n\n<\/div><\/div>\n<\/section><\/div><\/div><section class=\"bde-section-4421-100 bde-section bde-preset-a757da71-4efb-4b7c-ac36-4af124f53d48\">\n  \n  \n\t\n\n\n\n<div class=\"section-container\"><div class=\"bde-div-4421-101 bde-div\">\n  \n  \n\t\n\n\n\n<h3 class=\"bde-heading-4421-102 bde-heading\">\nWSI light - Asesoramiento individual para hablantes extranjeros\n<\/h3><div class=\"bde-rich-text-4421-103 bde-rich-text breakdance-rich-text-styles\">\n<p><strong>Participantes<\/strong><br \/>El servicio de asesoramiento individual est\u00e1 dirigido a los solicitantes de empleo de lengua extranjera que no pueden participar en el curso colectivo \u201eWSI\u201c por motivos personales, por ejemplo:<\/p><ul><li>Falta de disponibilidad de tiempo (por ejemplo, ingresos provisionales o ausencia de guarder\u00eda durante las horas del curso).<\/li><li>Conocimientos insuficientes de alem\u00e1n: Los demandantes de empleo no saben hablar, entender, leer ni escribir en alem\u00e1n sencillo.<\/li><\/ul><p>Adem\u00e1s, se aplican los siguientes requisitos:<\/p><ul><li>Con o sin cualificaci\u00f3n profesional<\/li><li>Disponibilidad en el mercado laboral entre 20% y 100%<\/li><li>Existe motivaci\u00f3n para participar<\/li><\/ul><p><strong>Objetivo del asesoramiento individual<\/strong><\/p><p>Aprender\u00e1n los fundamentos de las solicitudes de empleo escritas y verbales. Al final de la sesi\u00f3n de asesoramiento, dispondr\u00e1n de documentos de solicitud completos y actualizados y habr\u00e1n practicado una entrevista de trabajo.<\/p><p><strong>Contenidos y objetivos del curso<\/strong><\/p><ul><li>Comprobaci\u00f3n de los documentos de solicitud y de la situaci\u00f3n personal<\/li><li>Definici\u00f3n de la estrategia de aplicaci\u00f3n<\/li><li>Preparaci\u00f3n del CV con foto actual<\/li><li>Preparaci\u00f3n de cartas de solicitud (solicitudes especulativas y de ofertas de empleo)<\/li><li>Entrega de los documentos de solicitud en una memoria USB<\/li><li>Instrucciones para enviar los documentos de solicitud (activos y reactivos) a trav\u00e9s del PC o del tel\u00e9fono m\u00f3vil<\/li><li>Formaci\u00f3n para llamadas telef\u00f3nicas y entrevistas de trabajo, incluida la respuesta a preguntas dif\u00edciles<\/li><li>Opcional: Env\u00edo de una solicitud a trav\u00e9s de un smartphone (para participantes con conocimientos tecnol\u00f3gicos)<\/li><\/ul><p><strong>Duraci\u00f3n del asesoramiento individual<\/strong><\/p><ul><li>7 citas de entre 1-1,5 horas (8,5 horas en total) en 2 meses<\/li><li>Es necesario realizar tareas m\u00e1s peque\u00f1as entre las citas<\/li><\/ul><p><strong>Costes<\/strong><\/p><ul><li>Los costes est\u00e1n cubiertos por el seguro de desempleo.<\/li><\/ul><p><strong>Inscripci\u00f3n<br \/><\/strong><\/p><ul><li>La inscripci\u00f3n se realiza a trav\u00e9s del servicio responsable de asesoramiento del personal de la RAV.<\/li><li>El tutor de Contiva invita al participante a una reuni\u00f3n inicial; las citas posteriores se conciertan individualmente.<\/li><\/ul><p><strong>P\u00f3ngase en contacto con nosotros<\/strong><br \/>Sabina Cannarozzo<br \/>+41 61 339 90 03 \/ +41 79 627 51 82<br \/><a href=\"mailto:s.cannarozzo@contiva-berufsperspektiven.ch\" target=\"_blank\" rel=\"noopener\">s.cannarozzo@contiva-berufsperspektiven.ch<\/a><\/p>\n<\/div><div class=\"bde-div-4421-104 bde-div bde-preset-4d0b34c7-4d84-489f-bb13-f8ff907d8258\">\n  \n  \n\t\n\n\n\n<div class=\"bde-button-4421-105 bde-button\">\n    \n                                    \n    \n    \n    \n    \n            \n                    \n            \n            \n\n    \n    \n    \n    \n    \n    <a class=\"breakdance-link button-atom button-atom--primary bde-button__button\" href=\"https:\/\/www.contiva-berufsperspektiven.ch\/wp-content\/uploads\/2026\/02\/Contiva-Konzept-WSI-light-in-Einzelberatung-ab-2026.pdf\" target=\"_blank\" data-type=\"url\"  >\n\n    \n        <span class=\"button-atom__text\">al anuncio del curso<\/span>\n\n        \n        \n                <\/a>\n\n    \n\n\n<\/div>\n<\/div>\n<\/div><\/div>\n<\/section><\/div>","protected":false},"excerpt":{"rendered":"<p>CONTIVA WSI light WSI light &#8211; Einzelberatung f\u00fcr Fremdsprachige TeilnehmendeDas Einzelberatungsangebot richtet sich an fremdsprachige Stellensuchende, die aus pers\u00f6nlichen Gr\u00fcnden nicht am kollektiven Kurs \u201eWSI\u201c teilnehmen k\u00f6nnen, beispielsweise:Fehlende zeitliche Verf\u00fcgbarkeit (z.\u202fB. Zwischenverdienst oder keine Kinderbetreuung w\u00e4hrend der Kurszeiten)Unzureichende Deutschkenntnisse: Stellensuchende k\u00f6nnen einfaches Deutsch weder sprechen, verstehen, lesen noch schreibenZus\u00e4tzlich gelten folgende Voraussetzungen:Mit oder ohne berufliche [&hellip;]<\/p>\n","protected":false},"author":34,"featured_media":0,"parent":571,"menu_order":0,"comment_status":"closed","ping_status":"closed","template":"","meta":{"_acf_changed":false,"_breakdance_hide_in_design_set":false,"_breakdance_tags":"","iawp_total_views":159,"footnotes":""},"class_list":["post-4421","page","type-page","status-publish","hentry"],"acf":[],"_links":{"self":[{"href":"https:\/\/www.contiva-berufsperspektiven.ch\/es\/wp-json\/wp\/v2\/pages\/4421","targetHints":{"allow":["GET"]}}],"collection":[{"href":"https:\/\/www.contiva-berufsperspektiven.ch\/es\/wp-json\/wp\/v2\/pages"}],"about":[{"href":"https:\/\/www.contiva-berufsperspektiven.ch\/es\/wp-json\/wp\/v2\/types\/page"}],"author":[{"embeddable":true,"href":"https:\/\/www.contiva-berufsperspektiven.ch\/es\/wp-json\/wp\/v2\/users\/34"}],"replies":[{"embeddable":true,"href":"https:\/\/www.contiva-berufsperspektiven.ch\/es\/wp-json\/wp\/v2\/comments?post=4421"}],"version-history":[{"count":10,"href":"https:\/\/www.contiva-berufsperspektiven.ch\/es\/wp-json\/wp\/v2\/pages\/4421\/revisions"}],"predecessor-version":[{"id":5225,"href":"https:\/\/www.contiva-berufsperspektiven.ch\/es\/wp-json\/wp\/v2\/pages\/4421\/revisions\/5225"}],"up":[{"embeddable":true,"href":"https:\/\/www.contiva-berufsperspektiven.ch\/es\/wp-json\/wp\/v2\/pages\/571"}],"wp:attachment":[{"href":"https:\/\/www.contiva-berufsperspektiven.ch\/es\/wp-json\/wp\/v2\/media?parent=4421"}],"curies":[{"name":"wp","href":"https:\/\/api.w.org\/{rel}","templated":true}]}}