{"id":4449,"date":"2024-11-27T15:03:14","date_gmt":"2024-11-27T14:03:14","guid":{"rendered":"https:\/\/www.contiva-berufsperspektiven.ch\/?page_id=4449"},"modified":"2026-02-12T21:40:28","modified_gmt":"2026-02-12T20:40:28","slug":"coaching","status":"publish","type":"page","link":"https:\/\/www.contiva-berufsperspektiven.ch\/es\/jobway-awa-bs\/coaching\/","title":{"rendered":"Coaching"},"content":{"rendered":"<div class='breakdance'><div class=\"bde-globalblock-4449-100 bde-globalblock\"><div class='breakdance'><section class=\"bde-section-3672-104-3672-1 bde-section no-animation bde-section-3672-104\">\n  \n  \n\t\n\n\n\n<div class=\"section-container\"><div class=\"bde-breadcrumbs-3672-106-3672-1 bde-breadcrumbs bde-breadcrumbs-3672-106\"><nav aria-label=\"pan rallado\" class=\"rank-math-breadcrumb\"><p><span class=\"last\">CONTIVA<\/span><\/p><\/nav><\/div><\/div>\n<\/section><section class=\"bde-section-3672-101-3672-1 bde-section no-animation bde-section-3672-101\">\n  \n  \n\t\n\n\n\n<div class=\"section-container\"><h1 class=\"bde-heading-3672-102-3672-1 bde-heading bde-heading-3672-102\">\nCoaching\n<\/h1><div class=\"bde-text-3672-103-3672-1 bde-text bde-text-3672-103\">\n\n<\/div><\/div>\n<\/section><\/div><\/div><section class=\"bde-section-4449-101 bde-section bde-preset-a757da71-4efb-4b7c-ac36-4af124f53d48\">\n  \n  \n\t\n\n\n\n<div class=\"section-container\"><div class=\"bde-div-4449-102 bde-div\">\n  \n  \n\t\n\n\n\n<h3 class=\"bde-heading-4449-103 bde-heading\">\nCoaching\n<\/h3><div class=\"bde-rich-text-4449-104 bde-rich-text breakdance-rich-text-styles\">\n<p><strong>Participantes<\/strong><br \/>Demandantes de empleo que necesitan apoyo individual adicional con vistas a encontrar un trabajo de forma independiente.<\/p><p><strong>Requisitos previos<\/strong><br \/>El coaching est\u00e1 indicado (por ejemplo, para problemas personales, de salud o econ\u00f3micos, dificultades de lectura, escritura y aprendizaje, traumas por despido o malas referencias laborales) y est\u00e1 aprobado por el servicio de asesoramiento de personal de la RAV.<\/p><p><strong>Objetivos del coaching<br \/><\/strong>El equipo de entrenadores<strong><br \/><\/strong><\/p><ul><li>identifica d\u00f3nde y c\u00f3mo est\u00e1 obstaculizando exactamente el proceso de solicitud el problema en cuesti\u00f3n<\/li><li>desarrolla soluciones con la persona afectada sobre c\u00f3mo puede seguir presentando su candidatura con \u00e9xito<\/li><li>recomienda y organiza otros servicios de apoyo en caso necesario e interesado<\/li><\/ul><p><strong>Duraci\u00f3n<\/strong><br \/>Es werden individuelle Coaching-Termine vereinbart. Maximal stehen 8 Stunden zur Verf\u00fcgung (inkl. Administration).<\/p><p><strong>P\u00f3ngase en contacto con nosotros<\/strong><br \/>Dorothea Saner Suiza<br \/>+41 61 339 90 02 \/ +41 79 322 22 54<br \/><a class=\"bde-text-link-3517-110 bde-text-link breakdance-link\" href=\"mailto:d.saner@contiva-berufsperspektiven.ch\" target=\"_self\" data-type=\"url\">d.saner@contiva-berufsperspektiven.ch<\/a><\/p>\n<\/div><div class=\"bde-div-4449-105 bde-div bde-preset-4d0b34c7-4d84-489f-bb13-f8ff907d8258\">\n  \n  \n\t\n\n\n\n<div class=\"bde-button-4449-106 bde-button\">\n    \n                                    \n    \n    \n    \n    \n            \n                    \n            \n            \n\n    \n    \n    \n    \n    \n    <a class=\"breakdance-link button-atom button-atom--primary bde-button__button\" href=\"https:\/\/www.contiva-berufsperspektiven.ch\/wp-content\/uploads\/2026\/02\/Contiva-JOBWAY_Coaching-ab-2026.pdf\" target=\"_blank\" data-type=\"url\"  >\n\n    \n        <span class=\"button-atom__text\">al anuncio del curso<\/span>\n\n        \n        \n                <\/a>\n\n    \n\n\n<\/div>\n<\/div>\n<\/div><\/div>\n<\/section><\/div>","protected":false},"excerpt":{"rendered":"<p>CONTIVA Coaching Coaching TeilnehmendeStellensuchende, die Bedarf an zus\u00e4tzlicher individueller Betreuung haben im Hinblick auf eine selbstst\u00e4ndige Stellensuche.VoraussetzungenCoaching-Indikation (z.B. bei pers\u00f6nlichen, gesundheitlichen oder finanziellen Problemen, Lese-, Schreib- und Lernschw\u00e4chen, K\u00fcndigungstrauma oder schlechten Arbeitszeugnissen) sind gegeben und ein Coaching ist von der RAV-Personalberatung genehmigt.Ziele des CoachingsDas Coaching-Teamstellt fest, wo und wie genau die besondere Thematik den Bewerbungsprozess [&hellip;]<\/p>\n","protected":false},"author":34,"featured_media":0,"parent":698,"menu_order":0,"comment_status":"closed","ping_status":"closed","template":"","meta":{"_acf_changed":false,"_breakdance_hide_in_design_set":false,"_breakdance_tags":"","iawp_total_views":288,"footnotes":""},"class_list":["post-4449","page","type-page","status-publish","hentry"],"acf":[],"_links":{"self":[{"href":"https:\/\/www.contiva-berufsperspektiven.ch\/es\/wp-json\/wp\/v2\/pages\/4449","targetHints":{"allow":["GET"]}}],"collection":[{"href":"https:\/\/www.contiva-berufsperspektiven.ch\/es\/wp-json\/wp\/v2\/pages"}],"about":[{"href":"https:\/\/www.contiva-berufsperspektiven.ch\/es\/wp-json\/wp\/v2\/types\/page"}],"author":[{"embeddable":true,"href":"https:\/\/www.contiva-berufsperspektiven.ch\/es\/wp-json\/wp\/v2\/users\/34"}],"replies":[{"embeddable":true,"href":"https:\/\/www.contiva-berufsperspektiven.ch\/es\/wp-json\/wp\/v2\/comments?post=4449"}],"version-history":[{"count":9,"href":"https:\/\/www.contiva-berufsperspektiven.ch\/es\/wp-json\/wp\/v2\/pages\/4449\/revisions"}],"predecessor-version":[{"id":5220,"href":"https:\/\/www.contiva-berufsperspektiven.ch\/es\/wp-json\/wp\/v2\/pages\/4449\/revisions\/5220"}],"up":[{"embeddable":true,"href":"https:\/\/www.contiva-berufsperspektiven.ch\/es\/wp-json\/wp\/v2\/pages\/698"}],"wp:attachment":[{"href":"https:\/\/www.contiva-berufsperspektiven.ch\/es\/wp-json\/wp\/v2\/media?parent=4449"}],"curies":[{"name":"wp","href":"https:\/\/api.w.org\/{rel}","templated":true}]}}