{"id":571,"date":"2023-05-02T15:59:58","date_gmt":"2023-05-02T13:59:58","guid":{"rendered":"https:\/\/www.contiva-berufsperspektiven.ch\/?page_id=571"},"modified":"2026-03-30T10:51:08","modified_gmt":"2026-03-30T08:51:08","slug":"awa-bs","status":"publish","type":"page","link":"https:\/\/www.contiva-berufsperspektiven.ch\/es\/awa-bs\/","title":{"rendered":"AWA BS"},"content":{"rendered":"<div class='breakdance'><div class=\"bde-globalblock-571-100 bde-globalblock\"><div class='breakdance'><section class=\"bde-section-3672-104-3672-1 bde-section no-animation bde-section-3672-104\">\n  \n  \n\t\n\n\n\n<div class=\"section-container\"><div class=\"bde-breadcrumbs-3672-106-3672-1 bde-breadcrumbs bde-breadcrumbs-3672-106\"><nav aria-label=\"pan rallado\" class=\"rank-math-breadcrumb\"><p><span class=\"last\">CONTIVA<\/span><\/p><\/nav><\/div><\/div>\n<\/section><section class=\"bde-section-3672-101-3672-1 bde-section no-animation bde-section-3672-101\">\n  \n  \n\t\n\n\n\n<div class=\"section-container\"><h1 class=\"bde-heading-3672-102-3672-1 bde-heading bde-heading-3672-102\">\nOficina de Econom\u00eda y Trabajo de Basilea (AWA BS)\n<\/h1><div class=\"bde-text-3672-103-3672-1 bde-text bde-text-3672-103\">\n\n<\/div><\/div>\n<\/section><\/div><\/div><section class=\"bde-section-571-101 bde-section bde-preset-a757da71-4efb-4b7c-ac36-4af124f53d48\">\n  \n  \n\t\n\n\n\n<div class=\"section-container\"><div class=\"bde-rich-text-571-102 bde-rich-text bde-preset-122c1e24-e6c5-4b29-8189-6b61ad767a10 breakdance-rich-text-styles\">\n<p>Contiva tiene las siguientes ofertas para demandantes de empleo para la AWA BS:<\/p><ul><li>Solicitantes de empleo de habla alemana (a partir del nivel B1) asignados por la AWA BS que asisten al programa <a href=\"https:\/\/www.contiva-berufsperspektiven.ch\/es\/jobway-awa-bs\/\">JOBWAY<\/a>.<\/li><li>Para los participantes de lengua extranjera, Contiva ofrece lo siguiente <a href=\"#unser-angebot\" data-wplink-edit=\"true\">WSI <\/a>(C\u00f3mo buscar). WSI se centra en la evaluaci\u00f3n profesional y el apoyo concreto en el proceso de b\u00fasqueda y solicitud de empleo.<\/li><li>Para los participantes en los cursos con dificultades particulares, ofrecemos un suplemento <a href=\"#unser-angebot\">Entrenamiento individual seg\u00fan WSI<\/a> curso para mejorar sus posibilidades en el mercado laboral.<\/li><li>Los solicitantes de empleo que deseen presentar su candidatura utilizando medios basados en im\u00e1genes reciben la siguiente informaci\u00f3n en el <a href=\"#unser-angebot\">Laboratorio de aplicaciones<\/a> la oportunidad de presentar una solicitud alternativa.<\/li><li>Los solicitantes de empleo que completan un programa de empleo con el Estado tambi\u00e9n asisten al <a href=\"#unser-angebot\">Taller de solicitud de empleo para trabajadores temporales<\/a> (VBBW) en Contiva.<\/li><\/ul>\n<\/div><\/div>\n<\/section><section class=\"bde-section-571-120 bde-section\">\n  \n  \n\t\n\n\n\n<div class=\"section-container\"><h2 class=\"bde-heading-571-221 bde-heading\">\nNuestra oferta\n<\/h2><div class=\"bde-grid-571-200 bde-grid\">\n  \n  \n\t\n\n\n\n<div class=\"bde-div-571-202 bde-div\">\n  \n  \n\t\n\n\n\n<h3 class=\"bde-heading-571-203 bde-heading\">\nWSI\n<\/h3><div class=\"bde-button-571-204 bde-button\">\n    \n                                    \n    \n    \n    \n    \n            \n                    \n            \n            \n\n    \n    \n    \n    \n    \n    <a class=\"breakdance-link button-atom button-atom--primary bde-button__button\" href=\"https:\/\/www.contiva-berufsperspektiven.ch\/es\/awa-bs\/wsi\/\" target=\"_self\" data-type=\"url\"  >\n\n    \n        <span class=\"button-atom__text\">Al curso WSI<\/span>\n\n        \n        \n                <\/a>\n\n    \n\n\n<\/div>\n<\/div><div class=\"bde-div-571-217 bde-div\">\n  \n  \n\t\n\n\n\n<h3 class=\"bde-heading-571-218 bde-heading\">\nLuz WSI\n<\/h3><div class=\"bde-button-571-219 bde-button\">\n    \n                                    \n    \n    \n    \n    \n            \n                    \n            \n            \n\n    \n    \n    \n    \n    \n    <a class=\"breakdance-link button-atom button-atom--primary bde-button__button\" href=\"https:\/\/www.contiva-berufsperspektiven.ch\/es\/awa-bs\/wsi-light\/\" target=\"_self\" data-type=\"url\"  >\n\n    \n        <span class=\"button-atom__text\">Al curso de iluminaci\u00f3n WSI<\/span>\n\n        \n        \n                <\/a>\n\n    \n\n\n<\/div>\n<\/div><div class=\"bde-div-571-214 bde-div\">\n  \n  \n\t\n\n\n\n<h3 class=\"bde-heading-571-215 bde-heading\">\nCoaching seg\u00fan WSI\n<\/h3><div class=\"bde-button-571-216 bde-button\">\n    \n                                    \n    \n    \n    \n    \n            \n                    \n            \n            \n\n    \n    \n    \n    \n    \n    <a class=\"breakdance-link button-atom button-atom--primary bde-button__button\" href=\"https:\/\/www.contiva-berufsperspektiven.ch\/es\/awa-bs\/coaching-segun-el-wsi\/\" target=\"_self\" data-type=\"url\"  >\n\n    \n        <span class=\"button-atom__text\">Coaching seg\u00fan WSI<\/span>\n\n        \n        \n                <\/a>\n\n    \n\n\n<\/div>\n<\/div><div class=\"bde-div-571-211 bde-div\">\n  \n  \n\t\n\n\n\n<h3 class=\"bde-heading-571-212 bde-heading\">\nLaboratorio de aplicaciones\n<\/h3><div class=\"bde-button-571-213 bde-button\">\n    \n                                    \n    \n    \n    \n    \n            \n                    \n            \n            \n\n    \n    \n    \n    \n    \n    <a class=\"breakdance-link button-atom button-atom--primary bde-button__button\" href=\"https:\/\/www.contiva-berufsperspektiven.ch\/es\/awa-bs\/laboratorio-de-aplicaciones\/\" target=\"_self\" data-type=\"url\"  >\n\n    \n        <span class=\"button-atom__text\">Al laboratorio de aplicaciones<\/span>\n\n        \n        \n                <\/a>\n\n    \n\n\n<\/div>\n<\/div><div class=\"bde-div-571-208 bde-div\">\n  \n  \n\t\n\n\n\n<h3 class=\"bde-heading-571-209 bde-heading\">\nTaller de aplicaci\u00f3n\n<\/h3><div class=\"bde-button-571-210 bde-button\">\n    \n                                    \n    \n    \n    \n    \n            \n                    \n            \n            \n\n    \n    \n    \n    \n    \n    <a class=\"breakdance-link button-atom button-atom--primary bde-button__button\" href=\"https:\/\/www.contiva-berufsperspektiven.ch\/es\/awa-bs\/taller-de-solicitud\/\" target=\"_self\" data-type=\"url\"  >\n\n    \n        <span class=\"button-atom__text\">Al taller de aplicaci\u00f3n (VBBW)<\/span>\n\n        \n        \n                <\/a>\n\n    \n\n\n<\/div>\n<\/div>\n<\/div><\/div>\n<\/section><section class=\"bde-section-571-188 bde-section bde-preset-a757da71-4efb-4b7c-ac36-4af124f53d48\">\n  \n  \n\t\n\n\n\n<div class=\"section-container\"><div class=\"bde-advancedslider-571-189 bde-advancedslider bde-preset-e66db929-2653-4fcb-84aa-9a9017dde908\">\n<div class=\"breakdance-swiper-wrapper\" data-swiper-id=\"189\">\n  <div class=\"swiper\">\n    <div class=\"swiper-wrapper\">\n      <div class=\"bde-advancedslide-571-190 bde-advancedslide bde-preset-0c67b29b-1fba-42f0-8ecc-f9ac3777c480 swiper-slide\"><div class=\"advanced-slider__slide\">\r\n  <div class=\"bde-fancy-testimonial-571-191 bde-fancy-testimonial bde-preset-c83e8bde-2678-4431-a9c5-d3b63813a7d2\">\n<div class='bde-fancy-testimonial_image'>\n  <img loading=\"lazy\" decoding=\"async\" class=\"breakdance-image-object\" src=\"https:\/\/www.contiva-berufsperspektiven.ch\/wp-content\/uploads\/2023\/05\/Mann_Privat.jpg\" width=\"2501\" height=\"2501\" srcset=\"https:\/\/www.contiva-berufsperspektiven.ch\/wp-content\/uploads\/2023\/05\/Mann_Privat.jpg 2501w, https:\/\/www.contiva-berufsperspektiven.ch\/wp-content\/uploads\/2023\/05\/Mann_Privat-300x300.jpg 300w, https:\/\/www.contiva-berufsperspektiven.ch\/wp-content\/uploads\/2023\/05\/Mann_Privat-1024x1024.jpg 1024w, https:\/\/www.contiva-berufsperspektiven.ch\/wp-content\/uploads\/2023\/05\/Mann_Privat-150x150.jpg 150w, https:\/\/www.contiva-berufsperspektiven.ch\/wp-content\/uploads\/2023\/05\/Mann_Privat-768x768.jpg 768w, https:\/\/www.contiva-berufsperspektiven.ch\/wp-content\/uploads\/2023\/05\/Mann_Privat-1536x1536.jpg 1536w, https:\/\/www.contiva-berufsperspektiven.ch\/wp-content\/uploads\/2023\/05\/Mann_Privat-2048x2048.jpg 2048w, https:\/\/www.contiva-berufsperspektiven.ch\/wp-content\/uploads\/2023\/05\/Mann_Privat-800x800.jpg 800w, https:\/\/www.contiva-berufsperspektiven.ch\/wp-content\/uploads\/2023\/05\/Mann_Privat-560x560.jpg 560w, https:\/\/www.contiva-berufsperspektiven.ch\/wp-content\/uploads\/2023\/05\/Mann_Privat-400x400.jpg 400w, https:\/\/www.contiva-berufsperspektiven.ch\/wp-content\/uploads\/2023\/05\/Mann_Privat-240x240.jpg 240w, https:\/\/www.contiva-berufsperspektiven.ch\/wp-content\/uploads\/2023\/05\/Mann_Privat-280x280.jpg 280w, https:\/\/www.contiva-berufsperspektiven.ch\/wp-content\/uploads\/2023\/05\/Mann_Privat-200x200.jpg 200w, https:\/\/www.contiva-berufsperspektiven.ch\/wp-content\/uploads\/2023\/05\/Mann_Privat-120x120.jpg 120w\" sizes=\"auto, (max-width: 2501px) 100vw, 2501px\" alt=\"Silueta hombre en look casual\">\n<\/div>\n<div class='bde-fancy-testimonial_content'>\n  \n  <div class='bde-fancy-testimonial_text'>\n        <div class=\"bde-fancy-testimonial_quote\"><svg xmlns=\"http:\/\/www.w3.org\/2000\/svg\" width=\"100\" height=\"76\" viewbox=\"0 0 100 76\">\r\n    <path d=\"M65.698 25.656C71.305 16.136 81.016 7.583 94.823 0L100 6.497C84.897 18.621 77.35 27.496 77.35 33.122c0 3.043 2.691 5.313 8.093 6.82 8.843 2.388 13.27 8.122 13.27 17.222 0 5.411-1.94 9.961-5.83 13.64C88.357 74.268 83.61 76 78.646 76c-4.105 0-8.532-1.624-13.27-4.873-4.75-4.755-7.118-11.145-7.118-19.159 0-9.53 2.476-18.298 7.44-26.312m-58.26 0C13.047 16.136 22.866 7.583 36.896 0l4.856 6.497c-15.103 12.124-22.66 20.999-22.66 26.625 0 3.043 2.701 5.313 8.093 6.82 8.844 2.388 13.27 8.122 13.27 17.222 0 5.411-1.833 9.961-5.499 13.64C30.421 74.268 25.565 76 20.388 76c-4.105 0-8.522-1.624-13.27-4.873C2.369 66.372 0 59.982 0 51.968c0-9.53 2.477-18.298 7.44-26.312\" fill=\"#D20022\" fill-rule=\"evenodd\"\/>\r\n<\/svg><\/div>\n    <div class=\"bde-fancy-testimonial_quote\"><svg xmlns=\"http:\/\/www.w3.org\/2000\/svg\" width=\"100\" height=\"76\" viewbox=\"0 0 100 76\">\r\n    <path d=\"M65.698 25.656C71.305 16.136 81.016 7.583 94.823 0L100 6.497C84.897 18.621 77.35 27.496 77.35 33.122c0 3.043 2.691 5.313 8.093 6.82 8.843 2.388 13.27 8.122 13.27 17.222 0 5.411-1.94 9.961-5.83 13.64C88.357 74.268 83.61 76 78.646 76c-4.105 0-8.532-1.624-13.27-4.873-4.75-4.755-7.118-11.145-7.118-19.159 0-9.53 2.476-18.298 7.44-26.312m-58.26 0C13.047 16.136 22.866 7.583 36.896 0l4.856 6.497c-15.103 12.124-22.66 20.999-22.66 26.625 0 3.043 2.701 5.313 8.093 6.82 8.844 2.388 13.27 8.122 13.27 17.222 0 5.411-1.833 9.961-5.499 13.64C30.421 74.268 25.565 76 20.388 76c-4.105 0-8.522-1.624-13.27-4.873C2.369 66.372 0 59.982 0 51.968c0-9.53 2.477-18.298 7.44-26.312\" fill=\"#D20022\" fill-rule=\"evenodd\"\/>\r\n<\/svg><\/div>\n        <p  class='bde-fancy-testimonial_text_text'>\"Aprend\u00ed a redactar una solicitud y a trabajar en un PC. Practiqu\u00e9 la entrevista de trabajo\".<\/p>\n  <\/div>\n      <div class='bde-fancy-testimonial_name' >\n    Ahmed H.\n  <\/div>\n      <div class='bde-fancy-testimonial_occupation' >\n    Isoleur de tejado plano\n  <\/div>\n    <\/div>\n\n<\/div>\r\n<\/div><\/div><div class=\"bde-advancedslide-571-192 bde-advancedslide bde-preset-0c67b29b-1fba-42f0-8ecc-f9ac3777c480 swiper-slide\"><div class=\"advanced-slider__slide\">\r\n  <div class=\"bde-fancy-testimonial-571-193 bde-fancy-testimonial bde-preset-c83e8bde-2678-4431-a9c5-d3b63813a7d2\">\n<div class='bde-fancy-testimonial_image'>\n  <img loading=\"lazy\" decoding=\"async\" class=\"breakdance-image-object\" src=\"https:\/\/www.contiva-berufsperspektiven.ch\/wp-content\/uploads\/2023\/05\/Frau_Privat.jpg\" width=\"2501\" height=\"2501\" srcset=\"https:\/\/www.contiva-berufsperspektiven.ch\/wp-content\/uploads\/2023\/05\/Frau_Privat.jpg 2501w, https:\/\/www.contiva-berufsperspektiven.ch\/wp-content\/uploads\/2023\/05\/Frau_Privat-300x300.jpg 300w, https:\/\/www.contiva-berufsperspektiven.ch\/wp-content\/uploads\/2023\/05\/Frau_Privat-1024x1024.jpg 1024w, https:\/\/www.contiva-berufsperspektiven.ch\/wp-content\/uploads\/2023\/05\/Frau_Privat-150x150.jpg 150w, https:\/\/www.contiva-berufsperspektiven.ch\/wp-content\/uploads\/2023\/05\/Frau_Privat-768x768.jpg 768w, https:\/\/www.contiva-berufsperspektiven.ch\/wp-content\/uploads\/2023\/05\/Frau_Privat-1536x1536.jpg 1536w, https:\/\/www.contiva-berufsperspektiven.ch\/wp-content\/uploads\/2023\/05\/Frau_Privat-2048x2048.jpg 2048w, https:\/\/www.contiva-berufsperspektiven.ch\/wp-content\/uploads\/2023\/05\/Frau_Privat-800x800.jpg 800w, https:\/\/www.contiva-berufsperspektiven.ch\/wp-content\/uploads\/2023\/05\/Frau_Privat-560x560.jpg 560w, https:\/\/www.contiva-berufsperspektiven.ch\/wp-content\/uploads\/2023\/05\/Frau_Privat-400x400.jpg 400w, https:\/\/www.contiva-berufsperspektiven.ch\/wp-content\/uploads\/2023\/05\/Frau_Privat-240x240.jpg 240w, https:\/\/www.contiva-berufsperspektiven.ch\/wp-content\/uploads\/2023\/05\/Frau_Privat-280x280.jpg 280w, https:\/\/www.contiva-berufsperspektiven.ch\/wp-content\/uploads\/2023\/05\/Frau_Privat-200x200.jpg 200w, https:\/\/www.contiva-berufsperspektiven.ch\/wp-content\/uploads\/2023\/05\/Frau_Privat-120x120.jpg 120w\" sizes=\"auto, (max-width: 2501px) 100vw, 2501px\" alt=\"Silueta mujer look ocio\">\n<\/div>\n<div class='bde-fancy-testimonial_content'>\n  \n  <div class='bde-fancy-testimonial_text'>\n        <div class=\"bde-fancy-testimonial_quote\"><svg xmlns=\"http:\/\/www.w3.org\/2000\/svg\" width=\"100\" height=\"76\" viewbox=\"0 0 100 76\">\r\n    <path d=\"M65.698 25.656C71.305 16.136 81.016 7.583 94.823 0L100 6.497C84.897 18.621 77.35 27.496 77.35 33.122c0 3.043 2.691 5.313 8.093 6.82 8.843 2.388 13.27 8.122 13.27 17.222 0 5.411-1.94 9.961-5.83 13.64C88.357 74.268 83.61 76 78.646 76c-4.105 0-8.532-1.624-13.27-4.873-4.75-4.755-7.118-11.145-7.118-19.159 0-9.53 2.476-18.298 7.44-26.312m-58.26 0C13.047 16.136 22.866 7.583 36.896 0l4.856 6.497c-15.103 12.124-22.66 20.999-22.66 26.625 0 3.043 2.701 5.313 8.093 6.82 8.844 2.388 13.27 8.122 13.27 17.222 0 5.411-1.833 9.961-5.499 13.64C30.421 74.268 25.565 76 20.388 76c-4.105 0-8.522-1.624-13.27-4.873C2.369 66.372 0 59.982 0 51.968c0-9.53 2.477-18.298 7.44-26.312\" fill=\"#D20022\" fill-rule=\"evenodd\"\/>\r\n<\/svg><\/div>\n    <div class=\"bde-fancy-testimonial_quote\"><svg xmlns=\"http:\/\/www.w3.org\/2000\/svg\" width=\"100\" height=\"76\" viewbox=\"0 0 100 76\">\r\n    <path d=\"M65.698 25.656C71.305 16.136 81.016 7.583 94.823 0L100 6.497C84.897 18.621 77.35 27.496 77.35 33.122c0 3.043 2.691 5.313 8.093 6.82 8.843 2.388 13.27 8.122 13.27 17.222 0 5.411-1.94 9.961-5.83 13.64C88.357 74.268 83.61 76 78.646 76c-4.105 0-8.532-1.624-13.27-4.873-4.75-4.755-7.118-11.145-7.118-19.159 0-9.53 2.476-18.298 7.44-26.312m-58.26 0C13.047 16.136 22.866 7.583 36.896 0l4.856 6.497c-15.103 12.124-22.66 20.999-22.66 26.625 0 3.043 2.701 5.313 8.093 6.82 8.844 2.388 13.27 8.122 13.27 17.222 0 5.411-1.833 9.961-5.499 13.64C30.421 74.268 25.565 76 20.388 76c-4.105 0-8.522-1.624-13.27-4.873C2.369 66.372 0 59.982 0 51.968c0-9.53 2.477-18.298 7.44-26.312\" fill=\"#D20022\" fill-rule=\"evenodd\"\/>\r\n<\/svg><\/div>\n        <p  class='bde-fancy-testimonial_text_text'>\"El responsable del curso fue amable, cort\u00e9s y mostr\u00f3 inter\u00e9s por cada persona\".<\/p>\n  <\/div>\n      <div class='bde-fancy-testimonial_name' >\n    Sandra V.\n  <\/div>\n      <div class='bde-fancy-testimonial_occupation' >\n    Empleado de servicio\n  <\/div>\n    <\/div>\n\n<\/div>\r\n<\/div><\/div>\n    <\/div>\n  <\/div>\n\n              <div class=\"swiper-button-prev\">\n            \n        <\/div>\n        <div class=\"swiper-button-next\">\n            \n        <\/div>\n    \n            <div class=\"swiper-pagination\"><\/div>\n    \n<\/div>\n\n<\/div><\/div>\n<\/section><\/div>","protected":false},"excerpt":{"rendered":"<p>CONTIVA Amt f\u00fcr Wirtschaft und Arbeit Basel\u2060\u2060\u2060\u2060\u2060\u2060\u2060\u2060\u2060\u2060\u2060\u2060\u2060\u2060\u2060\u2060\u2060\u2060\u2060\u2060\u2060\u2060\u2060\u2060\u2060\u2060\u2060\u2060\u2060\u2060\u2060\u2060\u2060\u2060\u2060\u2060\u2060\u2060\u2060\u2060\u2060\u2060\u2060\u2060\u2060\u2060\u2060\u2060\u2060\u2060\u2060\u2060\u2060\u2060\u2060\u2060\u2060\u2060\u2060\u2060-\u2060\u2060\u2060\u2060\u2060\u2060\u2060\u2060\u2060\u2060\u2060\u2060\u2060\u2060\u2060\u2060\u2060\u2060\u2060\u2060\u2060\u2060\u2060\u2060\u2060\u2060\u2060\u2060\u2060\u2060\u2060\u2060\u2060\u2060\u2060\u2060\u2060\u2060\u2060\u2060\u2060\u2060\u2060\u2060\u2060\u2060\u2060\u2060\u2060\u2060\u2060\u2060\u2060\u2060\u2060\u2060\u2060\u2060\u2060\u2060Stadt (AWA BS) F\u00fcr das AWA BS hat Contiva folgende Angebote f\u00fcr Stellensuchende:Die deutschsprachigen Stellensuchenden (ab Niveau B1), die vom AWA BS zugewiesen werden, besuchen das Programm JOBWAY.F\u00fcr fremdsprachige Teilnehmende hat Contiva das Angebot WSI (Wie suche ich) entwickelt. Die Themenschwerpunkte von WSI bilden die berufliche Standortbestimmung sowie die [&hellip;]<\/p>\n","protected":false},"author":8,"featured_media":0,"parent":0,"menu_order":0,"comment_status":"closed","ping_status":"closed","template":"","meta":{"_acf_changed":false,"_breakdance_hide_in_design_set":false,"_breakdance_tags":"","iawp_total_views":443,"footnotes":""},"class_list":["post-571","page","type-page","status-publish","hentry"],"acf":[],"_links":{"self":[{"href":"https:\/\/www.contiva-berufsperspektiven.ch\/es\/wp-json\/wp\/v2\/pages\/571","targetHints":{"allow":["GET"]}}],"collection":[{"href":"https:\/\/www.contiva-berufsperspektiven.ch\/es\/wp-json\/wp\/v2\/pages"}],"about":[{"href":"https:\/\/www.contiva-berufsperspektiven.ch\/es\/wp-json\/wp\/v2\/types\/page"}],"author":[{"embeddable":true,"href":"https:\/\/www.contiva-berufsperspektiven.ch\/es\/wp-json\/wp\/v2\/users\/8"}],"replies":[{"embeddable":true,"href":"https:\/\/www.contiva-berufsperspektiven.ch\/es\/wp-json\/wp\/v2\/comments?post=571"}],"version-history":[{"count":42,"href":"https:\/\/www.contiva-berufsperspektiven.ch\/es\/wp-json\/wp\/v2\/pages\/571\/revisions"}],"predecessor-version":[{"id":5348,"href":"https:\/\/www.contiva-berufsperspektiven.ch\/es\/wp-json\/wp\/v2\/pages\/571\/revisions\/5348"}],"wp:attachment":[{"href":"https:\/\/www.contiva-berufsperspektiven.ch\/es\/wp-json\/wp\/v2\/media?parent=571"}],"curies":[{"name":"wp","href":"https:\/\/api.w.org\/{rel}","templated":true}]}}