{"id":892,"date":"2023-05-05T14:58:08","date_gmt":"2023-05-05T12:58:08","guid":{"rendered":"https:\/\/www.contiva-berufsperspektiven.ch\/?page_id=892"},"modified":"2026-03-30T10:53:25","modified_gmt":"2026-03-30T08:53:25","slug":"seguro-de-invalidez","status":"publish","type":"page","link":"https:\/\/www.contiva-berufsperspektiven.ch\/es\/invalidenversicherung\/","title":{"rendered":"Seguro de invalidez"},"content":{"rendered":"<div class='breakdance'><div class=\"bde-globalblock-892-100 bde-globalblock\"><div class='breakdance'><section class=\"bde-section-3672-104-3672-1 bde-section no-animation bde-section-3672-104\">\n  \n  \n\t\n\n\n\n<div class=\"section-container\"><div class=\"bde-breadcrumbs-3672-106-3672-1 bde-breadcrumbs bde-breadcrumbs-3672-106\"><nav aria-label=\"pan rallado\" class=\"rank-math-breadcrumb\"><p><span class=\"last\">CONTIVA<\/span><\/p><\/nav><\/div><\/div>\n<\/section><section class=\"bde-section-3672-101-3672-1 bde-section no-animation bde-section-3672-101\">\n  \n  \n\t\n\n\n\n<div class=\"section-container\"><h1 class=\"bde-heading-3672-102-3672-1 bde-heading bde-heading-3672-102\">\nCoaching para asegurados IV\n<\/h1><div class=\"bde-text-3672-103-3672-1 bde-text bde-text-3672-103\">\n<p>En sesiones de coaching especialmente dise\u00f1adas, trabajamos con la persona asegurada para desarrollar una estrategia de b\u00fasqueda de empleo o pr\u00e1cticas a medida. Nuestros coaches est\u00e1n sensibilizados con la especial situaci\u00f3n de partida de nuestros clientes. El alto porcentaje de pr\u00e1cticas realizadas cada a\u00f1o confirma la calidad de nuestro servicio.<\/p>\n\n<\/div><\/div>\n<\/section><\/div><\/div><section class=\"bde-section-892-101 bde-section bde-preset-a757da71-4efb-4b7c-ac36-4af124f53d48\">\n  \n  \n\t\n\n\n\n<div class=\"section-container\"><div class=\"bde-image-892-102 bde-image\">\n<figure class=\"breakdance-image breakdance-image--1766\">\n\t<div class=\"breakdance-image-container\">\n\t\t<div class=\"breakdance-image-clip\"><img loading=\"lazy\" decoding=\"async\" class=\"breakdance-image-object\" src=\"https:\/\/www.contiva-berufsperspektiven.ch\/wp-content\/uploads\/2023\/05\/JOBC_230012_Contiva_Webseite_Inhaltsbildern_840x475px_17.jpg\" width=\"1680\" height=\"950\" srcset=\"https:\/\/www.contiva-berufsperspektiven.ch\/wp-content\/uploads\/2023\/05\/JOBC_230012_Contiva_Webseite_Inhaltsbildern_840x475px_17.jpg 1680w, https:\/\/www.contiva-berufsperspektiven.ch\/wp-content\/uploads\/2023\/05\/JOBC_230012_Contiva_Webseite_Inhaltsbildern_840x475px_17-300x170.jpg 300w, https:\/\/www.contiva-berufsperspektiven.ch\/wp-content\/uploads\/2023\/05\/JOBC_230012_Contiva_Webseite_Inhaltsbildern_840x475px_17-1024x579.jpg 1024w, https:\/\/www.contiva-berufsperspektiven.ch\/wp-content\/uploads\/2023\/05\/JOBC_230012_Contiva_Webseite_Inhaltsbildern_840x475px_17-768x434.jpg 768w, https:\/\/www.contiva-berufsperspektiven.ch\/wp-content\/uploads\/2023\/05\/JOBC_230012_Contiva_Webseite_Inhaltsbildern_840x475px_17-1536x869.jpg 1536w, https:\/\/www.contiva-berufsperspektiven.ch\/wp-content\/uploads\/2023\/05\/JOBC_230012_Contiva_Webseite_Inhaltsbildern_840x475px_17-707x400.jpg 707w, https:\/\/www.contiva-berufsperspektiven.ch\/wp-content\/uploads\/2023\/05\/JOBC_230012_Contiva_Webseite_Inhaltsbildern_840x475px_17-495x280.jpg 495w, https:\/\/www.contiva-berufsperspektiven.ch\/wp-content\/uploads\/2023\/05\/JOBC_230012_Contiva_Webseite_Inhaltsbildern_840x475px_17-354x200.jpg 354w, https:\/\/www.contiva-berufsperspektiven.ch\/wp-content\/uploads\/2023\/05\/JOBC_230012_Contiva_Webseite_Inhaltsbildern_840x475px_17-212x120.jpg 212w\" sizes=\"auto, (max-width: 1680px) 100vw, 1680px\" alt=\"Contenido Imagen con fondo color petr\u00f3leo que muestra a un hombre y una mujer d\u00e1ndose la mano y mir\u00e1ndose. La mujer sostiene un iPad.\"><\/div>\n\t<\/div><\/figure>\n\n<\/div><\/div>\n<\/section><section class=\"bde-section-892-103 bde-section bde-preset-c877ce6a-8423-4ccd-a24f-08a5091d10f3\">\n              \n  \n  \n\t\n\n\n\n<div class=\"section-container\"><h2 class=\"bde-heading-892-104 bde-heading\">\nNuestra oferta\n<\/h2><\/div>\n<\/section><section class=\"bde-section-892-105 bde-section bde-preset-84a15dde-f849-469d-bf93-8fff4095fba1\">\n  \n  \n\t\n\n\n\n<div class=\"section-container\"><div id=\"angebot\" class=\"bde-advanced-tabs-892-106 bde-advanced-tabs bde-preset-32dfa362-4d24-4eac-b6d4-bfff4cdaf519\">\n\n\n        \n  \n  \n  <div class=\"bde-tabs__tabslist-container bde-tabs__tabslist-container--scrollable is-horizontal js-tabs-container\">\n    <div class=\"bde-tabs__tabslist bde-tabs__tabslist--tabs js-tablist\" role=\"tablist\" aria-label=\"Fichas de contenido\" aria-orientation=\"horizontal\" data-tabs-id=\"bde-advanced-tabs-892-106\">\n      \n              <button role=\"tab\" aria-selected=\"false\" class=\"bde-tabs__tab js-tab\" aria-controls=\"tab-panel-bde-advanced-tabs-892-106-1\" id=\"tab-bde-advanced-tabs-892-106-1\" data-value=\"1\">\n                    <span class=\"bde-tabs__tab-title\">Orientaci\u00f3n para la solicitud de empleo<\/span>\n        <\/button>\n              <button role=\"tab\" aria-selected=\"false\" class=\"bde-tabs__tab js-tab\" aria-controls=\"tab-panel-bde-advanced-tabs-892-106-2\" id=\"tab-bde-advanced-tabs-892-106-2\" data-value=\"2\">\n                    <span class=\"bde-tabs__tab-title\">Coaching laboral<\/span>\n        <\/button>\n              <button role=\"tab\" aria-selected=\"false\" class=\"bde-tabs__tab js-tab\" aria-controls=\"tab-panel-bde-advanced-tabs-892-106-3\" id=\"tab-bde-advanced-tabs-892-106-3\" data-value=\"3\">\n                    <span class=\"bde-tabs__tab-title\">Entrenamiento individual<\/span>\n        <\/button>\n              <button role=\"tab\" aria-selected=\"false\" class=\"bde-tabs__tab js-tab\" aria-controls=\"tab-panel-bde-advanced-tabs-892-106-4\" id=\"tab-bde-advanced-tabs-892-106-4\" data-value=\"4\">\n                    <span class=\"bde-tabs__tab-title\">B\u00fasqueda activa de empleo<\/span>\n        <\/button>\n          <\/div>\n  <\/div>\n\n<div class=\"bde-tabs-content-container\">\n  <div class=\"bde-advanced-tabs-content-892-107 bde-advanced-tabs-content\"><div tabindex=\"0\" role=\"tabpanel\" class=\"bde-tabs__panel js-panel\" id=\"\" aria-labelledby=\"\">\r\n  <div class=\"bde-tabs__panel-content\">\r\n    <div class=\"bde-div-892-108 bde-div\">\n  \n  \n\t\n\n\n\n<h3 class=\"bde-heading-892-109 bde-heading\">\nOrientaci\u00f3n para la solicitud de empleo\n<\/h3><div class=\"bde-rich-text-892-110 bde-rich-text breakdance-rich-text-styles\">\n<p><strong>Participantes<\/strong><br \/>Personas aseguradas por el IV que buscan empleo.<\/p><p><strong>Requisitos previos<\/strong><\/p><ul><li>Se han aclarado los resultados en relaci\u00f3n con el mercado de trabajo primario.<\/li><li>Las personas aseguradas IV tienen un conocimiento m\u00ednimo de alem\u00e1n (tambi\u00e9n es posible el coaching en E, F e I a petici\u00f3n).<\/li><li>Est\u00e1n motivados.<\/li><\/ul><p><strong>Objetivos<\/strong><br \/>En el coaching para la solicitud de empleo, los asegurados IV desarrollan una apariencia convincente para el mercado laboral y para empezar a trabajar. Han desarrollado una estrategia de solicitud, preparado los documentos de solicitud y practicado para las entrevistas de trabajo.<\/p><p><strong>N\u00famero de horas<\/strong><br \/>20<\/p><p><strong>Duraci\u00f3n<\/strong><br \/>3 meses<\/p><p><strong>P\u00f3ngase en contacto con nosotros<\/strong><br \/>Sabina Cannarozzo<br \/>061 339 90 03<br \/>079 627 51 82<br \/><a href=\"mailto:s.cannarozzo@contiva-berufsperspektiven.ch\">s.cannarozzo@contiva-berufsperspektiven.ch<\/a><\/p>\n<\/div>\n<\/div>\r\n  <\/div>\r\n<\/div>\r\n<\/div><div class=\"bde-advanced-tabs-content-892-137 bde-advanced-tabs-content\"><div tabindex=\"0\" role=\"tabpanel\" class=\"bde-tabs__panel js-panel\" id=\"\" aria-labelledby=\"\">\r\n  <div class=\"bde-tabs__panel-content\">\r\n    <div class=\"bde-div-892-138 bde-div\">\n  \n  \n\t\n\n\n\n<h3 class=\"bde-heading-892-139 bde-heading\">\nCoaching laboral\n<\/h3><div class=\"bde-rich-text-892-140 bde-rich-text breakdance-rich-text-styles\">\n<p><strong>Participantes<\/strong><br \/>asegurados IV que mantienen una relaci\u00f3n laboral.<\/p><p><strong>Requisitos previos<\/strong><\/p><ul><li>IV los asegurados tienen una relaci\u00f3n laboral.<\/li><li>Posee conocimientos m\u00ednimos de alem\u00e1n (a petici\u00f3n, tambi\u00e9n es posible el aprendizaje de los idiomas E, F e I).<\/li><li>Est\u00e1n motivados.<\/li><\/ul><p><strong>Objetivos<\/strong><br \/>Los asegurados por v\u00eda intravenosa pueden conservar su puesto de trabajo; es posible que haya que adaptarlo ligeramente. Los asegurados IV y los empresarios reciben el apoyo necesario de Contiva. Se aclara la necesidad de asistencia.<\/p><p><strong>N\u00famero de horas<\/strong><br \/>20<\/p><p><strong>Duraci\u00f3n<\/strong><br \/>3 meses<\/p><p><strong>P\u00f3ngase en contacto con nosotros<\/strong><br \/>Sabina Cannarozzo<br \/>061 339 90 03<br \/>079 627 51 82<br \/><a href=\"mailto:s.cannarozzo@contiva-berufsperspektiven.ch\">s.cannarozzo@contiva-berufsperspektiven.ch<\/a><\/p>\n<\/div>\n<\/div>\r\n  <\/div>\r\n<\/div>\r\n<\/div><div class=\"bde-advanced-tabs-content-892-141 bde-advanced-tabs-content\"><div tabindex=\"0\" role=\"tabpanel\" class=\"bde-tabs__panel js-panel\" id=\"\" aria-labelledby=\"\">\r\n  <div class=\"bde-tabs__panel-content\">\r\n    <div class=\"bde-div-892-142 bde-div\">\n  \n  \n\t\n\n\n\n<h3 class=\"bde-heading-892-143 bde-heading\">\nEntrenamiento individual\n<\/h3><div class=\"bde-rich-text-892-144 bde-rich-text breakdance-rich-text-styles\">\n<p><strong>Participantes<\/strong><br \/>asegurados IV que necesitan un asesoramiento individualizado debido a su situaci\u00f3n especial.<\/p><p><strong>Requisitos previos<\/strong><\/p><ul><li>Se aclaran las necesidades individuales de coaching.<\/li><li>Las personas aseguradas IV tienen un conocimiento m\u00ednimo de alem\u00e1n (tambi\u00e9n es posible el coaching en E, F e I a petici\u00f3n).<\/li><li>Est\u00e1n motivados.<\/li><\/ul><p><strong>Objetivos<\/strong><br \/>Contiva trabaja con los asegurados de IV para desarrollar soluciones a sus dificultades individuales espec\u00edficas, como problemas de salud complejos no resueltos, actitudes o comportamientos problem\u00e1ticos o problemas familiares.<\/p><p><strong>N\u00famero de horas<\/strong><br \/>25<\/p><p><strong>Duraci\u00f3n<\/strong><br \/>3 meses<\/p><p><strong>P\u00f3ngase en contacto con nosotros<\/strong><br \/>Sabina Cannarozzo<br \/>061 339 90 03<br \/>079 627 51 82<br \/><a href=\"mailto:s.cannarozzo@contiva-berufsperspektiven.ch\">s.cannarozzo@contiva-berufsperspektiven.ch<\/a><\/p>\n<\/div>\n<\/div>\r\n  <\/div>\r\n<\/div>\r\n<\/div><div class=\"bde-advanced-tabs-content-892-145 bde-advanced-tabs-content\"><div tabindex=\"0\" role=\"tabpanel\" class=\"bde-tabs__panel js-panel\" id=\"\" aria-labelledby=\"\">\r\n  <div class=\"bde-tabs__panel-content\">\r\n    <div class=\"bde-div-892-146 bde-div\">\n  \n  \n\t\n\n\n\n<h3 class=\"bde-heading-892-147 bde-heading\">\nCoaching individual con b\u00fasqueda activa de empleo\n<\/h3><div class=\"bde-rich-text-892-148 bde-rich-text breakdance-rich-text-styles\">\n<p><strong>Participantes<\/strong><br \/>asegurados IV que necesitan un acompa\u00f1amiento individualizado en su b\u00fasqueda de empleo.<\/p><p><strong>Requisitos previos<\/strong><\/p><ul><li>Los resultados en el mercado de trabajo primario se han aclarado o a\u00fan deben aclararse.<\/li><li>Las personas aseguradas IV tienen un conocimiento m\u00ednimo de alem\u00e1n (tambi\u00e9n es posible el coaching en E, F e I a petici\u00f3n).<\/li><li>Est\u00e1n motivados.<\/li><\/ul><p><strong>Objetivos<\/strong><br \/>Los asegurados IV encuentran el siguiente empleo adecuado en el mercado de trabajo primario:<\/p><ul><li>una posici\u00f3n con un rendimiento clarificado,<\/li><li>pr\u00e1cticas si es necesario aclarar el rendimiento.<\/li><\/ul><p>El coaching coloca activamente a las personas (s\u00f3lo) si ello aumenta sus posibilidades de encontrar el empleo que buscan. Esto es casi siempre necesario cuando se buscan pr\u00e1cticas, pero solo excepcionalmente \u00fatil cuando se busca un empleo.<\/p><p><strong>N\u00famero de horas<\/strong><br \/>30<\/p><p><strong>Duraci\u00f3n<\/strong><br \/>3 meses<\/p><p><strong>P\u00f3ngase en contacto con nosotros<\/strong><br \/>Sabina Cannarozzo<br \/>061 339 90 03<br \/>079 627 51 82<br \/><a href=\"mailto:s.cannarozzo@contiva-berufsperspektiven.ch\">s.cannarozzo@contiva-berufsperspektiven.ch<\/a><\/p>\n<\/div>\n<\/div>\r\n  <\/div>\r\n<\/div>\r\n<\/div>\n<\/div>\n\n\n<\/div><\/div>\n<\/section><section class=\"bde-section-892-149 bde-section bde-preset-c877ce6a-8423-4ccd-a24f-08a5091d10f3\">\n              \n  \n  \n\t\n\n\n\n<div class=\"section-container\"><h2 class=\"bde-heading-892-150 bde-heading\">\nPara cualquier consulta, p\u00f3ngase directamente en contacto con nosotros.\n<\/h2><div class=\"bde-button-892-151 bde-button\">\n    \n                                    \n    \n    \n    \n    \n            \n                    \n            \n            \n\n    \n    \n    \n    \n    \n    <a class=\"breakdance-link button-atom button-atom--primary bde-button__button\" href=\"mailto:s.cannarozzo@contiva-berufsperspektiven.ch\" target=\"_self\" data-type=\"url\"  >\n\n    \n        <span class=\"button-atom__text\">P\u00f3ngase en contacto con nosotros<\/span>\n\n        \n        \n                <\/a>\n\n    \n\n\n<\/div><\/div>\n<\/section><\/div>","protected":false},"excerpt":{"rendered":"<p>CONTIVA Coaching f\u00fcr IV\u2060\u2060\u2060\u2060\u2060\u2060\u2060\u2060\u2060\u2060\u2060\u2060\u2060\u2060\u2060\u2060\u2060\u2060\u2060\u2060\u2060\u2060\u2060\u2060\u2060-\u2060\u2060\u2060\u2060\u2060\u2060\u2060\u2060\u2060\u2060\u2060\u2060\u2060\u2060\u2060\u2060\u2060\u2060\u2060\u2060\u2060\u2060\u2060\u2060\u2060Versicherte In speziell konzipierten Coachings erarbeiten wir mit den IV-Versicherten gemeinsam eine Strategie, um eine individuell angepasste Stelle oder ein Praktikum zu finden. Unsere Coachs sind auf die spezielle Ausgangslage der Klientinnen und Klienten sensibilisiert. Der hohe Prozentsatz der j\u00e4hrlich vermittelten Praktika best\u00e4tigt die Qualit\u00e4t unserer Dienstleistung. Unser Angebot Bewerbungscoaching Job Coaching [&hellip;]<\/p>\n","protected":false},"author":8,"featured_media":0,"parent":0,"menu_order":0,"comment_status":"closed","ping_status":"closed","template":"","meta":{"_acf_changed":false,"_breakdance_hide_in_design_set":false,"_breakdance_tags":"","iawp_total_views":642,"footnotes":""},"class_list":["post-892","page","type-page","status-publish","hentry"],"acf":[],"_links":{"self":[{"href":"https:\/\/www.contiva-berufsperspektiven.ch\/es\/wp-json\/wp\/v2\/pages\/892","targetHints":{"allow":["GET"]}}],"collection":[{"href":"https:\/\/www.contiva-berufsperspektiven.ch\/es\/wp-json\/wp\/v2\/pages"}],"about":[{"href":"https:\/\/www.contiva-berufsperspektiven.ch\/es\/wp-json\/wp\/v2\/types\/page"}],"author":[{"embeddable":true,"href":"https:\/\/www.contiva-berufsperspektiven.ch\/es\/wp-json\/wp\/v2\/users\/8"}],"replies":[{"embeddable":true,"href":"https:\/\/www.contiva-berufsperspektiven.ch\/es\/wp-json\/wp\/v2\/comments?post=892"}],"version-history":[{"count":19,"href":"https:\/\/www.contiva-berufsperspektiven.ch\/es\/wp-json\/wp\/v2\/pages\/892\/revisions"}],"predecessor-version":[{"id":5349,"href":"https:\/\/www.contiva-berufsperspektiven.ch\/es\/wp-json\/wp\/v2\/pages\/892\/revisions\/5349"}],"wp:attachment":[{"href":"https:\/\/www.contiva-berufsperspektiven.ch\/es\/wp-json\/wp\/v2\/media?parent=892"}],"curies":[{"name":"wp","href":"https:\/\/api.w.org\/{rel}","templated":true}]}}