{"id":911,"date":"2023-05-08T10:41:02","date_gmt":"2023-05-08T08:41:02","guid":{"rendered":"https:\/\/www.contiva-berufsperspektiven.ch\/?page_id=911"},"modified":"2025-12-13T12:58:26","modified_gmt":"2025-12-13T11:58:26","slug":"localizacion","status":"publish","type":"page","link":"https:\/\/www.contiva-berufsperspektiven.ch\/es\/private-kmu\/standortbestimmung\/","title":{"rendered":"Posicionamiento"},"content":{"rendered":"<div class='breakdance'><div class=\"bde-globalblock-911-100 bde-globalblock\"><div class='breakdance'><section class=\"bde-section-3672-104-3672-1 bde-section no-animation bde-section-3672-104\">\n  \n  \n\t\n\n\n\n<div class=\"section-container\"><div class=\"bde-breadcrumbs-3672-106-3672-1 bde-breadcrumbs bde-breadcrumbs-3672-106\"><nav aria-label=\"breadcrumbs\" class=\"rank-math-breadcrumb\"><p><span class=\"last\">CONTIVA<\/span><\/p><\/nav><\/div><\/div>\n<\/section><section class=\"bde-section-3672-101-3672-1 bde-section no-animation bde-section-3672-101\">\n  \n  \n\t\n\n\n\n<div class=\"section-container\"><h1 class=\"bde-heading-3672-102-3672-1 bde-heading bde-heading-3672-102\">\nStandortbestimmung: Ihre berufliche Zukunft neu denken.\n<\/h1><div class=\"bde-text-3672-103-3672-1 bde-text bde-text-3672-103\">\n<p>Was kann ich? Was will ich? Diese Fragen stehen bei einer Standortbestimmung im Zentrum. Wir unterst\u00fctzen Sie bei der beruflichen Weiterentwicklung.<\/p>\n\n<\/div><\/div>\n<\/section><\/div><\/div><section class=\"bde-section-911-101 bde-section bde-preset-a757da71-4efb-4b7c-ac36-4af124f53d48\">\n  \n  \n\t\n\n\n\n<div class=\"section-container\"><div class=\"bde-rich-text-911-102 bde-rich-text bde-preset-122c1e24-e6c5-4b29-8189-6b61ad767a10 breakdance-rich-text-styles\">\n<h2>Das bringt es.<\/h2><ul><li>Sie erhalten Klarheit \u00fcber Ihre F\u00e4higkeiten, Interessen, W\u00fcnsche und Entwicklungspotenziale.<\/li><li>Sie planen, wie Sie Ihre Ideen zur beruflichen Weiterentwicklung realisieren k\u00f6nnen.<\/li><li>Sie erarbeiten L\u00f6sungen, um potenzielle Hindernisse auf dem Weg dahin zu \u00fcberwinden.<\/li><li>Wir begleiten Sie bei der Umsetzung Ihres Plans, unterst\u00fctzen und geben Tipps und Feedback.<\/li><\/ul>\n<\/div><\/div>\n<\/section><section class=\"bde-section-911-103 bde-section bde-preset-a757da71-4efb-4b7c-ac36-4af124f53d48\">\n  \n  \n\t\n\n\n\n<div class=\"section-container\"><div class=\"bde-rich-text-911-104 bde-rich-text bde-preset-122c1e24-e6c5-4b29-8189-6b61ad767a10 breakdance-rich-text-styles\">\n<h2>So gehen wir vor.<\/h2><ul><li>Wir starten mit Ihrer Ausgangslage. Sie bestimmen dabei die Themenbereiche, zum Beispiel: Bildungsweg, Karrierestationen, fachliche und pers\u00f6nliche St\u00e4rken, pers\u00f6nliche Lebenssituation, Anspr\u00fcche an Lebensqualit\u00e4t, Sinn der Arbeit, Karriereperspektiven.<\/li><li>Danach geht es um Ihre Zukunft: Ver\u00e4nderungsw\u00fcnsche, berufliche Ziele, m\u00f6gliche Wege, Entscheide, Pl\u00e4ne, n\u00e4chste Schritte.<\/li><li>Falls gew\u00fcnscht, begleiten wir Sie bei der Umsetzung Ihres Plans.<\/li><\/ul>\n<\/div><\/div>\n<\/section><section class=\"bde-section-911-105 bde-section bde-preset-a757da71-4efb-4b7c-ac36-4af124f53d48\">\n  \n  \n\t\n\n\n\n<div class=\"section-container\"><div class=\"bde-rich-text-911-106 bde-rich-text bde-preset-122c1e24-e6c5-4b29-8189-6b61ad767a10 breakdance-rich-text-styles\">\n<h2>Das investieren Sie.<\/h2><p>Je nach Umfang der Standortbestimmung ben\u00f6tigen wir zwei bis vier Coaching-Termine f\u00fcr Analyse und Kl\u00e4rung. Wenn wir Sie bei der Umsetzung unterst\u00fctzen, kommen weitere zwei bis vier Termine dazu. Bevor wir mit der Standortbestimmung beginnen, erhalten Sie eine Offerte mit den anfallenden Kosten.<\/p><p>Die Kosten werden Ihnen erst nach erbrachter Leistung verrechnet.\u00a0<\/p>\n<\/div><\/div>\n<\/section><section class=\"bde-section-911-107 bde-section bde-preset-a757da71-4efb-4b7c-ac36-4af124f53d48\">\n  \n  \n\t\n\n\n\n<div class=\"section-container\"><div class=\"bde-rich-text-911-108 bde-rich-text bde-preset-122c1e24-e6c5-4b29-8189-6b61ad767a10 breakdance-rich-text-styles\">\n<h2>So kommen wir ins Gespr\u00e4ch.<\/h2><p>Der erste Kennenlerntermin ist f\u00fcr Sie unverbindlich und kostenlos. Vereinbaren Sie jetzt einen Termin mit einer Person aus unserem <a href=\"#anchor-ihr-beratungsteam-fuer-die-standortbestimmung\" data-wplink-edit=\"true\">Coaching-Team<\/a>.<\/p>\n<\/div><div class=\"bde-div-911-109 bde-div bde-preset-4d0b34c7-4d84-489f-bb13-f8ff907d8258\">\n  \n  \n\t\n\n\n\n<div class=\"bde-button-911-110 bde-button\">\n    \n                                    \n    \n    \n    \n    \n            \n                    \n            \n            \n\n    \n    \n    \n    \n    \n    <a class=\"breakdance-link button-atom button-atom--primary bde-button__button\" href=\"#buchen-sie-einen-unverbindlichen-kennenlerntermin\" target=\"_self\" data-type=\"url\"  >\n\n    \n        <span class=\"button-atom__text\">zur Terminbuchung<\/span>\n\n        \n        \n                <\/a>\n\n    \n\n\n<\/div>\n<\/div><\/div>\n<\/section><section class=\"bde-section-911-111 bde-section bde-preset-747017db-7ea2-4afd-a530-d5a83e747998\">\n              \n  \n  \n\t\n\n\n\n<div class=\"section-container\"><h1 class=\"bde-heading-911-112 bde-heading\">\nFacts & Figures\n<\/h1><div class=\"bde-columns-911-113 bde-columns\"><div class=\"bde-column-911-114 bde-column\">\n  \n  \n\t\n\n\n\n<div class=\"bde-columns-911-115 bde-columns\"><div class=\"bde-column-911-116 bde-column\">\n  \n  \n\t\n\n\n\n<div class=\"bde-text-911-117 bde-text\">\n97%\n<\/div>\n<\/div><div class=\"bde-column-911-118 bde-column\">\n  \n  \n\t\n\n\n\n<div class=\"bde-text-911-119 bde-text\">\nder Teilnehmenden haben durch die Standortbestimmung Klarheit erlangt, wissen wie es weitergeht und kennen die konkreten n\u00e4chsten Schritte.\n<\/div>\n<\/div><\/div>\n<\/div><div class=\"bde-column-911-120 bde-column\">\n  \n  \n\t\n\n\n\n<div class=\"bde-columns-911-121 bde-columns\"><div class=\"bde-column-911-122 bde-column\">\n  \n  \n\t\n\n\n\n<div class=\"bde-text-911-123 bde-text\">\n90%\n<\/div>\n<\/div><div class=\"bde-column-911-124 bde-column\">\n  \n  \n\t\n\n\n\n<div class=\"bde-text-911-125 bde-text\">\nder Teilnehmenden empfehlen Contiva f\u00fcr eine Standortbestimmung.\n<\/div>\n<\/div><\/div>\n<\/div><\/div><\/div>\n<\/section><section id=\"anchor-ihr-beratungsteam-fuer-die-standortbestimmung\" class=\"bde-section-911-126 bde-section\">\n  \n  \n\t\n\n\n\n<div class=\"section-container\"><div class=\"bde-rich-text-911-127 bde-rich-text bde-preset-122c1e24-e6c5-4b29-8189-6b61ad767a10 breakdance-rich-text-styles\">\n<h2>Ihr Beratungsteam f\u00fcr die Standortbestimmung<\/h2>\n<\/div><\/div>\n<\/section><section class=\"bde-section-911-128 bde-section\">\n  \n  \n\t\n\n\n\n<div class=\"section-container\"><div class=\"bde-advanced-tabs-911-129 bde-advanced-tabs bde-preset-32dfa362-4d24-4eac-b6d4-bfff4cdaf519\">\n\n\n        \n  \n  \n  <div class=\"bde-tabs__tabslist-container bde-tabs__tabslist-container--scrollable is-horizontal js-tabs-container\">\n    <div class=\"bde-tabs__tabslist bde-tabs__tabslist--tabs js-tablist\" role=\"tablist\" aria-label=\"Content tabs\" aria-orientation=\"horizontal\" data-tabs-id=\"bde-advanced-tabs-911-129\">\n      \n              <button role=\"tab\" aria-selected=\"false\" class=\"bde-tabs__tab js-tab\" aria-controls=\"tab-panel-bde-advanced-tabs-911-129-1\" id=\"tab-bde-advanced-tabs-911-129-1\" data-value=\"1\">\n                    <span class=\"bde-tabs__tab-title\">Nicole L\u00fctzelschwab<\/span>\n        <\/button>\n              <button role=\"tab\" aria-selected=\"false\" class=\"bde-tabs__tab js-tab\" aria-controls=\"tab-panel-bde-advanced-tabs-911-129-2\" id=\"tab-bde-advanced-tabs-911-129-2\" data-value=\"2\">\n                    <span class=\"bde-tabs__tab-title\">Ruth Widl<\/span>\n        <\/button>\n          <\/div>\n  <\/div>\n\n<div class=\"bde-tabs-content-container\">\n  <div class=\"bde-advanced-tabs-content-911-157 bde-advanced-tabs-content\"><div tabindex=\"0\" role=\"tabpanel\" class=\"bde-tabs__panel js-panel\" id=\"\" aria-labelledby=\"\">\r\n  <div class=\"bde-tabs__panel-content\">\r\n    <div class=\"bde-columns-911-158 bde-columns\"><div class=\"bde-column-911-159 bde-column\">\n  \n  \n\t\n\n\n\n<h3 class=\"bde-heading-911-160 bde-heading\">\nNicole L\u00fctzelschwab<br>\n<\/h3><div class=\"bde-text-911-161 bde-text\">\nErwachsenenbildnerin mit eidg. FA, MAS Marketing Management, CAS Digital Marketing Pro und diplomierte Kauffrau. Ich kenne die Herausforderungen und Chancen, wenn es darum geht, Menschen im Ver\u00e4nderungsprozess zu begleiten.\n<\/div><div class=\"bde-button-911-162 bde-button\">\n    \n                                    \n    \n    \n    \n    \n            \n                    \n            \n            \n\n    \n    \n    \n    \n    \n    <a class=\"breakdance-link button-atom button-atom--primary bde-button__button\" href=\"https:\/\/www.contiva-berufsperspektiven.ch\/employee\/nicole-luetzelschwab\/\" target=\"_self\" data-type=\"url\"  >\n\n    \n        <span class=\"button-atom__text\">Mehr Infos<\/span>\n\n        \n        \n                <\/a>\n\n    \n\n\n<\/div><div class=\"bde-rich-text-911-163 bde-rich-text breakdance-rich-text-styles\">\n<p>Termine: Vor Ort und\/oder online<br \/>Gerne unterst\u00fctze ich Sie mit folgenden Angeboten:<\/p><ul><li>Standortbestimmung<\/li><li>Dossier-Upgrade<\/li><li>Interview<\/li><li>LinkedIn Profil<\/li><\/ul>\n<\/div>\n<\/div><div class=\"bde-column-911-164 bde-column\">\n  \n  \n\t\n\n\n\n<div class=\"bde-image-911-165 bde-image\">\n<figure class=\"breakdance-image breakdance-image--685\">\n\t<div class=\"breakdance-image-container\">\n\t\t<div class=\"breakdance-image-clip\"><img loading=\"lazy\" decoding=\"async\" class=\"breakdance-image-object\" src=\"https:\/\/www.contiva-berufsperspektiven.ch\/wp-content\/uploads\/2023\/05\/Luetzelschwab_Nicole.jpg\" width=\"8256\" height=\"5504\" srcset=\"https:\/\/www.contiva-berufsperspektiven.ch\/wp-content\/uploads\/2023\/05\/Luetzelschwab_Nicole.jpg 8256w, https:\/\/www.contiva-berufsperspektiven.ch\/wp-content\/uploads\/2023\/05\/Luetzelschwab_Nicole-300x200.jpg 300w, https:\/\/www.contiva-berufsperspektiven.ch\/wp-content\/uploads\/2023\/05\/Luetzelschwab_Nicole-1024x683.jpg 1024w, https:\/\/www.contiva-berufsperspektiven.ch\/wp-content\/uploads\/2023\/05\/Luetzelschwab_Nicole-768x512.jpg 768w, https:\/\/www.contiva-berufsperspektiven.ch\/wp-content\/uploads\/2023\/05\/Luetzelschwab_Nicole-1536x1024.jpg 1536w, https:\/\/www.contiva-berufsperspektiven.ch\/wp-content\/uploads\/2023\/05\/Luetzelschwab_Nicole-2048x1365.jpg 2048w, https:\/\/www.contiva-berufsperspektiven.ch\/wp-content\/uploads\/2023\/05\/Luetzelschwab_Nicole-600x400.jpg 600w, https:\/\/www.contiva-berufsperspektiven.ch\/wp-content\/uploads\/2023\/05\/Luetzelschwab_Nicole-420x280.jpg 420w, https:\/\/www.contiva-berufsperspektiven.ch\/wp-content\/uploads\/2023\/05\/Luetzelschwab_Nicole-180x120.jpg 180w\" sizes=\"auto, (max-width: 8256px) 100vw, 8256px\" alt=\"Nicole Luetzelschwab steht an einem Tisch und l\u00e4chelt in die Kamera.\"><\/div>\n\t<\/div><\/figure>\n\n<\/div>\n<\/div><\/div>\r\n  <\/div>\r\n<\/div>\r\n<\/div><div class=\"bde-advanced-tabs-content-911-166 bde-advanced-tabs-content\"><div tabindex=\"0\" role=\"tabpanel\" class=\"bde-tabs__panel js-panel\" id=\"\" aria-labelledby=\"\">\r\n  <div class=\"bde-tabs__panel-content\">\r\n    <div class=\"bde-columns-911-167 bde-columns\"><div class=\"bde-column-911-168 bde-column\">\n  \n  \n\t\n\n\n\n<h3 class=\"bde-heading-911-169 bde-heading\">\nRuth Widl\n<\/h3><div class=\"bde-text-911-170 bde-text\">\nLaufbahnberaterin, Kursleiterin, eidg. dipl. Berufs-, Studien- und Laufbahnberaterin, CAS (UZH) in Positiver Psychologie, Diplom im Personalmanagement SKP. Seit vielen Jahren berate und begleite ich Menschen in Ver\u00e4nderung.\n<\/div><div class=\"bde-button-911-171 bde-button\">\n    \n                                    \n    \n    \n    \n    \n            \n                    \n            \n            \n\n    \n    \n    \n    \n    \n    <a class=\"breakdance-link button-atom button-atom--primary bde-button__button\" href=\"https:\/\/www.contiva-berufsperspektiven.ch\/employee\/ruth-widl\/\" target=\"_self\" data-type=\"url\"  >\n\n    \n        <span class=\"button-atom__text\">Mehr Infos<\/span>\n\n        \n        \n                <\/a>\n\n    \n\n\n<\/div><div class=\"bde-rich-text-911-172 bde-rich-text breakdance-rich-text-styles\">\n<p>Termine: Vor Ort<br \/>Gerne unterst\u00fctze ich Sie mit folgenden Angeboten:<\/p><ul><li>Standortbestimmung<\/li><\/ul>\n<\/div>\n<\/div><div class=\"bde-column-911-173 bde-column\">\n  \n  \n\t\n\n\n\n<div class=\"bde-image-911-174 bde-image\">\n<figure class=\"breakdance-image breakdance-image--4639\">\n\t<div class=\"breakdance-image-container\">\n\t\t<div class=\"breakdance-image-clip\"><img loading=\"lazy\" decoding=\"async\" class=\"breakdance-image-object\" src=\"https:\/\/www.contiva-berufsperspektiven.ch\/wp-content\/uploads\/2023\/05\/Widl_Ruth-1.jpg\" width=\"2400\" height=\"1600\" srcset=\"https:\/\/www.contiva-berufsperspektiven.ch\/wp-content\/uploads\/2023\/05\/Widl_Ruth-1.jpg 2400w, https:\/\/www.contiva-berufsperspektiven.ch\/wp-content\/uploads\/2023\/05\/Widl_Ruth-1-300x200.jpg 300w, https:\/\/www.contiva-berufsperspektiven.ch\/wp-content\/uploads\/2023\/05\/Widl_Ruth-1-1024x683.jpg 1024w, https:\/\/www.contiva-berufsperspektiven.ch\/wp-content\/uploads\/2023\/05\/Widl_Ruth-1-768x512.jpg 768w, https:\/\/www.contiva-berufsperspektiven.ch\/wp-content\/uploads\/2023\/05\/Widl_Ruth-1-1536x1024.jpg 1536w, https:\/\/www.contiva-berufsperspektiven.ch\/wp-content\/uploads\/2023\/05\/Widl_Ruth-1-2048x1365.jpg 2048w, https:\/\/www.contiva-berufsperspektiven.ch\/wp-content\/uploads\/2023\/05\/Widl_Ruth-1-18x12.jpg 18w, https:\/\/www.contiva-berufsperspektiven.ch\/wp-content\/uploads\/2023\/05\/Widl_Ruth-1-1320x880.jpg 1320w\" sizes=\"auto, (max-width: 2400px) 100vw, 2400px\"><\/div>\n\t<\/div><\/figure>\n\n<\/div>\n<\/div><\/div>\r\n  <\/div>\r\n<\/div>\r\n<\/div>\n<\/div>\n\n\n<\/div><\/div>\n<\/section><section id=\"buchen-sie-einen-unverbindlichen-kennenlerntermin\" class=\"bde-section-911-197 bde-section bde-preset-84a15dde-f849-469d-bf93-8fff4095fba1\">\n  \n  \n\t\n\n\n\n<div class=\"section-container\"><div class=\"bde-columns-911-198 bde-columns\"><div class=\"bde-column-911-199 bde-column\">\n  \n  \n\t\n\n\n\n<h2 class=\"bde-heading-911-200 bde-heading\">\nBuchen Sie einen unverbindlichen Kennenlerntermin\n<\/h2>\n<\/div><div class=\"bde-column-911-201 bde-column\">\n  \n  \n\t\n\n\n\n<div class=\"bde-globalblock-911-203 bde-globalblock\"><div class='breakdance'><div class=\"bde-form-builder-4887-100-4887-1 bde-form-builder bde-form-builder-4887-100\">\n\n<form id=\"kontaktformular100\" class=\"breakdance-form breakdance-form--vertical\" data-options=\"{&quot;slug&quot;:&quot;custom&quot;,&quot;name&quot;:&quot;Kontaktformular&quot;,&quot;ajaxUrl&quot;:&quot;https:\\\/\\\/www.contiva-berufsperspektiven.ch\\\/wp-admin\\\/admin-ajax.php&quot;,&quot;clearOnSuccess&quot;:true,&quot;hideOnSuccess&quot;:false,&quot;successMessage&quot;:&quot;Deine Nachricht ist angekommen!&quot;,&quot;errorMessage&quot;:&quot;Etwas ist schief gelaufen&quot;,&quot;redirect&quot;:false,&quot;redirectUrl&quot;:&quot;&quot;,&quot;customJavaScript&quot;:&quot;&quot;,&quot;recaptcha&quot;:{&quot;key&quot;:&quot;&quot;,&quot;enabled&quot;:false},&quot;honeypot_enabled&quot;:false,&quot;popupsOnSuccess&quot;:[],&quot;popupsOnError&quot;:[]}\" data-steps=\"0\" >\n  \n  \n  \n<div class=\"breakdance-form-field breakdance-form-field--text\" >\n    \n    \n            <label class=\"breakdance-form-field__label\" for=\"name\">\n            Vorname<span class=\"breakdance-form-field__required\">*<\/span>\n        <\/label>\n    \n    <input\n    class=\"breakdance-form-field__input\"\n    id=\"name\"\n    aria-describedby=\"name\"\n    type=\"text\"\n    name=\"fields[name]\"\n    placeholder=\"\"\n    value=\"\"\n                \n        \n        \n    required\n    \n    \n    \n>\n\n\n    \n    \n<\/div>\n\n\n<div class=\"breakdance-form-field breakdance-form-field--text\" >\n    \n    \n            <label class=\"breakdance-form-field__label\" for=\"rsqoah\">\n            Nachname<span class=\"breakdance-form-field__required\">*<\/span>\n        <\/label>\n    \n    <input\n    class=\"breakdance-form-field__input\"\n    id=\"rsqoah\"\n    aria-describedby=\"rsqoah\"\n    type=\"text\"\n    name=\"fields[rsqoah]\"\n    placeholder=\"\"\n    value=\"\"\n                \n        \n        \n    required\n    \n    \n    \n>\n\n\n    \n    \n<\/div>\n\n\n<div class=\"breakdance-form-field breakdance-form-field--text\" >\n    \n    \n            <label class=\"breakdance-form-field__label\" for=\"nsfpyb\">\n            Firma\n        <\/label>\n    \n    <input\n    class=\"breakdance-form-field__input\"\n    id=\"nsfpyb\"\n    aria-describedby=\"nsfpyb\"\n    type=\"text\"\n    name=\"fields[nsfpyb]\"\n    placeholder=\"\"\n    value=\"\"\n                \n        \n        \n    \n    \n    \n    \n>\n\n\n    \n    \n<\/div>\n\n\n<div class=\"breakdance-form-field breakdance-form-field--number\" >\n    \n    \n            <label class=\"breakdance-form-field__label\" for=\"ajlzjs\">\n            Telefon\n        <\/label>\n    \n    <input\n    class=\"breakdance-form-field__input\"\n    id=\"ajlzjs\"\n    aria-describedby=\"ajlzjs\"\n    type=\"number\"\n    name=\"fields[ajlzjs]\"\n    placeholder=\"\"\n    value=\"\"\n                \n        \n        \n    \n    \n    \n    \n>\n\n\n    \n    \n<\/div>\n\n\n<div class=\"breakdance-form-field breakdance-form-field--email\" >\n    \n    \n            <label class=\"breakdance-form-field__label\" for=\"email\">\n            Email<span class=\"breakdance-form-field__required\">*<\/span>\n        <\/label>\n    \n    <input\n    class=\"breakdance-form-field__input\"\n    id=\"email\"\n    aria-describedby=\"email\"\n    type=\"email\"\n    name=\"fields[email]\"\n    placeholder=\"\"\n    value=\"\"\n                \n        \n        \n    required\n    \n    \n    \n>\n\n\n    \n    \n<\/div>\n\n\n<div class=\"breakdance-form-field breakdance-form-field--textarea\" >\n    \n    \n            <label class=\"breakdance-form-field__label\" for=\"message\">\n            Hinterlassen Sie uns eine Nachricht!<span class=\"breakdance-form-field__required\">*<\/span>\n        <\/label>\n    \n    <textarea\n    class=\"breakdance-form-field__input\"\n    id=\"message\"\n    aria-describedby=\"message\"\n    type=\"textarea\"\n    name=\"fields[message]\"\n        placeholder=\"\"\n    required\n    >\n<\/textarea>\n\n\n    \n    \n<\/div>\n\n\n<div class=\"breakdance-form-field breakdance-form-field--checkbox\" >\n    \n    \n    \n    <fieldset role=\"group\"\n    aria-label=\"Datenschutzerkl\u00e4rung\"\n    >\n       <legend class=\"breakdance-form-field__label\">Datenschutzerkl\u00e4rung<\/legend>\n          <div class=\"breakdance-form-checkbox\">\n          <input\n              type=\"checkbox\"\n              name=\"fields[tmgnel][]\"\n              value=\"Ich stimme der &lt;a href=&quot;\/datenschutzerklaerung\/&quot;&gt;Datenschutzerkl\u00e4rung&lt;\/a&gt; zu.\"\n              id=\"tmgnel-1\"\n              \n                        >\n          <label class=\"breakdance-form-checkbox__text\" for=\"tmgnel-1\">Ich stimme der <a href=\"\/datenschutzerklaerung\/\">Datenschutzerkl\u00e4rung<\/a> zu.<\/label>\n      <\/div>\n        <div class=\"breakdance-form-checkbox\">\n          <input\n              type=\"checkbox\"\n              name=\"fields[tmgnel][]\"\n              value=\"Ich stimme den &lt;a href=&quot;https:\/\/www.contiva-berufsperspektiven.ch\/wp-content\/uploads\/2025\/03\/AGB-Privatkundschaft_final-05.03.2025.pdf&quot;&gt;AGB&lt;\/a&gt; zu.\"\n              id=\"tmgnel-2\"\n              \n                        >\n          <label class=\"breakdance-form-checkbox__text\" for=\"tmgnel-2\">Ich stimme den <a href=\"https:\/\/www.contiva-berufsperspektiven.ch\/wp-content\/uploads\/2025\/03\/AGB-Privatkundschaft_final-05.03.2025.pdf\">AGB<\/a> zu.<\/label>\n      <\/div>\n  <\/fieldset>\n\n\n\n    \n    \n<\/div>\n\n\n  \n\n<div class=\"breakdance-form-field breakdance-form-footer\">\n    \n    \n                                    \n    \n    \n    \n    \n            \n            <button type=\"submit\" class=\"button-atom button-atom--primary breakdance-form-button breakdance-form-button__submit\"  >\n    \n        <span class=\"button-atom__text\">Absenden<\/span>\n\n        \n        \n            <\/button>\n    \n    <input type=\"hidden\" name=\"form_id\" value=\"100\">\n    <input type=\"hidden\" name=\"post_id\" value=\"4887\">\n<\/div>\n\n  \n<\/form>\n\n\n<\/div><\/div><\/div>\n<\/div><\/div><\/div>\n<\/section><section class=\"bde-section-911-181 bde-section bde-preset-a757da71-4efb-4b7c-ac36-4af124f53d48\">\n  \n  \n\t\n\n\n\n<div class=\"section-container\"><div class=\"bde-advancedslider-911-182 bde-advancedslider bde-preset-e66db929-2653-4fcb-84aa-9a9017dde908\">\n<div class=\"breakdance-swiper-wrapper\" data-swiper-id=\"182\">\n  <div class=\"swiper\">\n    <div class=\"swiper-wrapper\">\n      <div class=\"bde-advancedslide-911-183 bde-advancedslide bde-preset-0c67b29b-1fba-42f0-8ecc-f9ac3777c480 swiper-slide\"><div class=\"advanced-slider__slide\">\r\n  <div class=\"bde-fancy-testimonial-911-184 bde-fancy-testimonial bde-preset-c83e8bde-2678-4431-a9c5-d3b63813a7d2\">\n<div class='bde-fancy-testimonial_image'>\n  <img loading=\"lazy\" decoding=\"async\" class=\"breakdance-image-object\" src=\"https:\/\/www.contiva-berufsperspektiven.ch\/wp-content\/uploads\/2023\/05\/Frau_Buero.jpg\" width=\"2501\" height=\"2501\" srcset=\"https:\/\/www.contiva-berufsperspektiven.ch\/wp-content\/uploads\/2023\/05\/Frau_Buero.jpg 2501w, https:\/\/www.contiva-berufsperspektiven.ch\/wp-content\/uploads\/2023\/05\/Frau_Buero-300x300.jpg 300w, https:\/\/www.contiva-berufsperspektiven.ch\/wp-content\/uploads\/2023\/05\/Frau_Buero-1024x1024.jpg 1024w, https:\/\/www.contiva-berufsperspektiven.ch\/wp-content\/uploads\/2023\/05\/Frau_Buero-150x150.jpg 150w, https:\/\/www.contiva-berufsperspektiven.ch\/wp-content\/uploads\/2023\/05\/Frau_Buero-768x768.jpg 768w, https:\/\/www.contiva-berufsperspektiven.ch\/wp-content\/uploads\/2023\/05\/Frau_Buero-1536x1536.jpg 1536w, https:\/\/www.contiva-berufsperspektiven.ch\/wp-content\/uploads\/2023\/05\/Frau_Buero-2048x2048.jpg 2048w, https:\/\/www.contiva-berufsperspektiven.ch\/wp-content\/uploads\/2023\/05\/Frau_Buero-800x800.jpg 800w, https:\/\/www.contiva-berufsperspektiven.ch\/wp-content\/uploads\/2023\/05\/Frau_Buero-560x560.jpg 560w, https:\/\/www.contiva-berufsperspektiven.ch\/wp-content\/uploads\/2023\/05\/Frau_Buero-400x400.jpg 400w, https:\/\/www.contiva-berufsperspektiven.ch\/wp-content\/uploads\/2023\/05\/Frau_Buero-240x240.jpg 240w, https:\/\/www.contiva-berufsperspektiven.ch\/wp-content\/uploads\/2023\/05\/Frau_Buero-280x280.jpg 280w, https:\/\/www.contiva-berufsperspektiven.ch\/wp-content\/uploads\/2023\/05\/Frau_Buero-200x200.jpg 200w, https:\/\/www.contiva-berufsperspektiven.ch\/wp-content\/uploads\/2023\/05\/Frau_Buero-120x120.jpg 120w\" sizes=\"auto, (max-width: 2501px) 100vw, 2501px\" alt=\"Silhuette Frau im B\u00fcrolook\">\n<\/div>\n<div class='bde-fancy-testimonial_content'>\n  \n  <div class='bde-fancy-testimonial_text'>\n        <div class=\"bde-fancy-testimonial_quote\"><svg xmlns=\"http:\/\/www.w3.org\/2000\/svg\" width=\"100\" height=\"76\" viewBox=\"0 0 100 76\">\r\n    <path d=\"M65.698 25.656C71.305 16.136 81.016 7.583 94.823 0L100 6.497C84.897 18.621 77.35 27.496 77.35 33.122c0 3.043 2.691 5.313 8.093 6.82 8.843 2.388 13.27 8.122 13.27 17.222 0 5.411-1.94 9.961-5.83 13.64C88.357 74.268 83.61 76 78.646 76c-4.105 0-8.532-1.624-13.27-4.873-4.75-4.755-7.118-11.145-7.118-19.159 0-9.53 2.476-18.298 7.44-26.312m-58.26 0C13.047 16.136 22.866 7.583 36.896 0l4.856 6.497c-15.103 12.124-22.66 20.999-22.66 26.625 0 3.043 2.701 5.313 8.093 6.82 8.844 2.388 13.27 8.122 13.27 17.222 0 5.411-1.833 9.961-5.499 13.64C30.421 74.268 25.565 76 20.388 76c-4.105 0-8.522-1.624-13.27-4.873C2.369 66.372 0 59.982 0 51.968c0-9.53 2.477-18.298 7.44-26.312\" fill=\"#D20022\" fill-rule=\"evenodd\"\/>\r\n<\/svg><\/div>\n    <div class=\"bde-fancy-testimonial_quote\"><svg xmlns=\"http:\/\/www.w3.org\/2000\/svg\" width=\"100\" height=\"76\" viewBox=\"0 0 100 76\">\r\n    <path d=\"M65.698 25.656C71.305 16.136 81.016 7.583 94.823 0L100 6.497C84.897 18.621 77.35 27.496 77.35 33.122c0 3.043 2.691 5.313 8.093 6.82 8.843 2.388 13.27 8.122 13.27 17.222 0 5.411-1.94 9.961-5.83 13.64C88.357 74.268 83.61 76 78.646 76c-4.105 0-8.532-1.624-13.27-4.873-4.75-4.755-7.118-11.145-7.118-19.159 0-9.53 2.476-18.298 7.44-26.312m-58.26 0C13.047 16.136 22.866 7.583 36.896 0l4.856 6.497c-15.103 12.124-22.66 20.999-22.66 26.625 0 3.043 2.701 5.313 8.093 6.82 8.844 2.388 13.27 8.122 13.27 17.222 0 5.411-1.833 9.961-5.499 13.64C30.421 74.268 25.565 76 20.388 76c-4.105 0-8.522-1.624-13.27-4.873C2.369 66.372 0 59.982 0 51.968c0-9.53 2.477-18.298 7.44-26.312\" fill=\"#D20022\" fill-rule=\"evenodd\"\/>\r\n<\/svg><\/div>\n        <p  class='bde-fancy-testimonial_text_text'>Ich war in meinem Job bisher irgendwie unzufrieden und wusste nicht wie weiter. Die Standortbestimmung zeigte mir bisher unbekannte Weiterbildungsm\u00f6glichkeiten auf, die mir eine neue Perspektive geben.<\/p>\n  <\/div>\n      <div class='bde-fancy-testimonial_name' >\n    Rebekka S.\n  <\/div>\n      <div class='bde-fancy-testimonial_occupation' >\n    HR Fachfrau\n  <\/div>\n    <\/div>\n\n<\/div>\r\n<\/div><\/div><div class=\"bde-advancedslide-911-185 bde-advancedslide bde-preset-0c67b29b-1fba-42f0-8ecc-f9ac3777c480 swiper-slide\"><div class=\"advanced-slider__slide\">\r\n  <div class=\"bde-fancy-testimonial-911-186 bde-fancy-testimonial bde-preset-c83e8bde-2678-4431-a9c5-d3b63813a7d2\">\n<div class='bde-fancy-testimonial_image'>\n  <img loading=\"lazy\" decoding=\"async\" class=\"breakdance-image-object\" src=\"https:\/\/www.contiva-berufsperspektiven.ch\/wp-content\/uploads\/2023\/05\/Mann_Privat.jpg\" width=\"2501\" height=\"2501\" srcset=\"https:\/\/www.contiva-berufsperspektiven.ch\/wp-content\/uploads\/2023\/05\/Mann_Privat.jpg 2501w, https:\/\/www.contiva-berufsperspektiven.ch\/wp-content\/uploads\/2023\/05\/Mann_Privat-300x300.jpg 300w, https:\/\/www.contiva-berufsperspektiven.ch\/wp-content\/uploads\/2023\/05\/Mann_Privat-1024x1024.jpg 1024w, https:\/\/www.contiva-berufsperspektiven.ch\/wp-content\/uploads\/2023\/05\/Mann_Privat-150x150.jpg 150w, https:\/\/www.contiva-berufsperspektiven.ch\/wp-content\/uploads\/2023\/05\/Mann_Privat-768x768.jpg 768w, https:\/\/www.contiva-berufsperspektiven.ch\/wp-content\/uploads\/2023\/05\/Mann_Privat-1536x1536.jpg 1536w, https:\/\/www.contiva-berufsperspektiven.ch\/wp-content\/uploads\/2023\/05\/Mann_Privat-2048x2048.jpg 2048w, https:\/\/www.contiva-berufsperspektiven.ch\/wp-content\/uploads\/2023\/05\/Mann_Privat-800x800.jpg 800w, https:\/\/www.contiva-berufsperspektiven.ch\/wp-content\/uploads\/2023\/05\/Mann_Privat-560x560.jpg 560w, https:\/\/www.contiva-berufsperspektiven.ch\/wp-content\/uploads\/2023\/05\/Mann_Privat-400x400.jpg 400w, https:\/\/www.contiva-berufsperspektiven.ch\/wp-content\/uploads\/2023\/05\/Mann_Privat-240x240.jpg 240w, https:\/\/www.contiva-berufsperspektiven.ch\/wp-content\/uploads\/2023\/05\/Mann_Privat-280x280.jpg 280w, https:\/\/www.contiva-berufsperspektiven.ch\/wp-content\/uploads\/2023\/05\/Mann_Privat-200x200.jpg 200w, https:\/\/www.contiva-berufsperspektiven.ch\/wp-content\/uploads\/2023\/05\/Mann_Privat-120x120.jpg 120w\" sizes=\"auto, (max-width: 2501px) 100vw, 2501px\" alt=\"Silhouette Mann im Freizeitlook\">\n<\/div>\n<div class='bde-fancy-testimonial_content'>\n  \n  <div class='bde-fancy-testimonial_text'>\n        <div class=\"bde-fancy-testimonial_quote\"><svg xmlns=\"http:\/\/www.w3.org\/2000\/svg\" width=\"100\" height=\"76\" viewBox=\"0 0 100 76\">\r\n    <path d=\"M65.698 25.656C71.305 16.136 81.016 7.583 94.823 0L100 6.497C84.897 18.621 77.35 27.496 77.35 33.122c0 3.043 2.691 5.313 8.093 6.82 8.843 2.388 13.27 8.122 13.27 17.222 0 5.411-1.94 9.961-5.83 13.64C88.357 74.268 83.61 76 78.646 76c-4.105 0-8.532-1.624-13.27-4.873-4.75-4.755-7.118-11.145-7.118-19.159 0-9.53 2.476-18.298 7.44-26.312m-58.26 0C13.047 16.136 22.866 7.583 36.896 0l4.856 6.497c-15.103 12.124-22.66 20.999-22.66 26.625 0 3.043 2.701 5.313 8.093 6.82 8.844 2.388 13.27 8.122 13.27 17.222 0 5.411-1.833 9.961-5.499 13.64C30.421 74.268 25.565 76 20.388 76c-4.105 0-8.522-1.624-13.27-4.873C2.369 66.372 0 59.982 0 51.968c0-9.53 2.477-18.298 7.44-26.312\" fill=\"#D20022\" fill-rule=\"evenodd\"\/>\r\n<\/svg><\/div>\n    <div class=\"bde-fancy-testimonial_quote\"><svg xmlns=\"http:\/\/www.w3.org\/2000\/svg\" width=\"100\" height=\"76\" viewBox=\"0 0 100 76\">\r\n    <path d=\"M65.698 25.656C71.305 16.136 81.016 7.583 94.823 0L100 6.497C84.897 18.621 77.35 27.496 77.35 33.122c0 3.043 2.691 5.313 8.093 6.82 8.843 2.388 13.27 8.122 13.27 17.222 0 5.411-1.94 9.961-5.83 13.64C88.357 74.268 83.61 76 78.646 76c-4.105 0-8.532-1.624-13.27-4.873-4.75-4.755-7.118-11.145-7.118-19.159 0-9.53 2.476-18.298 7.44-26.312m-58.26 0C13.047 16.136 22.866 7.583 36.896 0l4.856 6.497c-15.103 12.124-22.66 20.999-22.66 26.625 0 3.043 2.701 5.313 8.093 6.82 8.844 2.388 13.27 8.122 13.27 17.222 0 5.411-1.833 9.961-5.499 13.64C30.421 74.268 25.565 76 20.388 76c-4.105 0-8.522-1.624-13.27-4.873C2.369 66.372 0 59.982 0 51.968c0-9.53 2.477-18.298 7.44-26.312\" fill=\"#D20022\" fill-rule=\"evenodd\"\/>\r\n<\/svg><\/div>\n        <p  class='bde-fancy-testimonial_text_text'>In der Beratung habe ich gemerkt, dass nicht mein Beruf das Problem ist, sondern dass ich unzufrieden war mit der Gestaltung meiner Arbeitsstelle. Ein Gespr\u00e4ch mit der HR-Abteilung und ein interner Wechsel haben dazu gef\u00fchrt, dass ich wieder jeden Tag gerne arbeiten gehe.<\/p>\n  <\/div>\n      <div class='bde-fancy-testimonial_name' >\n    Pascal K.\n  <\/div>\n      <div class='bde-fancy-testimonial_occupation' >\n    Logistikfachmann\n  <\/div>\n    <\/div>\n\n<\/div>\r\n<\/div><\/div>\n    <\/div>\n  <\/div>\n\n              <div class=\"swiper-button-prev\">\n            \n        <\/div>\n        <div class=\"swiper-button-next\">\n            \n        <\/div>\n    \n            <div class=\"swiper-pagination\"><\/div>\n    \n<\/div>\n\n<\/div><\/div>\n<\/section><section class=\"bde-section-911-187 bde-section bde-preset-c877ce6a-8423-4ccd-a24f-08a5091d10f3\">\n              \n  \n  \n\t\n\n\n\n<div class=\"section-container\"><h2 class=\"bde-heading-911-188 bde-heading\">\nDas k\u00f6nnte Sie ebenfalls interessieren:\n<\/h2><\/div>\n<\/section><section class=\"bde-section-911-189 bde-section bde-preset-a757da71-4efb-4b7c-ac36-4af124f53d48\">\n  \n  \n\t\n\n\n\n<div class=\"section-container\"><div class=\"bde-columns-911-190 bde-columns\"><div class=\"bde-column-911-191 bde-column\">\n  \n  \n\t\n\n\n\n<div class=\"bde-image-box-911-196 bde-image-box bde-preset-879cd3b8-dcb9-4e67-93ac-33110043efb1\">\n<div class=\"ee-imagebox-image\">\n  <img loading=\"lazy\" decoding=\"async\" class=\"breakdance-image-object\" src=\"https:\/\/www.contiva-berufsperspektiven.ch\/wp-content\/uploads\/2023\/06\/Icon-Dossier-Upgrade-1280x720px.png\" width=\"1280\" height=\"720\" srcset=\"https:\/\/www.contiva-berufsperspektiven.ch\/wp-content\/uploads\/2023\/06\/Icon-Dossier-Upgrade-1280x720px.png 1280w, https:\/\/www.contiva-berufsperspektiven.ch\/wp-content\/uploads\/2023\/06\/Icon-Dossier-Upgrade-1280x720px-300x169.png 300w, https:\/\/www.contiva-berufsperspektiven.ch\/wp-content\/uploads\/2023\/06\/Icon-Dossier-Upgrade-1280x720px-1024x576.png 1024w, https:\/\/www.contiva-berufsperspektiven.ch\/wp-content\/uploads\/2023\/06\/Icon-Dossier-Upgrade-1280x720px-768x432.png 768w, https:\/\/www.contiva-berufsperspektiven.ch\/wp-content\/uploads\/2023\/06\/Icon-Dossier-Upgrade-1280x720px-840x473.png 840w, https:\/\/www.contiva-berufsperspektiven.ch\/wp-content\/uploads\/2023\/06\/Icon-Dossier-Upgrade-1280x720px-711x400.png 711w, https:\/\/www.contiva-berufsperspektiven.ch\/wp-content\/uploads\/2023\/06\/Icon-Dossier-Upgrade-1280x720px-498x280.png 498w, https:\/\/www.contiva-berufsperspektiven.ch\/wp-content\/uploads\/2023\/06\/Icon-Dossier-Upgrade-1280x720px-356x200.png 356w, https:\/\/www.contiva-berufsperspektiven.ch\/wp-content\/uploads\/2023\/06\/Icon-Dossier-Upgrade-1280x720px-213x120.png 213w\" sizes=\"auto, (max-width: 1280px) 100vw, 1280px\" alt=\"Symbolische Darstellung f\u00fcr Dossier-Upgrade\">\n<\/div>\n<div class=\"ee-imagebox-content\">\n      <p class=\"ee-imagebox-title bde-h3\" >Dossier\u2060\u2060\u2060\u2060\u2060\u2060\u2060\u2060\u2060\u2060\u2060\u2060\u2060\u2060\u2060\u2060\u2060\u2060\u2060\u2060\u2060\u2060\u2060\u2060\u2060\u2060\u2060\u2060\u2060\u2060\u2060\u2060\u2060\u2060\u2060\u2060\u2060\u2060\u2060\u2060\u2060\u2060\u2060\u2060\u2060\u2060\u2060\u2060\u2060\u2060\u2060\u2060\u2060\u2060\u2060\u2060\u2060\u2060\u2060\u2060\u2060\u2060\u2060\u2060\u2060\u2060\u2060\u2060\u2060\u2060\u2060\u2060-\u2060\u2060\u2060\u2060\u2060\u2060\u2060\u2060\u2060\u2060\u2060\u2060\u2060\u2060\u2060\u2060\u2060\u2060\u2060\u2060\u2060\u2060\u2060\u2060\u2060\u2060\u2060\u2060\u2060\u2060\u2060\u2060\u2060\u2060\u2060\u2060\u2060\u2060\u2060\u2060\u2060\u2060\u2060\u2060\u2060\u2060\u2060\u2060\u2060\u2060\u2060\u2060\u2060\u2060\u2060\u2060\u2060\u2060\u2060\u2060\u2060\u2060\u2060\u2060\u2060\u2060\u2060\u2060\u2060\u2060\u2060\u2060Upgrade<\/p>\n    \n      <div class=\"ee-imagebox-text\" >Sie wollen ein neues Top-Bewerbungsdossier erstellen? Oder Ihr bestehendes von Grund auf \u00fcberarbeiten?<\/div>\n    \n          \n                                    \n    \n    \n    \n    \n            \n                    \n            \n            \n\n    \n    \n    \n    \n    \n    <a class=\"breakdance-link button-atom button-atom--primary ee-imagebox-button\" href=\"https:\/\/www.contiva-berufsperspektiven.ch\/private-kmu\/dossier-upgrade\/\" target=\"_self\" data-type=\"url\"  >\n\n    \n        <span class=\"button-atom__text\">zum Angebot<\/span>\n\n        \n        \n                <\/a>\n\n    \n\n  <\/div>\n\n<\/div>\n<\/div><div class=\"bde-column-911-193 bde-column\">\n  \n  \n\t\n\n\n\n<div class=\"bde-image-box-911-192 bde-image-box bde-preset-879cd3b8-dcb9-4e67-93ac-33110043efb1\">\n<div class=\"ee-imagebox-image\">\n  <img loading=\"lazy\" decoding=\"async\" class=\"breakdance-image-object\" src=\"https:\/\/www.contiva-berufsperspektiven.ch\/wp-content\/uploads\/2023\/06\/Icon-Mikorofon-1280x720px.png\" width=\"1280\" height=\"720\" srcset=\"https:\/\/www.contiva-berufsperspektiven.ch\/wp-content\/uploads\/2023\/06\/Icon-Mikorofon-1280x720px.png 1280w, https:\/\/www.contiva-berufsperspektiven.ch\/wp-content\/uploads\/2023\/06\/Icon-Mikorofon-1280x720px-300x169.png 300w, https:\/\/www.contiva-berufsperspektiven.ch\/wp-content\/uploads\/2023\/06\/Icon-Mikorofon-1280x720px-1024x576.png 1024w, https:\/\/www.contiva-berufsperspektiven.ch\/wp-content\/uploads\/2023\/06\/Icon-Mikorofon-1280x720px-768x432.png 768w, https:\/\/www.contiva-berufsperspektiven.ch\/wp-content\/uploads\/2023\/06\/Icon-Mikorofon-1280x720px-840x473.png 840w, https:\/\/www.contiva-berufsperspektiven.ch\/wp-content\/uploads\/2023\/06\/Icon-Mikorofon-1280x720px-711x400.png 711w, https:\/\/www.contiva-berufsperspektiven.ch\/wp-content\/uploads\/2023\/06\/Icon-Mikorofon-1280x720px-498x280.png 498w, https:\/\/www.contiva-berufsperspektiven.ch\/wp-content\/uploads\/2023\/06\/Icon-Mikorofon-1280x720px-356x200.png 356w, https:\/\/www.contiva-berufsperspektiven.ch\/wp-content\/uploads\/2023\/06\/Icon-Mikorofon-1280x720px-213x120.png 213w\" sizes=\"auto, (max-width: 1280px) 100vw, 1280px\" alt=\"Symbolische Darstellung Interview Training\">\n<\/div>\n<div class=\"ee-imagebox-content\">\n      <p class=\"ee-imagebox-title bde-h3\" >Interview<\/p>\n    \n      <div class=\"ee-imagebox-text\" >Sie wollen f\u00fcr Vorstellungsgespr\u00e4che gut vorbereitet sein? Auch fit sein f\u00fcr Video- und Online-Interviews? Sich selbst dabei erleben und sehen? Im Auftreten sicherer und werden?<\/div>\n    \n          \n                                    \n    \n    \n    \n    \n            \n                    \n            \n            \n\n    \n    \n    \n    \n    \n    <a class=\"breakdance-link button-atom button-atom--primary ee-imagebox-button\" href=\"https:\/\/www.contiva-berufsperspektiven.ch\/private-kmu\/interview\/\" target=\"_self\" data-type=\"url\"  >\n\n    \n        <span class=\"button-atom__text\">zum Angebot<\/span>\n\n        \n        \n                <\/a>\n\n    \n\n  <\/div>\n\n<\/div>\n<\/div><div class=\"bde-column-911-195 bde-column\">\n  \n  \n\t\n\n\n\n<div class=\"bde-image-box-911-194 bde-image-box bde-preset-879cd3b8-dcb9-4e67-93ac-33110043efb1\">\n<div class=\"ee-imagebox-image\">\n  <img loading=\"lazy\" decoding=\"async\" class=\"breakdance-image-object\" src=\"https:\/\/www.contiva-berufsperspektiven.ch\/wp-content\/uploads\/2023\/06\/Icon-LinkedIn-1280x720px.png\" width=\"1280\" height=\"720\" srcset=\"https:\/\/www.contiva-berufsperspektiven.ch\/wp-content\/uploads\/2023\/06\/Icon-LinkedIn-1280x720px.png 1280w, https:\/\/www.contiva-berufsperspektiven.ch\/wp-content\/uploads\/2023\/06\/Icon-LinkedIn-1280x720px-300x169.png 300w, https:\/\/www.contiva-berufsperspektiven.ch\/wp-content\/uploads\/2023\/06\/Icon-LinkedIn-1280x720px-1024x576.png 1024w, https:\/\/www.contiva-berufsperspektiven.ch\/wp-content\/uploads\/2023\/06\/Icon-LinkedIn-1280x720px-768x432.png 768w, https:\/\/www.contiva-berufsperspektiven.ch\/wp-content\/uploads\/2023\/06\/Icon-LinkedIn-1280x720px-840x473.png 840w, https:\/\/www.contiva-berufsperspektiven.ch\/wp-content\/uploads\/2023\/06\/Icon-LinkedIn-1280x720px-711x400.png 711w, https:\/\/www.contiva-berufsperspektiven.ch\/wp-content\/uploads\/2023\/06\/Icon-LinkedIn-1280x720px-498x280.png 498w, https:\/\/www.contiva-berufsperspektiven.ch\/wp-content\/uploads\/2023\/06\/Icon-LinkedIn-1280x720px-356x200.png 356w, https:\/\/www.contiva-berufsperspektiven.ch\/wp-content\/uploads\/2023\/06\/Icon-LinkedIn-1280x720px-213x120.png 213w\" sizes=\"auto, (max-width: 1280px) 100vw, 1280px\" alt=\"Symbolische Darstellung Reaktion LinkedIn und Facebook\">\n<\/div>\n<div class=\"ee-imagebox-content\">\n      <p class=\"ee-imagebox-title bde-h3\" >LinkedIn\u2060\u2060\u2060\u2060\u2060\u2060\u2060\u2060\u2060\u2060\u2060\u2060\u2060\u2060\u2060\u2060\u2060\u2060\u2060\u2060\u2060\u2060\u2060\u2060\u2060\u2060\u2060\u2060\u2060\u2060\u2060\u2060\u2060\u2060\u2060\u2060\u2060\u2060\u2060-\u2060\u2060\u2060\u2060\u2060\u2060\u2060\u2060\u2060\u2060\u2060\u2060\u2060\u2060\u2060\u2060\u2060\u2060\u2060\u2060\u2060\u2060\u2060\u2060\u2060\u2060\u2060\u2060\u2060\u2060\u2060\u2060\u2060\u2060\u2060\u2060\u2060\u2060\u2060Profil<\/p>\n    \n      <div class=\"ee-imagebox-text\" >Sie wollen LinkedIn f\u00fcr Ihre beruflichen Ziele nutzen? Daf\u00fcr ein Profil neu erstellen? Oder Ihren heutigen Auftritt optimieren?<\/div>\n    \n          \n                                    \n    \n    \n    \n    \n            \n                    \n            \n            \n\n    \n    \n    \n    \n    \n    <a class=\"breakdance-link button-atom button-atom--primary ee-imagebox-button\" href=\"https:\/\/www.contiva-berufsperspektiven.ch\/private-kmu\/linkedin-profil\/\" target=\"_self\" data-type=\"url\"  >\n\n    \n        <span class=\"button-atom__text\">zum Angebot<\/span>\n\n        \n        \n                <\/a>\n\n    \n\n  <\/div>\n\n<\/div>\n<\/div><\/div><\/div>\n<\/section><\/div>","protected":false},"excerpt":{"rendered":"<p>CONTIVA Standortbestimmung: Ihre berufliche Zukunft neu denken. Was kann ich? Was will ich? Diese Fragen stehen bei einer Standortbestimmung im Zentrum. Wir unterst\u00fctzen Sie bei der beruflichen Weiterentwicklung. Das bringt es.Sie erhalten Klarheit \u00fcber Ihre F\u00e4higkeiten, Interessen, W\u00fcnsche und Entwicklungspotenziale.Sie planen, wie Sie Ihre Ideen zur beruflichen Weiterentwicklung realisieren k\u00f6nnen.Sie erarbeiten L\u00f6sungen, um potenzielle Hindernisse [&hellip;]<\/p>\n","protected":false},"author":8,"featured_media":0,"parent":143,"menu_order":0,"comment_status":"closed","ping_status":"closed","template":"","meta":{"_acf_changed":false,"_breakdance_hide_in_design_set":false,"_breakdance_tags":"","iawp_total_views":565,"footnotes":""},"class_list":["post-911","page","type-page","status-publish","hentry"],"acf":[],"_links":{"self":[{"href":"https:\/\/www.contiva-berufsperspektiven.ch\/es\/wp-json\/wp\/v2\/pages\/911","targetHints":{"allow":["GET"]}}],"collection":[{"href":"https:\/\/www.contiva-berufsperspektiven.ch\/es\/wp-json\/wp\/v2\/pages"}],"about":[{"href":"https:\/\/www.contiva-berufsperspektiven.ch\/es\/wp-json\/wp\/v2\/types\/page"}],"author":[{"embeddable":true,"href":"https:\/\/www.contiva-berufsperspektiven.ch\/es\/wp-json\/wp\/v2\/users\/8"}],"replies":[{"embeddable":true,"href":"https:\/\/www.contiva-berufsperspektiven.ch\/es\/wp-json\/wp\/v2\/comments?post=911"}],"version-history":[{"count":31,"href":"https:\/\/www.contiva-berufsperspektiven.ch\/es\/wp-json\/wp\/v2\/pages\/911\/revisions"}],"predecessor-version":[{"id":4901,"href":"https:\/\/www.contiva-berufsperspektiven.ch\/es\/wp-json\/wp\/v2\/pages\/911\/revisions\/4901"}],"up":[{"embeddable":true,"href":"https:\/\/www.contiva-berufsperspektiven.ch\/es\/wp-json\/wp\/v2\/pages\/143"}],"wp:attachment":[{"href":"https:\/\/www.contiva-berufsperspektiven.ch\/es\/wp-json\/wp\/v2\/media?parent=911"}],"curies":[{"name":"wp","href":"https:\/\/api.w.org\/{rel}","templated":true}]}}