{"id":939,"date":"2023-05-08T10:53:29","date_gmt":"2023-05-08T08:53:29","guid":{"rendered":"https:\/\/www.contiva-berufsperspektiven.ch\/?page_id=939"},"modified":"2025-12-13T13:04:01","modified_gmt":"2025-12-13T12:04:01","slug":"actualizacion-del-expediente","status":"publish","type":"page","link":"https:\/\/www.contiva-berufsperspektiven.ch\/es\/private-kmu\/dossier-upgrade\/","title":{"rendered":"Dossier de actualizaci\u00f3n"},"content":{"rendered":"<div class='breakdance'><div class=\"bde-globalblock-939-100 bde-globalblock\"><div class='breakdance'><section class=\"bde-section-3672-104-3672-1 bde-section no-animation bde-section-3672-104\">\n  \n  \n\t\n\n\n\n<div class=\"section-container\"><div class=\"bde-breadcrumbs-3672-106-3672-1 bde-breadcrumbs bde-breadcrumbs-3672-106\"><nav aria-label=\"breadcrumbs\" class=\"rank-math-breadcrumb\"><p><span class=\"last\">CONTIVA<\/span><\/p><\/nav><\/div><\/div>\n<\/section><section class=\"bde-section-3672-101-3672-1 bde-section no-animation bde-section-3672-101\">\n  \n  \n\t\n\n\n\n<div class=\"section-container\"><h1 class=\"bde-heading-3672-102-3672-1 bde-heading bde-heading-3672-102\">\nDossier\u2060\u2060\u2060\u2060\u2060\u2060\u2060\u2060\u2060\u2060\u2060\u2060\u2060\u2060\u2060\u2060\u2060\u2060\u2060\u2060\u2060\u2060\u2060\u2060\u2060\u2060\u2060\u2060\u2060\u2060\u2060\u2060\u2060\u2060\u2060\u2060\u2060\u2060\u2060\u2060\u2060\u2060\u2060\u2060\u2060\u2060-\u2060\u2060\u2060\u2060\u2060\u2060\u2060\u2060\u2060\u2060\u2060\u2060\u2060\u2060\u2060\u2060\u2060\u2060\u2060\u2060\u2060\u2060\u2060\u2060\u2060\u2060\u2060\u2060\u2060\u2060\u2060\u2060\u2060\u2060\u2060\u2060\u2060\u2060\u2060\u2060\u2060\u2060\u2060\u2060\u2060\u2060Upgrade: \u2060Bewerbungsunterlagen f\u00fcr Ihren Traumjob.\n<\/h1><div class=\"bde-text-3672-103-3672-1 bde-text bde-text-3672-103\">\n<p>Gemeinsam mit unseren Coaches erstellen Sie Bewerbungsunterlagen, die den heutigen Anforderungen entsprechen. Optional machen wir gerne auch ein professionelles Foto.<\/p>\n\n<\/div><\/div>\n<\/section><\/div><\/div><section class=\"bde-section-939-102 bde-section bde-preset-a757da71-4efb-4b7c-ac36-4af124f53d48\">\n  \n  \n\t\n\n\n\n<div class=\"section-container\"><div class=\"bde-rich-text-939-103 bde-rich-text bde-preset-122c1e24-e6c5-4b29-8189-6b61ad767a10 breakdance-rich-text-styles\">\n<h2>Das bringt es.<\/h2><p>Das nehmen Sie aus dem Dossier-Upgrade bei Contiva mit:<\/p><ul><li>Bewerbungsunterlagen, die den aktuellen Anforderungen des Arbeitsmarkts entsprechen.<\/li><li>Professionelle Fotos f\u00fcr Ihr Bewerbungsdossier.<\/li><li>Eine vollst\u00e4ndige Bewerbung mit Anschreiben f\u00fcr ein Stelleninserat oder f\u00fcr Spontanbewerbungen.<\/li><li>Eine Checkliste zu den aktuellen Standards f\u00fcr Bewerbungsunterlagen.<\/li><\/ul>\n<\/div><\/div>\n<\/section><section class=\"bde-section-939-104 bde-section bde-preset-a757da71-4efb-4b7c-ac36-4af124f53d48\">\n  \n  \n\t\n\n\n\n<div class=\"section-container\"><div class=\"bde-rich-text-939-105 bde-rich-text bde-preset-122c1e24-e6c5-4b29-8189-6b61ad767a10 breakdance-rich-text-styles\">\n<h2>So gehen wir vor.<\/h2><ul><li>Bei einem unverbindlichen und kostenlosen Kennenlerntermin besprechen wir Ihre Bed\u00fcrfnisse und Anspr\u00fcche. Danach erstellen wir eine Offerte, die unsere Leistungen und die Kosten festlegt.<\/li><li>Sind Sie mit der Offerte einverstanden, legen wir die Termine f\u00fcr die gemeinsame Arbeit am Dossier fest. Wir rechnen mit zwei bis f\u00fcnf Terminen.<\/li><li>Gemeinsam mit einer Person aus unserem Coaching-Team erstellen Sie die Dokumente f\u00fcr Ihr Bewerbungsdossier. Sie erhalten Inputs zu den aktuellen Anforderungen an Bewerbungsdossiers.<\/li><li>Dabei pr\u00fcfen und verbessern wir Vollst\u00e4ndigkeit, Aufbau und Design der Unterlagen.<\/li><li>In unserem hauseigenen Fotostudio erstellen wir professionelle Portrait-Bilder f\u00fcr Ihr Bewerbungsdossier.<\/li><\/ul>\n<\/div><\/div>\n<\/section><section class=\"bde-section-939-106 bde-section bde-preset-a757da71-4efb-4b7c-ac36-4af124f53d48\">\n  \n  \n\t\n\n\n\n<div class=\"section-container\"><div class=\"bde-rich-text-939-107 bde-rich-text bde-preset-122c1e24-e6c5-4b29-8189-6b61ad767a10 breakdance-rich-text-styles\">\n<h2>Das investieren Sie.<\/h2><p>Je nach Umfang ben\u00f6tigen wir zwei bis f\u00fcnf Coaching-Termine f\u00fcr das Erstellen und Bearbeiten Ihrer Unterlagen. Bevor wir mit dem Dossier-Upgrade beginnen, erhalten Sie eine Offerte mit den anfallenden Kosten.<\/p><p>Die Kosten werden Ihnen erst nach erbrachter Leistung verrechnet.\u00a0<\/p>\n<\/div><\/div>\n<\/section><section class=\"bde-section-939-108 bde-section bde-preset-a757da71-4efb-4b7c-ac36-4af124f53d48\">\n  \n  \n\t\n\n\n\n<div class=\"section-container\"><div class=\"bde-rich-text-939-109 bde-rich-text bde-preset-122c1e24-e6c5-4b29-8189-6b61ad767a10 breakdance-rich-text-styles\">\n<h2>So kommen wir ins Gespr\u00e4ch.<\/h2><p>Der erste Kennenlerntermin ist f\u00fcr Sie unverbindlich und kostenlos. Vereinbaren Sie jetzt einen Termin mit einer Person aus unserem <a href=\"#anchor-ihre-coachs-fuer-das-upgrade-ihrer-bewerbungsunterlagen\">Coaching-Team<\/a>.<\/p>\n<\/div><div class=\"bde-div-939-111 bde-div bde-preset-4d0b34c7-4d84-489f-bb13-f8ff907d8258\">\n  \n  \n\t\n\n\n\n<div class=\"bde-button-939-110 bde-button\">\n    \n                        \n                        \n    \n    \n    \n    \n            \n                    \n            \n            \n\n    \n    \n    \n    \n    \n    <a class=\"breakdance-link button-atom button-atom--primary bde-button__button\" href=\"#buchen-sie-einen-unverbindlichen-kennenlerntermin\" target=\"_self\" data-type=\"url\"  >\n\n    \n        <span class=\"button-atom__text\">zur Terminbuchung<\/span>\n\n        \n        \n                <\/a>\n\n    \n\n\n<\/div>\n<\/div><\/div>\n<\/section><section class=\"bde-section-939-112 bde-section bde-preset-747017db-7ea2-4afd-a530-d5a83e747998\">\n              \n  \n  \n\t\n\n\n\n<div class=\"section-container\"><h1 class=\"bde-heading-939-113 bde-heading\">\nFacts & Figures<br>\n<\/h1><div class=\"bde-columns-939-114 bde-columns\"><div class=\"bde-column-939-115 bde-column\">\n  \n  \n\t\n\n\n\n<div class=\"bde-columns-939-117 bde-columns\"><div class=\"bde-column-939-118 bde-column\">\n  \n  \n\t\n\n\n\n<div class=\"bde-text-939-120 bde-text\">\n97%<br>\n<\/div>\n<\/div><div class=\"bde-column-939-119 bde-column\">\n  \n  \n\t\n\n\n\n<div class=\"bde-text-939-121 bde-text\">\nder Teilnehmenden haben durch die Standortbestimmung Klarheit erlangt, wissen wie es weitergeht und kennen die konkreten n\u00e4chsten Schritte.\n<\/div>\n<\/div><\/div>\n<\/div><div class=\"bde-column-939-116 bde-column\">\n  \n  \n\t\n\n\n\n<div class=\"bde-columns-939-122 bde-columns\"><div class=\"bde-column-939-123 bde-column\">\n  \n  \n\t\n\n\n\n<div class=\"bde-text-939-124 bde-text\">\n90%\n<\/div>\n<\/div><div class=\"bde-column-939-125 bde-column\">\n  \n  \n\t\n\n\n\n<div class=\"bde-text-939-126 bde-text\">\nder Teilnehmenden empfehlen Contiva f\u00fcr eine Standortbestimmung.<br>\n<\/div>\n<\/div><\/div>\n<\/div><\/div><\/div>\n<\/section><section id=\"anchor-ihre-coachs-fuer-das-upgrade-ihrer-bewerbungsunterlagen\" class=\"bde-section-939-127 bde-section\">\n  \n  \n\t\n\n\n\n<div class=\"section-container\"><div class=\"bde-rich-text-939-130 bde-rich-text bde-preset-122c1e24-e6c5-4b29-8189-6b61ad767a10 breakdance-rich-text-styles\">\n<h2>Ihre Coachs f\u00fcr das Upgrade Ihrer Bewerbungsunterlagen<\/h2>\n<\/div><\/div>\n<\/section><section class=\"bde-section-939-131 bde-section\">\n  \n  \n\t\n\n\n\n<div class=\"section-container\"><div class=\"bde-advanced-tabs-939-133 bde-advanced-tabs bde-preset-32dfa362-4d24-4eac-b6d4-bfff4cdaf519\">\n\n\n        \n  \n  \n  <div class=\"bde-tabs__tabslist-container bde-tabs__tabslist-container--scrollable is-horizontal js-tabs-container\">\n    <div class=\"bde-tabs__tabslist bde-tabs__tabslist--tabs js-tablist\" role=\"tablist\" aria-label=\"Content tabs\" aria-orientation=\"horizontal\" data-tabs-id=\"bde-advanced-tabs-939-133\">\n      \n              <button role=\"tab\" aria-selected=\"false\" class=\"bde-tabs__tab js-tab\" aria-controls=\"tab-panel-bde-advanced-tabs-939-133-1\" id=\"tab-bde-advanced-tabs-939-133-1\" data-value=\"1\">\n                    <span class=\"bde-tabs__tab-title\">Andr\u00e9 Horat<\/span>\n        <\/button>\n              <button role=\"tab\" aria-selected=\"false\" class=\"bde-tabs__tab js-tab\" aria-controls=\"tab-panel-bde-advanced-tabs-939-133-2\" id=\"tab-bde-advanced-tabs-939-133-2\" data-value=\"2\">\n                    <span class=\"bde-tabs__tab-title\">Nicole L\u00fctzelschwab<\/span>\n        <\/button>\n          <\/div>\n  <\/div>\n\n<div class=\"bde-tabs-content-container\">\n  <div class=\"bde-advanced-tabs-content-939-154 bde-advanced-tabs-content\"><div tabindex=\"0\" role=\"tabpanel\" class=\"bde-tabs__panel js-panel\" id=\"\" aria-labelledby=\"\">\r\n  <div class=\"bde-tabs__panel-content\">\r\n    <div class=\"bde-columns-939-155 bde-columns\"><div class=\"bde-column-939-156 bde-column\">\n  \n  \n\t\n\n\n\n<h3 class=\"bde-heading-939-157 bde-heading\">\nAndr\u00e9 Horat\n<\/h3><div class=\"bde-text-939-158 bde-text\">\nBetrieblicher Mentor, Ausbilder, HR-Fachmann mit eidg. FA. Seit 2007 berate und begleite ich Menschen zu den Themen St\u00e4rkung der Pers\u00f6nlichkeits- und F\u00fchrungskompetenzen sowie im Sales und in der Sales F\u00fchrung.\n<\/div><div class=\"bde-button-939-159 bde-button\">\n    \n                                    \n    \n    \n    \n    \n            \n                    \n            \n            \n\n    \n    \n    \n    \n    \n    <a class=\"breakdance-link button-atom button-atom--primary bde-button__button\" href=\"https:\/\/www.contiva-berufsperspektiven.ch\/employee\/andre-horat\/\" target=\"_self\" data-type=\"url\"  >\n\n    \n        <span class=\"button-atom__text\">Mehr Infos<\/span>\n\n        \n        \n                <\/a>\n\n    \n\n\n<\/div><div class=\"bde-rich-text-939-160 bde-rich-text breakdance-rich-text-styles\">\n<p>Termine: Vor Ort und\/oder online<br \/>Gerne unterst\u00fctze ich Sie mit folgenden Angeboten:<\/p><ul><li>Dossier-Upgrade<\/li><li>Interview<\/li><\/ul>\n<\/div>\n<\/div><div class=\"bde-column-939-161 bde-column\">\n  \n  \n\t\n\n\n\n<div class=\"bde-image-939-162 bde-image\">\n<figure class=\"breakdance-image breakdance-image--782\">\n\t<div class=\"breakdance-image-container\">\n\t\t<div class=\"breakdance-image-clip\"><img loading=\"lazy\" decoding=\"async\" class=\"breakdance-image-object\" src=\"https:\/\/www.contiva-berufsperspektiven.ch\/wp-content\/uploads\/2023\/05\/Horat_Andre.jpg\" width=\"8256\" height=\"5504\" srcset=\"https:\/\/www.contiva-berufsperspektiven.ch\/wp-content\/uploads\/2023\/05\/Horat_Andre.jpg 8256w, https:\/\/www.contiva-berufsperspektiven.ch\/wp-content\/uploads\/2023\/05\/Horat_Andre-300x200.jpg 300w, https:\/\/www.contiva-berufsperspektiven.ch\/wp-content\/uploads\/2023\/05\/Horat_Andre-1024x683.jpg 1024w, https:\/\/www.contiva-berufsperspektiven.ch\/wp-content\/uploads\/2023\/05\/Horat_Andre-768x512.jpg 768w, https:\/\/www.contiva-berufsperspektiven.ch\/wp-content\/uploads\/2023\/05\/Horat_Andre-1536x1024.jpg 1536w, https:\/\/www.contiva-berufsperspektiven.ch\/wp-content\/uploads\/2023\/05\/Horat_Andre-2048x1365.jpg 2048w, https:\/\/www.contiva-berufsperspektiven.ch\/wp-content\/uploads\/2023\/05\/Horat_Andre-600x400.jpg 600w, https:\/\/www.contiva-berufsperspektiven.ch\/wp-content\/uploads\/2023\/05\/Horat_Andre-420x280.jpg 420w, https:\/\/www.contiva-berufsperspektiven.ch\/wp-content\/uploads\/2023\/05\/Horat_Andre-180x120.jpg 180w\" sizes=\"auto, (max-width: 8256px) 100vw, 8256px\" alt=\"Andr\u00e9 Horat steht an einem Tisch und l\u00e4chelt in die Kamera.\"><\/div>\n\t<\/div><\/figure>\n\n<\/div>\n<\/div><\/div>\r\n  <\/div>\r\n<\/div>\r\n<\/div><div class=\"bde-advanced-tabs-content-939-163 bde-advanced-tabs-content\"><div tabindex=\"0\" role=\"tabpanel\" class=\"bde-tabs__panel js-panel\" id=\"\" aria-labelledby=\"\">\r\n  <div class=\"bde-tabs__panel-content\">\r\n    <div class=\"bde-columns-939-164 bde-columns\"><div class=\"bde-column-939-165 bde-column\">\n  \n  \n\t\n\n\n\n<h3 class=\"bde-heading-939-166 bde-heading\">\nNicole L\u00fctzelschwab\n<\/h3><div class=\"bde-text-939-167 bde-text\">\nErwachsenenbildnerin mit eidg. FA, MAS Marketing Management, CAS Digital Marketing Pro und diplomierte Kauffrau. Ich kenne die Herausforderungen und Chancen, wenn es darum geht, Menschen im Ver\u00e4nderungsprozess zu begleiten.\n<\/div><div class=\"bde-button-939-168 bde-button\">\n    \n                                    \n    \n    \n    \n    \n            \n                    \n            \n            \n\n    \n    \n    \n    \n    \n    <a class=\"breakdance-link button-atom button-atom--primary bde-button__button\" href=\"https:\/\/www.contiva-berufsperspektiven.ch\/employee\/nicole-luetzelschwab\/\" target=\"_self\" data-type=\"url\"  >\n\n    \n        <span class=\"button-atom__text\">Mehr Infos<\/span>\n\n        \n        \n                <\/a>\n\n    \n\n\n<\/div><div class=\"bde-rich-text-939-169 bde-rich-text breakdance-rich-text-styles\">\n<p>Termine: Vor Ort und\/oder online<br \/>Gerne unterst\u00fctze ich Sie mit folgenden Angeboten:<\/p><ul><li>Standortbestimmung<\/li><li>Dossier-Upgrade<\/li><li>Interview<\/li><li>LinkedIn Profil<\/li><\/ul>\n<\/div>\n<\/div><div class=\"bde-column-939-170 bde-column\">\n  \n  \n\t\n\n\n\n<div class=\"bde-image-939-171 bde-image\">\n<figure class=\"breakdance-image breakdance-image--685\">\n\t<div class=\"breakdance-image-container\">\n\t\t<div class=\"breakdance-image-clip\"><img loading=\"lazy\" decoding=\"async\" class=\"breakdance-image-object\" src=\"https:\/\/www.contiva-berufsperspektiven.ch\/wp-content\/uploads\/2023\/05\/Luetzelschwab_Nicole.jpg\" width=\"8256\" height=\"5504\" srcset=\"https:\/\/www.contiva-berufsperspektiven.ch\/wp-content\/uploads\/2023\/05\/Luetzelschwab_Nicole.jpg 8256w, https:\/\/www.contiva-berufsperspektiven.ch\/wp-content\/uploads\/2023\/05\/Luetzelschwab_Nicole-300x200.jpg 300w, https:\/\/www.contiva-berufsperspektiven.ch\/wp-content\/uploads\/2023\/05\/Luetzelschwab_Nicole-768x512.jpg 768w, https:\/\/www.contiva-berufsperspektiven.ch\/wp-content\/uploads\/2023\/05\/Luetzelschwab_Nicole-1024x683.jpg 1024w, https:\/\/www.contiva-berufsperspektiven.ch\/wp-content\/uploads\/2023\/05\/Luetzelschwab_Nicole-1536x1024.jpg 1536w, https:\/\/www.contiva-berufsperspektiven.ch\/wp-content\/uploads\/2023\/05\/Luetzelschwab_Nicole-2048x1365.jpg 2048w, https:\/\/www.contiva-berufsperspektiven.ch\/wp-content\/uploads\/2023\/05\/Luetzelschwab_Nicole-600x400.jpg 600w, https:\/\/www.contiva-berufsperspektiven.ch\/wp-content\/uploads\/2023\/05\/Luetzelschwab_Nicole-420x280.jpg 420w, https:\/\/www.contiva-berufsperspektiven.ch\/wp-content\/uploads\/2023\/05\/Luetzelschwab_Nicole-180x120.jpg 180w\" sizes=\"auto, (max-width: 8256px) 100vw, 8256px\" alt=\"Nicole Luetzelschwab steht an einem Tisch und l\u00e4chelt in die Kamera.\"><\/div>\n\t<\/div><\/figure>\n\n<\/div>\n<\/div><\/div>\r\n  <\/div>\r\n<\/div>\r\n<\/div><div class=\"bde-advanced-tabs-content-939-172 bde-advanced-tabs-content\"><div tabindex=\"0\" role=\"tabpanel\" class=\"bde-tabs__panel js-panel\" id=\"\" aria-labelledby=\"\">\r\n  <div class=\"bde-tabs__panel-content\">\r\n    <div class=\"bde-columns-939-173 bde-columns\"><div class=\"bde-column-939-174 bde-column\">\n  \n  \n\t\n\n\n\n<h3 class=\"bde-heading-939-175 bde-heading\">\nNicole L\u00fctzelschwab<br>\n<\/h3><div class=\"bde-text-939-176 bde-text\">\nErwachsenenbildnerin mit eidg. FA, MAS Marketing Management, CAS Digital Marketing Pro und diplomierte Kauffrau. Ich kenne die Herausforderungen und Chancen, wenn es darum geht, Menschen im Ver\u00e4nderungsprozess zu begleiten.\n<\/div><div class=\"bde-button-939-177 bde-button\">\n    \n                                    \n    \n    \n    \n    \n            \n                    \n            \n            \n\n    \n    \n    \n    \n    \n    <a class=\"breakdance-link button-atom button-atom--primary bde-button__button\" href=\"https:\/\/www.contiva-berufsperspektiven.ch\/employee\/nicole-luetzelschwab\/\" target=\"_self\" data-type=\"url\"  >\n\n    \n        <span class=\"button-atom__text\">Mehr Infos<\/span>\n\n        \n        \n                <\/a>\n\n    \n\n\n<\/div><div class=\"bde-rich-text-939-178 bde-rich-text breakdance-rich-text-styles\">\n<p>Termine: Vor Ort und\/oder online<br \/>Gerne unterst\u00fctze ich Sie mit folgenden Angeboten:<\/p><ul><li>Standortbestimmung<\/li><li>Dossier-Upgrade<\/li><li>Interview<\/li><li>LinkedIn Profil<\/li><\/ul>\n<\/div>\n<\/div><div class=\"bde-column-939-179 bde-column\">\n  \n  \n\t\n\n\n\n<div class=\"bde-image-939-180 bde-image\">\n<figure class=\"breakdance-image breakdance-image--685\">\n\t<div class=\"breakdance-image-container\">\n\t\t<div class=\"breakdance-image-clip\"><img loading=\"lazy\" decoding=\"async\" class=\"breakdance-image-object\" src=\"https:\/\/www.contiva-berufsperspektiven.ch\/wp-content\/uploads\/2023\/05\/Luetzelschwab_Nicole.jpg\" width=\"8256\" height=\"5504\" srcset=\"https:\/\/www.contiva-berufsperspektiven.ch\/wp-content\/uploads\/2023\/05\/Luetzelschwab_Nicole.jpg 8256w, https:\/\/www.contiva-berufsperspektiven.ch\/wp-content\/uploads\/2023\/05\/Luetzelschwab_Nicole-300x200.jpg 300w, https:\/\/www.contiva-berufsperspektiven.ch\/wp-content\/uploads\/2023\/05\/Luetzelschwab_Nicole-1024x683.jpg 1024w, https:\/\/www.contiva-berufsperspektiven.ch\/wp-content\/uploads\/2023\/05\/Luetzelschwab_Nicole-768x512.jpg 768w, https:\/\/www.contiva-berufsperspektiven.ch\/wp-content\/uploads\/2023\/05\/Luetzelschwab_Nicole-1536x1024.jpg 1536w, https:\/\/www.contiva-berufsperspektiven.ch\/wp-content\/uploads\/2023\/05\/Luetzelschwab_Nicole-2048x1365.jpg 2048w, https:\/\/www.contiva-berufsperspektiven.ch\/wp-content\/uploads\/2023\/05\/Luetzelschwab_Nicole-600x400.jpg 600w, https:\/\/www.contiva-berufsperspektiven.ch\/wp-content\/uploads\/2023\/05\/Luetzelschwab_Nicole-420x280.jpg 420w, https:\/\/www.contiva-berufsperspektiven.ch\/wp-content\/uploads\/2023\/05\/Luetzelschwab_Nicole-180x120.jpg 180w\" sizes=\"auto, (max-width: 8256px) 100vw, 8256px\" alt=\"Nicole Luetzelschwab steht an einem Tisch und l\u00e4chelt in die Kamera.\"><\/div>\n\t<\/div><\/figure>\n\n<\/div>\n<\/div><\/div>\r\n  <\/div>\r\n<\/div>\r\n<\/div>\n<\/div>\n\n\n<\/div><\/div>\n<\/section><section id=\"buchen-sie-einen-unverbindlichen-kennenlerntermin\" class=\"bde-section-939-181 bde-section bde-preset-84a15dde-f849-469d-bf93-8fff4095fba1\">\n  \n  \n\t\n\n\n\n<div class=\"section-container\"><div class=\"bde-columns-939-185 bde-columns\"><div class=\"bde-column-939-186 bde-column\">\n  \n  \n\t\n\n\n\n<h2 class=\"bde-heading-939-184 bde-heading\">\nBuchen Sie einen unverbindlichen Kennenlerntermin\n<\/h2>\n<\/div><div class=\"bde-column-939-187 bde-column\">\n  \n  \n\t\n\n\n\n<div class=\"bde-globalblock-939-221 bde-globalblock\"><div class='breakdance'><div class=\"bde-form-builder-4887-100-4887-1 bde-form-builder bde-form-builder-4887-100\">\n\n<form id=\"kontaktformular100\" class=\"breakdance-form breakdance-form--vertical\" data-options=\"{&quot;slug&quot;:&quot;custom&quot;,&quot;name&quot;:&quot;Kontaktformular&quot;,&quot;ajaxUrl&quot;:&quot;https:\\\/\\\/www.contiva-berufsperspektiven.ch\\\/wp-admin\\\/admin-ajax.php&quot;,&quot;clearOnSuccess&quot;:true,&quot;hideOnSuccess&quot;:false,&quot;successMessage&quot;:&quot;Deine Nachricht ist angekommen!&quot;,&quot;errorMessage&quot;:&quot;Etwas ist schief gelaufen&quot;,&quot;redirect&quot;:false,&quot;redirectUrl&quot;:&quot;&quot;,&quot;customJavaScript&quot;:&quot;&quot;,&quot;recaptcha&quot;:{&quot;key&quot;:&quot;&quot;,&quot;enabled&quot;:false},&quot;honeypot_enabled&quot;:false,&quot;popupsOnSuccess&quot;:[],&quot;popupsOnError&quot;:[]}\" data-steps=\"0\" >\n  \n  \n  \n<div class=\"breakdance-form-field breakdance-form-field--text\" >\n    \n    \n            <label class=\"breakdance-form-field__label\" for=\"name\">\n            Vorname<span class=\"breakdance-form-field__required\">*<\/span>\n        <\/label>\n    \n    <input\n    class=\"breakdance-form-field__input\"\n    id=\"name\"\n    aria-describedby=\"name\"\n    type=\"text\"\n    name=\"fields[name]\"\n    placeholder=\"\"\n    value=\"\"\n                \n        \n        \n    required\n    \n    \n    \n>\n\n\n    \n    \n<\/div>\n\n\n<div class=\"breakdance-form-field breakdance-form-field--text\" >\n    \n    \n            <label class=\"breakdance-form-field__label\" for=\"rsqoah\">\n            Nachname<span class=\"breakdance-form-field__required\">*<\/span>\n        <\/label>\n    \n    <input\n    class=\"breakdance-form-field__input\"\n    id=\"rsqoah\"\n    aria-describedby=\"rsqoah\"\n    type=\"text\"\n    name=\"fields[rsqoah]\"\n    placeholder=\"\"\n    value=\"\"\n                \n        \n        \n    required\n    \n    \n    \n>\n\n\n    \n    \n<\/div>\n\n\n<div class=\"breakdance-form-field breakdance-form-field--text\" >\n    \n    \n            <label class=\"breakdance-form-field__label\" for=\"nsfpyb\">\n            Firma\n        <\/label>\n    \n    <input\n    class=\"breakdance-form-field__input\"\n    id=\"nsfpyb\"\n    aria-describedby=\"nsfpyb\"\n    type=\"text\"\n    name=\"fields[nsfpyb]\"\n    placeholder=\"\"\n    value=\"\"\n                \n        \n        \n    \n    \n    \n    \n>\n\n\n    \n    \n<\/div>\n\n\n<div class=\"breakdance-form-field breakdance-form-field--number\" >\n    \n    \n            <label class=\"breakdance-form-field__label\" for=\"ajlzjs\">\n            Telefon\n        <\/label>\n    \n    <input\n    class=\"breakdance-form-field__input\"\n    id=\"ajlzjs\"\n    aria-describedby=\"ajlzjs\"\n    type=\"number\"\n    name=\"fields[ajlzjs]\"\n    placeholder=\"\"\n    value=\"\"\n                \n        \n        \n    \n    \n    \n    \n>\n\n\n    \n    \n<\/div>\n\n\n<div class=\"breakdance-form-field breakdance-form-field--email\" >\n    \n    \n            <label class=\"breakdance-form-field__label\" for=\"email\">\n            Email<span class=\"breakdance-form-field__required\">*<\/span>\n        <\/label>\n    \n    <input\n    class=\"breakdance-form-field__input\"\n    id=\"email\"\n    aria-describedby=\"email\"\n    type=\"email\"\n    name=\"fields[email]\"\n    placeholder=\"\"\n    value=\"\"\n                \n        \n        \n    required\n    \n    \n    \n>\n\n\n    \n    \n<\/div>\n\n\n<div class=\"breakdance-form-field breakdance-form-field--textarea\" >\n    \n    \n            <label class=\"breakdance-form-field__label\" for=\"message\">\n            Hinterlassen Sie uns eine Nachricht!<span class=\"breakdance-form-field__required\">*<\/span>\n        <\/label>\n    \n    <textarea\n    class=\"breakdance-form-field__input\"\n    id=\"message\"\n    aria-describedby=\"message\"\n    type=\"textarea\"\n    name=\"fields[message]\"\n        placeholder=\"\"\n    required\n    >\n<\/textarea>\n\n\n    \n    \n<\/div>\n\n\n<div class=\"breakdance-form-field breakdance-form-field--checkbox\" >\n    \n    \n    \n    <fieldset role=\"group\"\n    aria-label=\"Datenschutzerkl\u00e4rung\"\n    >\n       <legend class=\"breakdance-form-field__label\">Datenschutzerkl\u00e4rung<\/legend>\n          <div class=\"breakdance-form-checkbox\">\n          <input\n              type=\"checkbox\"\n              name=\"fields[tmgnel][]\"\n              value=\"Ich stimme der &lt;a href=&quot;\/datenschutzerklaerung\/&quot;&gt;Datenschutzerkl\u00e4rung&lt;\/a&gt; zu.\"\n              id=\"tmgnel-1\"\n              \n                        >\n          <label class=\"breakdance-form-checkbox__text\" for=\"tmgnel-1\">Ich stimme der <a href=\"\/datenschutzerklaerung\/\">Datenschutzerkl\u00e4rung<\/a> zu.<\/label>\n      <\/div>\n        <div class=\"breakdance-form-checkbox\">\n          <input\n              type=\"checkbox\"\n              name=\"fields[tmgnel][]\"\n              value=\"Ich stimme den &lt;a href=&quot;https:\/\/www.contiva-berufsperspektiven.ch\/wp-content\/uploads\/2025\/03\/AGB-Privatkundschaft_final-05.03.2025.pdf&quot;&gt;AGB&lt;\/a&gt; zu.\"\n              id=\"tmgnel-2\"\n              \n                        >\n          <label class=\"breakdance-form-checkbox__text\" for=\"tmgnel-2\">Ich stimme den <a href=\"https:\/\/www.contiva-berufsperspektiven.ch\/wp-content\/uploads\/2025\/03\/AGB-Privatkundschaft_final-05.03.2025.pdf\">AGB<\/a> zu.<\/label>\n      <\/div>\n  <\/fieldset>\n\n\n\n    \n    \n<\/div>\n\n\n  \n\n<div class=\"breakdance-form-field breakdance-form-footer\">\n    \n    \n                                    \n    \n    \n    \n    \n            \n            <button type=\"submit\" class=\"button-atom button-atom--primary breakdance-form-button breakdance-form-button__submit\"  >\n    \n        <span class=\"button-atom__text\">Absenden<\/span>\n\n        \n        \n            <\/button>\n    \n    <input type=\"hidden\" name=\"form_id\" value=\"100\">\n    <input type=\"hidden\" name=\"post_id\" value=\"4887\">\n<\/div>\n\n  \n<\/form>\n\n\n<\/div><\/div><\/div>\n<\/div><\/div><\/div>\n<\/section><section class=\"bde-section-939-199 bde-section bde-preset-a757da71-4efb-4b7c-ac36-4af124f53d48\">\n  \n  \n\t\n\n\n\n<div class=\"section-container\"><div class=\"bde-advancedslider-939-200 bde-advancedslider bde-preset-e66db929-2653-4fcb-84aa-9a9017dde908\">\n<div class=\"breakdance-swiper-wrapper\" data-swiper-id=\"200\">\n  <div class=\"swiper\">\n    <div class=\"swiper-wrapper\">\n      <div class=\"bde-advancedslide-939-201 bde-advancedslide bde-preset-0c67b29b-1fba-42f0-8ecc-f9ac3777c480 swiper-slide\"><div class=\"advanced-slider__slide\">\r\n  <div class=\"bde-fancy-testimonial-939-211 bde-fancy-testimonial bde-preset-c83e8bde-2678-4431-a9c5-d3b63813a7d2\">\n<div class='bde-fancy-testimonial_image'>\n  <img loading=\"lazy\" decoding=\"async\" class=\"breakdance-image-object\" src=\"https:\/\/www.contiva-berufsperspektiven.ch\/wp-content\/uploads\/2023\/05\/Frau_Privat.jpg\" width=\"2501\" height=\"2501\" srcset=\"https:\/\/www.contiva-berufsperspektiven.ch\/wp-content\/uploads\/2023\/05\/Frau_Privat.jpg 2501w, https:\/\/www.contiva-berufsperspektiven.ch\/wp-content\/uploads\/2023\/05\/Frau_Privat-300x300.jpg 300w, https:\/\/www.contiva-berufsperspektiven.ch\/wp-content\/uploads\/2023\/05\/Frau_Privat-1024x1024.jpg 1024w, https:\/\/www.contiva-berufsperspektiven.ch\/wp-content\/uploads\/2023\/05\/Frau_Privat-150x150.jpg 150w, https:\/\/www.contiva-berufsperspektiven.ch\/wp-content\/uploads\/2023\/05\/Frau_Privat-768x768.jpg 768w, https:\/\/www.contiva-berufsperspektiven.ch\/wp-content\/uploads\/2023\/05\/Frau_Privat-1536x1536.jpg 1536w, https:\/\/www.contiva-berufsperspektiven.ch\/wp-content\/uploads\/2023\/05\/Frau_Privat-2048x2048.jpg 2048w, https:\/\/www.contiva-berufsperspektiven.ch\/wp-content\/uploads\/2023\/05\/Frau_Privat-800x800.jpg 800w, https:\/\/www.contiva-berufsperspektiven.ch\/wp-content\/uploads\/2023\/05\/Frau_Privat-560x560.jpg 560w, https:\/\/www.contiva-berufsperspektiven.ch\/wp-content\/uploads\/2023\/05\/Frau_Privat-400x400.jpg 400w, https:\/\/www.contiva-berufsperspektiven.ch\/wp-content\/uploads\/2023\/05\/Frau_Privat-240x240.jpg 240w, https:\/\/www.contiva-berufsperspektiven.ch\/wp-content\/uploads\/2023\/05\/Frau_Privat-280x280.jpg 280w, https:\/\/www.contiva-berufsperspektiven.ch\/wp-content\/uploads\/2023\/05\/Frau_Privat-200x200.jpg 200w, https:\/\/www.contiva-berufsperspektiven.ch\/wp-content\/uploads\/2023\/05\/Frau_Privat-120x120.jpg 120w\" sizes=\"auto, (max-width: 2501px) 100vw, 2501px\" alt=\"Silhouette Frau Freizeitlook\">\n<\/div>\n<div class='bde-fancy-testimonial_content'>\n  \n  <div class='bde-fancy-testimonial_text'>\n        <div class=\"bde-fancy-testimonial_quote\"><svg xmlns=\"http:\/\/www.w3.org\/2000\/svg\" width=\"100\" height=\"76\" viewBox=\"0 0 100 76\">\r\n    <path d=\"M65.698 25.656C71.305 16.136 81.016 7.583 94.823 0L100 6.497C84.897 18.621 77.35 27.496 77.35 33.122c0 3.043 2.691 5.313 8.093 6.82 8.843 2.388 13.27 8.122 13.27 17.222 0 5.411-1.94 9.961-5.83 13.64C88.357 74.268 83.61 76 78.646 76c-4.105 0-8.532-1.624-13.27-4.873-4.75-4.755-7.118-11.145-7.118-19.159 0-9.53 2.476-18.298 7.44-26.312m-58.26 0C13.047 16.136 22.866 7.583 36.896 0l4.856 6.497c-15.103 12.124-22.66 20.999-22.66 26.625 0 3.043 2.701 5.313 8.093 6.82 8.844 2.388 13.27 8.122 13.27 17.222 0 5.411-1.833 9.961-5.499 13.64C30.421 74.268 25.565 76 20.388 76c-4.105 0-8.522-1.624-13.27-4.873C2.369 66.372 0 59.982 0 51.968c0-9.53 2.477-18.298 7.44-26.312\" fill=\"#D20022\" fill-rule=\"evenodd\"\/>\r\n<\/svg><\/div>\n    <div class=\"bde-fancy-testimonial_quote\"><svg xmlns=\"http:\/\/www.w3.org\/2000\/svg\" width=\"100\" height=\"76\" viewBox=\"0 0 100 76\">\r\n    <path d=\"M65.698 25.656C71.305 16.136 81.016 7.583 94.823 0L100 6.497C84.897 18.621 77.35 27.496 77.35 33.122c0 3.043 2.691 5.313 8.093 6.82 8.843 2.388 13.27 8.122 13.27 17.222 0 5.411-1.94 9.961-5.83 13.64C88.357 74.268 83.61 76 78.646 76c-4.105 0-8.532-1.624-13.27-4.873-4.75-4.755-7.118-11.145-7.118-19.159 0-9.53 2.476-18.298 7.44-26.312m-58.26 0C13.047 16.136 22.866 7.583 36.896 0l4.856 6.497c-15.103 12.124-22.66 20.999-22.66 26.625 0 3.043 2.701 5.313 8.093 6.82 8.844 2.388 13.27 8.122 13.27 17.222 0 5.411-1.833 9.961-5.499 13.64C30.421 74.268 25.565 76 20.388 76c-4.105 0-8.522-1.624-13.27-4.873C2.369 66.372 0 59.982 0 51.968c0-9.53 2.477-18.298 7.44-26.312\" fill=\"#D20022\" fill-rule=\"evenodd\"\/>\r\n<\/svg><\/div>\n        <p  class='bde-fancy-testimonial_text_text'>Durch die Individuelle Unterst\u00fctzung habe ich nun stimmige Unterlagen, die zu mir passen.<\/p>\n  <\/div>\n      <div class='bde-fancy-testimonial_name' >\n    Tamara P.\n  <\/div>\n      <div class='bde-fancy-testimonial_occupation' >\n    Schmuck-Designerin\n  <\/div>\n    <\/div>\n\n<\/div>\r\n<\/div><\/div><div class=\"bde-advancedslide-939-212 bde-advancedslide bde-preset-0c67b29b-1fba-42f0-8ecc-f9ac3777c480 swiper-slide\"><div class=\"advanced-slider__slide\">\r\n  <div class=\"bde-fancy-testimonial-939-213 bde-fancy-testimonial bde-preset-c83e8bde-2678-4431-a9c5-d3b63813a7d2\">\n<div class='bde-fancy-testimonial_image'>\n  <img loading=\"lazy\" decoding=\"async\" class=\"breakdance-image-object\" src=\"https:\/\/www.contiva-berufsperspektiven.ch\/wp-content\/uploads\/2023\/05\/Mann_Privat.jpg\" width=\"2501\" height=\"2501\" srcset=\"https:\/\/www.contiva-berufsperspektiven.ch\/wp-content\/uploads\/2023\/05\/Mann_Privat.jpg 2501w, https:\/\/www.contiva-berufsperspektiven.ch\/wp-content\/uploads\/2023\/05\/Mann_Privat-300x300.jpg 300w, https:\/\/www.contiva-berufsperspektiven.ch\/wp-content\/uploads\/2023\/05\/Mann_Privat-1024x1024.jpg 1024w, https:\/\/www.contiva-berufsperspektiven.ch\/wp-content\/uploads\/2023\/05\/Mann_Privat-150x150.jpg 150w, https:\/\/www.contiva-berufsperspektiven.ch\/wp-content\/uploads\/2023\/05\/Mann_Privat-768x768.jpg 768w, https:\/\/www.contiva-berufsperspektiven.ch\/wp-content\/uploads\/2023\/05\/Mann_Privat-1536x1536.jpg 1536w, https:\/\/www.contiva-berufsperspektiven.ch\/wp-content\/uploads\/2023\/05\/Mann_Privat-2048x2048.jpg 2048w, https:\/\/www.contiva-berufsperspektiven.ch\/wp-content\/uploads\/2023\/05\/Mann_Privat-800x800.jpg 800w, https:\/\/www.contiva-berufsperspektiven.ch\/wp-content\/uploads\/2023\/05\/Mann_Privat-560x560.jpg 560w, https:\/\/www.contiva-berufsperspektiven.ch\/wp-content\/uploads\/2023\/05\/Mann_Privat-400x400.jpg 400w, https:\/\/www.contiva-berufsperspektiven.ch\/wp-content\/uploads\/2023\/05\/Mann_Privat-240x240.jpg 240w, https:\/\/www.contiva-berufsperspektiven.ch\/wp-content\/uploads\/2023\/05\/Mann_Privat-280x280.jpg 280w, https:\/\/www.contiva-berufsperspektiven.ch\/wp-content\/uploads\/2023\/05\/Mann_Privat-200x200.jpg 200w, https:\/\/www.contiva-berufsperspektiven.ch\/wp-content\/uploads\/2023\/05\/Mann_Privat-120x120.jpg 120w\" sizes=\"auto, (max-width: 2501px) 100vw, 2501px\" alt=\"Silhouette Mann im Freizeitlook\">\n<\/div>\n<div class='bde-fancy-testimonial_content'>\n  \n  <div class='bde-fancy-testimonial_text'>\n        <div class=\"bde-fancy-testimonial_quote\"><svg xmlns=\"http:\/\/www.w3.org\/2000\/svg\" width=\"100\" height=\"76\" viewBox=\"0 0 100 76\">\r\n    <path d=\"M65.698 25.656C71.305 16.136 81.016 7.583 94.823 0L100 6.497C84.897 18.621 77.35 27.496 77.35 33.122c0 3.043 2.691 5.313 8.093 6.82 8.843 2.388 13.27 8.122 13.27 17.222 0 5.411-1.94 9.961-5.83 13.64C88.357 74.268 83.61 76 78.646 76c-4.105 0-8.532-1.624-13.27-4.873-4.75-4.755-7.118-11.145-7.118-19.159 0-9.53 2.476-18.298 7.44-26.312m-58.26 0C13.047 16.136 22.866 7.583 36.896 0l4.856 6.497c-15.103 12.124-22.66 20.999-22.66 26.625 0 3.043 2.701 5.313 8.093 6.82 8.844 2.388 13.27 8.122 13.27 17.222 0 5.411-1.833 9.961-5.499 13.64C30.421 74.268 25.565 76 20.388 76c-4.105 0-8.522-1.624-13.27-4.873C2.369 66.372 0 59.982 0 51.968c0-9.53 2.477-18.298 7.44-26.312\" fill=\"#D20022\" fill-rule=\"evenodd\"\/>\r\n<\/svg><\/div>\n    <div class=\"bde-fancy-testimonial_quote\"><svg xmlns=\"http:\/\/www.w3.org\/2000\/svg\" width=\"100\" height=\"76\" viewBox=\"0 0 100 76\">\r\n    <path d=\"M65.698 25.656C71.305 16.136 81.016 7.583 94.823 0L100 6.497C84.897 18.621 77.35 27.496 77.35 33.122c0 3.043 2.691 5.313 8.093 6.82 8.843 2.388 13.27 8.122 13.27 17.222 0 5.411-1.94 9.961-5.83 13.64C88.357 74.268 83.61 76 78.646 76c-4.105 0-8.532-1.624-13.27-4.873-4.75-4.755-7.118-11.145-7.118-19.159 0-9.53 2.476-18.298 7.44-26.312m-58.26 0C13.047 16.136 22.866 7.583 36.896 0l4.856 6.497c-15.103 12.124-22.66 20.999-22.66 26.625 0 3.043 2.701 5.313 8.093 6.82 8.844 2.388 13.27 8.122 13.27 17.222 0 5.411-1.833 9.961-5.499 13.64C30.421 74.268 25.565 76 20.388 76c-4.105 0-8.522-1.624-13.27-4.873C2.369 66.372 0 59.982 0 51.968c0-9.53 2.477-18.298 7.44-26.312\" fill=\"#D20022\" fill-rule=\"evenodd\"\/>\r\n<\/svg><\/div>\n        <p  class='bde-fancy-testimonial_text_text'>Mein Lebenslauf ist jetzt optisch viel ansprechender und \u00fcbersichtlicher. Ausserdem habe ich gelernt, inwiefern ich den Lebenslauf auf die ausgeschriebene Stelle anpassen kann.<\/p>\n  <\/div>\n      <div class='bde-fancy-testimonial_name' >\n    Remo K.\n  <\/div>\n      <div class='bde-fancy-testimonial_occupation' >\n    Hochbauzeichner\n  <\/div>\n    <\/div>\n\n<\/div>\r\n<\/div><\/div>\n    <\/div>\n  <\/div>\n\n              <div class=\"swiper-button-prev\">\n            \n        <\/div>\n        <div class=\"swiper-button-next\">\n            \n        <\/div>\n    \n            <div class=\"swiper-pagination\"><\/div>\n    \n<\/div>\n\n<\/div><\/div>\n<\/section><section class=\"bde-section-939-189 bde-section bde-preset-747017db-7ea2-4afd-a530-d5a83e747998\">\n              \n  \n  \n\t\n\n\n\n<div class=\"section-container\"><h2 class=\"bde-heading-939-190 bde-heading\">\nDas k\u00f6nnte Sie ebenfalls interessieren:\n<\/h2><\/div>\n<\/section><section class=\"bde-section-939-191 bde-section bde-preset-a757da71-4efb-4b7c-ac36-4af124f53d48\">\n  \n  \n\t\n\n\n\n<div class=\"section-container\"><div class=\"bde-columns-939-192 bde-columns\"><div class=\"bde-column-939-193 bde-column\">\n  \n  \n\t\n\n\n\n<div class=\"bde-image-box-939-198 bde-image-box bde-preset-879cd3b8-dcb9-4e67-93ac-33110043efb1\">\n<div class=\"ee-imagebox-image\">\n  <img loading=\"lazy\" decoding=\"async\" class=\"breakdance-image-object\" src=\"https:\/\/www.contiva-berufsperspektiven.ch\/wp-content\/uploads\/2023\/06\/Icon-Mikorofon-1280x720px.png\" width=\"1280\" height=\"720\" srcset=\"https:\/\/www.contiva-berufsperspektiven.ch\/wp-content\/uploads\/2023\/06\/Icon-Mikorofon-1280x720px.png 1280w, https:\/\/www.contiva-berufsperspektiven.ch\/wp-content\/uploads\/2023\/06\/Icon-Mikorofon-1280x720px-300x169.png 300w, https:\/\/www.contiva-berufsperspektiven.ch\/wp-content\/uploads\/2023\/06\/Icon-Mikorofon-1280x720px-1024x576.png 1024w, https:\/\/www.contiva-berufsperspektiven.ch\/wp-content\/uploads\/2023\/06\/Icon-Mikorofon-1280x720px-768x432.png 768w, https:\/\/www.contiva-berufsperspektiven.ch\/wp-content\/uploads\/2023\/06\/Icon-Mikorofon-1280x720px-840x473.png 840w, https:\/\/www.contiva-berufsperspektiven.ch\/wp-content\/uploads\/2023\/06\/Icon-Mikorofon-1280x720px-711x400.png 711w, https:\/\/www.contiva-berufsperspektiven.ch\/wp-content\/uploads\/2023\/06\/Icon-Mikorofon-1280x720px-498x280.png 498w, https:\/\/www.contiva-berufsperspektiven.ch\/wp-content\/uploads\/2023\/06\/Icon-Mikorofon-1280x720px-356x200.png 356w, https:\/\/www.contiva-berufsperspektiven.ch\/wp-content\/uploads\/2023\/06\/Icon-Mikorofon-1280x720px-213x120.png 213w\" sizes=\"auto, (max-width: 1280px) 100vw, 1280px\" alt=\"Symbolische Darstellung Interview Training\">\n<\/div>\n<div class=\"ee-imagebox-content\">\n      <p class=\"ee-imagebox-title bde-h3\" >Interview<\/p>\n    \n      <div class=\"ee-imagebox-text\" >Sie wollen f\u00fcr Vorstellungsgespr\u00e4che gut vorbereitet sein? Auch fit sein f\u00fcr Video- und Online-Interviews? Sich selbst dabei erleben und sehen? Im Auftreten sicherer und werden?<\/div>\n    \n          \n                                    \n    \n    \n    \n    \n            \n                    \n            \n            \n\n    \n    \n    \n    \n    \n    <a class=\"breakdance-link button-atom button-atom--primary ee-imagebox-button\" href=\"https:\/\/www.contiva-berufsperspektiven.ch\/private-kmu\/interview\/\" target=\"_self\" data-type=\"url\"  >\n\n    \n        <span class=\"button-atom__text\">zum Angebot<\/span>\n\n        \n        \n                <\/a>\n\n    \n\n  <\/div>\n\n<\/div>\n<\/div><div class=\"bde-column-939-195 bde-column\">\n  \n  \n\t\n\n\n\n<div class=\"bde-image-box-939-196 bde-image-box bde-preset-879cd3b8-dcb9-4e67-93ac-33110043efb1\">\n<div class=\"ee-imagebox-image\">\n  <img loading=\"lazy\" decoding=\"async\" class=\"breakdance-image-object\" src=\"https:\/\/www.contiva-berufsperspektiven.ch\/wp-content\/uploads\/2023\/06\/Icon-LinkedIn-1280x720px.png\" width=\"1280\" height=\"720\" srcset=\"https:\/\/www.contiva-berufsperspektiven.ch\/wp-content\/uploads\/2023\/06\/Icon-LinkedIn-1280x720px.png 1280w, https:\/\/www.contiva-berufsperspektiven.ch\/wp-content\/uploads\/2023\/06\/Icon-LinkedIn-1280x720px-300x169.png 300w, https:\/\/www.contiva-berufsperspektiven.ch\/wp-content\/uploads\/2023\/06\/Icon-LinkedIn-1280x720px-1024x576.png 1024w, https:\/\/www.contiva-berufsperspektiven.ch\/wp-content\/uploads\/2023\/06\/Icon-LinkedIn-1280x720px-768x432.png 768w, https:\/\/www.contiva-berufsperspektiven.ch\/wp-content\/uploads\/2023\/06\/Icon-LinkedIn-1280x720px-840x473.png 840w, https:\/\/www.contiva-berufsperspektiven.ch\/wp-content\/uploads\/2023\/06\/Icon-LinkedIn-1280x720px-711x400.png 711w, https:\/\/www.contiva-berufsperspektiven.ch\/wp-content\/uploads\/2023\/06\/Icon-LinkedIn-1280x720px-498x280.png 498w, https:\/\/www.contiva-berufsperspektiven.ch\/wp-content\/uploads\/2023\/06\/Icon-LinkedIn-1280x720px-356x200.png 356w, https:\/\/www.contiva-berufsperspektiven.ch\/wp-content\/uploads\/2023\/06\/Icon-LinkedIn-1280x720px-213x120.png 213w\" sizes=\"auto, (max-width: 1280px) 100vw, 1280px\" alt=\"Symbolische Darstellung Reaktion LinkedIn und Facebook\">\n<\/div>\n<div class=\"ee-imagebox-content\">\n      <p class=\"ee-imagebox-title bde-h3\" >LinkedIn\u2060\u2060\u2060\u2060\u2060\u2060\u2060\u2060\u2060\u2060\u2060\u2060\u2060\u2060\u2060\u2060\u2060\u2060\u2060\u2060\u2060\u2060\u2060\u2060\u2060\u2060\u2060\u2060\u2060\u2060\u2060\u2060\u2060\u2060\u2060\u2060\u2060\u2060\u2060-\u2060\u2060\u2060\u2060\u2060\u2060\u2060\u2060\u2060\u2060\u2060\u2060\u2060\u2060\u2060\u2060\u2060\u2060\u2060\u2060\u2060\u2060\u2060\u2060\u2060\u2060\u2060\u2060\u2060\u2060\u2060\u2060\u2060\u2060\u2060\u2060\u2060\u2060\u2060Profil<\/p>\n    \n      <div class=\"ee-imagebox-text\" >Sie wollen LinkedIn f\u00fcr Ihre beruflichen Ziele nutzen? Daf\u00fcr ein Profil neu erstellen? Oder Ihren heutigen Auftritt optimieren?<\/div>\n    \n          \n                                    \n    \n    \n    \n    \n            \n                    \n            \n            \n\n    \n    \n    \n    \n    \n    <a class=\"breakdance-link button-atom button-atom--primary ee-imagebox-button\" href=\"https:\/\/www.contiva-berufsperspektiven.ch\/private-kmu\/linkedin-profil\/\" target=\"_self\" data-type=\"url\"  >\n\n    \n        <span class=\"button-atom__text\">zum Angebot<\/span>\n\n        \n        \n                <\/a>\n\n    \n\n  <\/div>\n\n<\/div>\n<\/div><div class=\"bde-column-939-197 bde-column\">\n  \n  \n\t\n\n\n\n<div class=\"bde-image-box-939-194 bde-image-box bde-preset-879cd3b8-dcb9-4e67-93ac-33110043efb1\">\n<div class=\"ee-imagebox-image\">\n  <img loading=\"lazy\" decoding=\"async\" class=\"breakdance-image-object\" src=\"https:\/\/www.contiva-berufsperspektiven.ch\/wp-content\/uploads\/2023\/06\/Icon-Bewerbungsvideo-1280x720px.png\" width=\"1280\" height=\"720\" srcset=\"https:\/\/www.contiva-berufsperspektiven.ch\/wp-content\/uploads\/2023\/06\/Icon-Bewerbungsvideo-1280x720px.png 1280w, https:\/\/www.contiva-berufsperspektiven.ch\/wp-content\/uploads\/2023\/06\/Icon-Bewerbungsvideo-1280x720px-300x169.png 300w, https:\/\/www.contiva-berufsperspektiven.ch\/wp-content\/uploads\/2023\/06\/Icon-Bewerbungsvideo-1280x720px-1024x576.png 1024w, https:\/\/www.contiva-berufsperspektiven.ch\/wp-content\/uploads\/2023\/06\/Icon-Bewerbungsvideo-1280x720px-768x432.png 768w, https:\/\/www.contiva-berufsperspektiven.ch\/wp-content\/uploads\/2023\/06\/Icon-Bewerbungsvideo-1280x720px-840x473.png 840w, https:\/\/www.contiva-berufsperspektiven.ch\/wp-content\/uploads\/2023\/06\/Icon-Bewerbungsvideo-1280x720px-711x400.png 711w, https:\/\/www.contiva-berufsperspektiven.ch\/wp-content\/uploads\/2023\/06\/Icon-Bewerbungsvideo-1280x720px-498x280.png 498w, https:\/\/www.contiva-berufsperspektiven.ch\/wp-content\/uploads\/2023\/06\/Icon-Bewerbungsvideo-1280x720px-356x200.png 356w, https:\/\/www.contiva-berufsperspektiven.ch\/wp-content\/uploads\/2023\/06\/Icon-Bewerbungsvideo-1280x720px-213x120.png 213w\" sizes=\"auto, (max-width: 1280px) 100vw, 1280px\" alt=\"Symbolische Darstellung Bewerbungsvideo\">\n<\/div>\n<div class=\"ee-imagebox-content\">\n      <p class=\"ee-imagebox-title bde-h3\" >Bewerbungsvideo<\/p>\n    \n      <div class=\"ee-imagebox-text\" >Sie wollen mit dem Handy Kurzvideos f\u00fcr Ihre Bewerbungen erstellen? Daf\u00fcr Tipps zu Inhalt, Ablauf, Gespr\u00e4chsfluss, Bildausschnitt, Umgebung und Kleidung erhalten?<\/div>\n    \n          \n                                    \n    \n    \n    \n    \n            \n                    \n            \n            \n\n    \n    \n    \n    \n    \n    <a class=\"breakdance-link button-atom button-atom--primary ee-imagebox-button\" href=\"https:\/\/www.contiva-berufsperspektiven.ch\/private-kmu\/bewerbungsvideo\/\" target=\"_self\" data-type=\"url\"  >\n\n    \n        <span class=\"button-atom__text\">zum Angebot<\/span>\n\n        \n        \n                <\/a>\n\n    \n\n  <\/div>\n\n<\/div>\n<\/div><\/div><\/div>\n<\/section><\/div>","protected":false},"excerpt":{"rendered":"<p>CONTIVA Dossier\u2060\u2060\u2060\u2060\u2060\u2060\u2060\u2060\u2060\u2060\u2060\u2060\u2060\u2060\u2060\u2060\u2060\u2060\u2060\u2060\u2060\u2060\u2060\u2060\u2060\u2060\u2060\u2060\u2060\u2060\u2060\u2060\u2060\u2060\u2060\u2060\u2060\u2060\u2060\u2060\u2060\u2060\u2060\u2060\u2060\u2060-\u2060\u2060\u2060\u2060\u2060\u2060\u2060\u2060\u2060\u2060\u2060\u2060\u2060\u2060\u2060\u2060\u2060\u2060\u2060\u2060\u2060\u2060\u2060\u2060\u2060\u2060\u2060\u2060\u2060\u2060\u2060\u2060\u2060\u2060\u2060\u2060\u2060\u2060\u2060\u2060\u2060\u2060\u2060\u2060\u2060\u2060Upgrade: \u2060Bewerbungsunterlagen f\u00fcr Ihren Traumjob. Gemeinsam mit unseren Coaches erstellen Sie Bewerbungsunterlagen, die den heutigen Anforderungen entsprechen. Optional machen wir gerne auch ein professionelles Foto. Das bringt es.Das nehmen Sie aus dem Dossier-Upgrade bei Contiva mit:Bewerbungsunterlagen, die den aktuellen Anforderungen des Arbeitsmarkts entsprechen.Professionelle Fotos f\u00fcr Ihr Bewerbungsdossier.Eine vollst\u00e4ndige Bewerbung mit Anschreiben f\u00fcr ein Stelleninserat [&hellip;]<\/p>\n","protected":false},"author":8,"featured_media":0,"parent":143,"menu_order":0,"comment_status":"closed","ping_status":"closed","template":"","meta":{"_acf_changed":false,"_breakdance_hide_in_design_set":false,"_breakdance_tags":"","iawp_total_views":319,"footnotes":""},"class_list":["post-939","page","type-page","status-publish","hentry"],"acf":[],"_links":{"self":[{"href":"https:\/\/www.contiva-berufsperspektiven.ch\/es\/wp-json\/wp\/v2\/pages\/939","targetHints":{"allow":["GET"]}}],"collection":[{"href":"https:\/\/www.contiva-berufsperspektiven.ch\/es\/wp-json\/wp\/v2\/pages"}],"about":[{"href":"https:\/\/www.contiva-berufsperspektiven.ch\/es\/wp-json\/wp\/v2\/types\/page"}],"author":[{"embeddable":true,"href":"https:\/\/www.contiva-berufsperspektiven.ch\/es\/wp-json\/wp\/v2\/users\/8"}],"replies":[{"embeddable":true,"href":"https:\/\/www.contiva-berufsperspektiven.ch\/es\/wp-json\/wp\/v2\/comments?post=939"}],"version-history":[{"count":52,"href":"https:\/\/www.contiva-berufsperspektiven.ch\/es\/wp-json\/wp\/v2\/pages\/939\/revisions"}],"predecessor-version":[{"id":5126,"href":"https:\/\/www.contiva-berufsperspektiven.ch\/es\/wp-json\/wp\/v2\/pages\/939\/revisions\/5126"}],"up":[{"embeddable":true,"href":"https:\/\/www.contiva-berufsperspektiven.ch\/es\/wp-json\/wp\/v2\/pages\/143"}],"wp:attachment":[{"href":"https:\/\/www.contiva-berufsperspektiven.ch\/es\/wp-json\/wp\/v2\/media?parent=939"}],"curies":[{"name":"wp","href":"https:\/\/api.w.org\/{rel}","templated":true}]}}