{"id":1056,"date":"2023-05-12T13:45:27","date_gmt":"2023-05-12T11:45:27","guid":{"rendered":"https:\/\/www.contiva-berufsperspektiven.ch\/?page_id=1056"},"modified":"2026-04-23T12:11:11","modified_gmt":"2026-04-23T10:11:11","slug":"chi-siamo","status":"publish","type":"page","link":"https:\/\/www.contiva-berufsperspektiven.ch\/it\/ueber-uns\/","title":{"rendered":"Chi siamo"},"content":{"rendered":"<div class='breakdance'><div class=\"bde-globalblock-1056-100 bde-globalblock\"><div class='breakdance'><section class=\"bde-section-3672-104-3672-1 bde-section no-animation bde-section-3672-104\">\n  \n  \n\t\n\n\n\n<div class=\"section-container\"><div class=\"bde-breadcrumbs-3672-106-3672-1 bde-breadcrumbs bde-breadcrumbs-3672-106\"><nav aria-label=\"pangrattato\" class=\"rank-math-breadcrumb\"><p><span class=\"last\">CONTIVA<\/span><\/p><\/nav><\/div><\/div>\n<\/section><section class=\"bde-section-3672-101-3672-1 bde-section no-animation bde-section-3672-101\">\n  \n  \n\t\n\n\n\n<div class=\"section-container\"><h1 class=\"bde-heading-3672-102-3672-1 bde-heading bde-heading-3672-102\">\nContiva in sintesi\n<\/h1><div class=\"bde-text-3672-103-3672-1 bde-text bde-text-3672-103\">\n<p>L'Associazione Contiva \u00e8 un'organizzazione senza scopo di lucro nel campo del riorientamento professionale, della ricerca di lavoro e dell'integrazione lavorativa. \u00c8 sostenuta da privati con ampie competenze in questo settore e da organizzazioni che rappresentano i datori di lavoro da un lato e le persone colpite dalla disoccupazione dall'altro.<\/p>\n\n<\/div><\/div>\n<\/section><\/div><\/div><section class=\"bde-section-1056-116 bde-section bde-preset-84a15dde-f849-469d-bf93-8fff4095fba1\">\n  \n  \n\t\n\n\n\n<div class=\"section-container\"><div class=\"bde-advanced-tabs-1056-117 bde-advanced-tabs\">\n\n\n        \n  \n  \n  <div class=\"bde-tabs__tabslist-container bde-tabs__tabslist-container--scrollable is-horizontal js-tabs-container\">\n    <div class=\"bde-tabs__tabslist bde-tabs__tabslist--tabs js-tablist\" role=\"tablist\" aria-label=\"Schede di contenuto\" aria-orientation=\"horizontal\" data-tabs-id=\"bde-advanced-tabs-1056-117\">\n      \n              <button role=\"tab\" aria-selected=\"false\" class=\"bde-tabs__tab js-tab\" aria-controls=\"tab-panel-bde-advanced-tabs-1056-117-1\" id=\"tab-bde-advanced-tabs-1056-117-1\" data-value=\"1\">\n                    <span class=\"bde-tabs__tab-title\">Tage der offenen T\u00fcr<\/span>\n        <\/button>\n              <button role=\"tab\" aria-selected=\"false\" class=\"bde-tabs__tab js-tab\" aria-controls=\"tab-panel-bde-advanced-tabs-1056-117-2\" id=\"tab-bde-advanced-tabs-1056-117-2\" data-value=\"2\">\n                    <span class=\"bde-tabs__tab-title\">L'associazione<\/span>\n        <\/button>\n              <button role=\"tab\" aria-selected=\"false\" class=\"bde-tabs__tab js-tab\" aria-controls=\"tab-panel-bde-advanced-tabs-1056-117-3\" id=\"tab-bde-advanced-tabs-1056-117-3\" data-value=\"3\">\n                    <span class=\"bde-tabs__tab-title\">Visione e missione<\/span>\n        <\/button>\n              <button role=\"tab\" aria-selected=\"false\" class=\"bde-tabs__tab js-tab\" aria-controls=\"tab-panel-bde-advanced-tabs-1056-117-4\" id=\"tab-bde-advanced-tabs-1056-117-4\" data-value=\"4\">\n                    <span class=\"bde-tabs__tab-title\">Principi guida andragogici<\/span>\n        <\/button>\n              <button role=\"tab\" aria-selected=\"false\" class=\"bde-tabs__tab js-tab\" aria-controls=\"tab-panel-bde-advanced-tabs-1056-117-5\" id=\"tab-bde-advanced-tabs-1056-117-5\" data-value=\"5\">\n                    <span class=\"bde-tabs__tab-title\">I nostri principi guida<\/span>\n        <\/button>\n              <button role=\"tab\" aria-selected=\"false\" class=\"bde-tabs__tab js-tab\" aria-controls=\"tab-panel-bde-advanced-tabs-1056-117-6\" id=\"tab-bde-advanced-tabs-1056-117-6\" data-value=\"6\">\n                    <span class=\"bde-tabs__tab-title\">Qualit\u00e0 e certificazioni<\/span>\n        <\/button>\n          <\/div>\n  <\/div>\n\n<div class=\"bde-tabs-content-container\">\n  <div class=\"bde-advanced-tabs-content-1056-287 bde-advanced-tabs-content\"><div tabindex=\"0\" role=\"tabpanel\" class=\"bde-tabs__panel js-panel\" id=\"\" aria-labelledby=\"\">\r\n  <div class=\"bde-tabs__panel-content\">\r\n    <div class=\"bde-div-1056-360 bde-div\">\n  \n  \n\t\n\n\n\n<h3 class=\"bde-heading-1056-361 bde-heading\">\nBesuchen Sie uns an der Reinacherstrasse 261\n<\/h3><div class=\"bde-rich-text-1056-362 bde-rich-text breakdance-rich-text-styles\">\n<ul><li>Donnerstag, 18.06.2026 zwischen 10-14 Uhr<\/li><li>Freitag, 06.11.2026 zwischen 10-14 Uhr<\/li><\/ul>\n<\/div><div class=\"bde-button-1056-123 bde-button\">\n    \n                                    \n    \n    \n    \n    \n            \n                    \n            \n            \n\n    \n    \n    \n    \n    \n    <a class=\"breakdance-link button-atom button-atom--primary bde-button__button\" href=\"https:\/\/www.contiva-berufsperspektiven.ch\/it\/tage-der-offenen-tuer\/\" target=\"_self\" data-type=\"url\"  >\n\n    \n        <span class=\"button-atom__text\">Mehr erfahren und anmelden<\/span>\n\n        \n        \n                <\/a>\n\n    \n\n\n<\/div>\n<\/div>\r\n  <\/div>\r\n<\/div>\r\n<\/div><div class=\"bde-advanced-tabs-content-1056-118 bde-advanced-tabs-content\"><div tabindex=\"0\" role=\"tabpanel\" class=\"bde-tabs__panel js-panel\" id=\"\" aria-labelledby=\"\">\r\n  <div class=\"bde-tabs__panel-content\">\r\n    <div class=\"bde-div-1056-119 bde-div\">\n  \n  \n\t\n\n\n\n<h3 class=\"bde-heading-1056-120 bde-heading\">\nL'associazione\n<\/h3><div class=\"bde-rich-text-1056-121 bde-rich-text breakdance-rich-text-styles\">\n<p><strong>Scopo e obiettivo<\/strong><\/p><p>Contiva \u00e8 stata fondata nel 1996 con il nome di Job Club come associazione senza scopo di lucro con l'obiettivo di offrire misure per il mercato del lavoro a persone disoccupate o a rischio di disoccupazione. A tal fine, l'associazione gestiva un corso e un centro di incontro. L'obiettivo era quello di migliorare le possibilit\u00e0 di reinserimento nel mercato del lavoro primario o di prevenire la disoccupazione attraverso misure preventive.<\/p><p>Nel 2023, l'associazione ha cambiato nome in Contiva per potersi rivolgere meglio ai privati. L'obiettivo \u00e8 quello di offrire l'esperienza acquisita nel consigliare le persone sulla loro posizione attuale e sulla ricerca di lavoro a chi vuole riorientarsi.<\/p><p><strong>Membri dell'associazione e del consiglio direttivo<\/strong><\/p><p>L'organo supremo dell'Associazione Contiva \u00e8 l'Assemblea dell'Associazione. In essa sono rappresentati i privati interessati e l'associazione Surprise. I membri dell'associazione eleggono il consiglio direttivo dell'associazione.<\/p><p><strong>Finanziamento<\/strong><\/p><p>L'Associazione Contiva fornisce servizi a vari clienti nell'ambito di accordi di servizio. \u00c8 finanziata dalle tariffe per questi servizi e non riceve alcuna sovvenzione da parte di enti governativi.<\/p>\n<\/div><div class=\"bde-div-1056-122 bde-div bde-preset-4d0b34c7-4d84-489f-bb13-f8ff907d8258\">\n  \n  \n\t\n\n\n\n<div class=\"bde-button-1056-370 bde-button\">\n    \n                                    \n    \n    \n    \n    \n            \n                    \n            \n            \n\n    \n    \n    \n    \n    \n    <a class=\"breakdance-link button-atom button-atom--primary bde-button__button\" href=\"https:\/\/www.contiva-berufsperspektiven.ch\/wp-content\/uploads\/2025\/05\/Organigramm-15.05.2025.pdf\" target=\"_blank\" data-type=\"url\"  >\n\n    \n        <span class=\"button-atom__text\">Organigramma<\/span>\n\n        \n        \n                <\/a>\n\n    \n\n\n<\/div>\n<\/div><div class=\"bde-div-1056-148 bde-div bde-preset-4d0b34c7-4d84-489f-bb13-f8ff907d8258\">\n  \n  \n\t\n\n\n\n<div class=\"bde-button-1056-149 bde-button\">\n    \n                                    \n    \n    \n    \n    \n            \n                    \n            \n            \n\n    \n    \n    \n    \n    \n    <a class=\"breakdance-link button-atom button-atom--primary bde-button__button\" href=\"https:\/\/www.contiva-berufsperspektiven.ch\/wp-content\/uploads\/2023\/05\/Verein-Statuten-ab-22_2_2023-unterzeichnet.pdf\" target=\"_blank\" data-type=\"url\"  >\n\n    \n        <span class=\"button-atom__text\">Statuti<\/span>\n\n        \n        \n                <\/a>\n\n    \n\n\n<\/div>\n<\/div><div class=\"bde-div-1056-150 bde-div bde-preset-4d0b34c7-4d84-489f-bb13-f8ff907d8258\">\n  \n  \n\t\n\n\n\n<div class=\"bde-button-1056-151 bde-button\">\n    \n                                    \n    \n    \n    \n    \n            \n                    \n            \n            \n\n    \n    \n    \n    \n    \n    <a class=\"breakdance-link button-atom button-atom--primary bde-button__button\" href=\"https:\/\/www.contiva-berufsperspektiven.ch\/wp-content\/uploads\/2023\/05\/Leitsaetze-Verein-Contiva.pdf\" target=\"_blank\" data-type=\"url\"  >\n\n    \n        <span class=\"button-atom__text\">Principi guida<\/span>\n\n        \n        \n                <\/a>\n\n    \n\n\n<\/div>\n<\/div>\n<\/div>\r\n  <\/div>\r\n<\/div>\r\n<\/div><div class=\"bde-advanced-tabs-content-1056-267 bde-advanced-tabs-content\"><div tabindex=\"0\" role=\"tabpanel\" class=\"bde-tabs__panel js-panel\" id=\"\" aria-labelledby=\"\">\r\n  <div class=\"bde-tabs__panel-content\">\r\n    <div class=\"bde-div-1056-268 bde-div\">\n  \n  \n\t\n\n\n\n<h3 class=\"bde-heading-1056-286 bde-heading\">\nVisione\n<\/h3><div class=\"bde-rich-text-1056-270 bde-rich-text breakdance-rich-text-styles\">\n<p>Contiva crea prospettive di carriera individuali e responsabilizza le persone nel mondo del lavoro.<\/p><p>\u00a0<\/p>\n<\/div>\n<\/div><div class=\"bde-div-1056-277 bde-div\">\n  \n  \n\t\n\n\n\n<h3 class=\"bde-heading-1056-278 bde-heading\">\nMissione\n<\/h3><div class=\"bde-rich-text-1056-279 bde-rich-text breakdance-rich-text-styles\">\n<p>Ci occupiamo con passione di sostenere le persone nel loro sviluppo professionale e di promuovere le pari opportunit\u00e0 con consulenze individuali e offerte pratiche.<\/p><p>\u00a0<\/p>\n<\/div>\n<\/div><div class=\"bde-div-1056-283 bde-div\">\n  \n  \n\t\n\n\n\n<h3 class=\"bde-heading-1056-284 bde-heading\">\nCosa facciamo\n<\/h3><div class=\"bde-rich-text-1056-285 bde-rich-text breakdance-rich-text-styles\">\n<p>Sosteniamo le persone a tutti i livelli di qualifica nello sviluppo di nuove prospettive di carriera e le aiutiamo a realizzarle: dalla ricerca di posti di lavoro e datori di lavoro adatti, alla preparazione di documenti di candidatura innovativi e al supporto durante il processo di candidatura, fino all'inserimento in posti di lavoro o stage adeguati.<\/p><p>Per conto dei clienti pubblici, Contiva supporta i disoccupati nella ricerca di un lavoro e nell'integrazione nel mercato del lavoro primario.<\/p><p>Sosteniamo inoltre i dipendenti di tutti i livelli di qualifica all'interno dell'azienda quando si tratta di cambiare carriera. Ove possibile, adottiamo misure preventive in caso di rischio di disoccupazione.<\/p><p>Offriamo un'ampia gamma di corsi e servizi di coaching nelle aree di valutazione della carriera, formazione applicativa, coaching, consulenza di carriera e collocamento per clienti privati e istituzionali.<\/p>\n<\/div>\n<\/div>\r\n  <\/div>\r\n<\/div>\r\n<\/div><div class=\"bde-advanced-tabs-content-1056-163 bde-advanced-tabs-content\"><div tabindex=\"0\" role=\"tabpanel\" class=\"bde-tabs__panel js-panel\" id=\"\" aria-labelledby=\"\">\r\n  <div class=\"bde-tabs__panel-content\">\r\n    <div class=\"bde-div-1056-164 bde-div\">\n  \n  \n\t\n\n\n\n<h3 class=\"bde-heading-1056-165 bde-heading\">\nI nostri principi guida andragogici\n<\/h3><div class=\"bde-rich-text-1056-166 bde-rich-text breakdance-rich-text-styles\">\n<p>Ci avviciniamo alle persone e al loro potenziale con curiosit\u00e0 e ottimismo. Nel farlo, perseguiamo i seguenti principi guida andragogici:<\/p><ul><li><strong>Apprendimento e motivazione basati sull'esperienza:<\/strong> L'insegnamento orientato al gruppo target della materia nei moduli del corso tiene conto delle esigenze individuali dei partecipanti, della loro situazione personale, della loro biografia formativa e anche delle loro aspettative. Ove possibile, le conoscenze esistenti vengono riattivate e sviluppate. L'obiettivo \u00e8 rafforzare la motivazione e la fiducia in se stessi dei partecipanti. I metodi sono quindi variati per soddisfare tutti i tipi di studenti e aumentare la motivazione.<br \/><br \/><\/li><li><strong>Apprendimento auto-diretto e orientato all'attivit\u00e0:<\/strong> Il corso \u00e8 progettato per consentire ai partecipanti di agire in modo indipendente nel processo di candidatura. I contenuti sono strutturati in modo tale che i partecipanti migliorino le proprie competenze passo dopo passo. L'apprendimento autonomo e quindi l'indipendenza sono incoraggiati. Si pone l'accento sulla riflessione e sul feedback per approfondire l'apprendimento e rafforzare l'applicabilit\u00e0 di quanto appreso in situazioni reali.<br \/><br \/><\/li><li><strong>Flessibilit\u00e0 e interazione: <\/strong>Le lezioni sono sempre strutturate in modo chiaro: I partecipanti ricevono una panoramica degli argomenti e dei contenuti all'inizio di ogni lezione. Durante le lezioni, il responsabile del corso fornisce regolarmente informazioni sul punto in cui si trova la lezione in termini di contenuti, e alla fine di una lezione viene fatta una revisione degli argomenti trattati. Nonostante il quadro strutturale, organizziamo le lezioni in modo tale che i partecipanti possano essere coinvolti e contribuire alla definizione delle singole sequenze di lezioni. Inoltre, adattiamo il percorso di apprendimento alle esigenze dei partecipanti.<br \/><br \/><\/li><li><strong>Partecipazione e orientamento all'applicazione: <\/strong>Il responsabile del corso d\u00e0 brevi input e raccoglie le conoscenze pregresse dei partecipanti. Poi guida i partecipanti in un'attivit\u00e0 per lavorare sui contenuti. Ci\u00f2 pu\u00f2 comportare compiti di riflessione, discussioni con la persona seduta accanto o nel gruppo, un compito di scrittura o la preparazione e la consegna di una breve presentazione al gruppo. Ci impegniamo per lo sviluppo personale e professionale dei nostri studenti e consentiamo loro di apprendere e lavorare in modo indipendente all'interno di un quadro chiaro.<br \/><br \/><\/li><li><strong>Orientamento al problema e auto-riflessione:<\/strong> L'apprendimento olistico e il lavoro in gruppi individuali e in continua evoluzione sono una componente centrale del concetto di corso, poich\u00e9 oltre all'insegnamento di competenze tematiche, metodologiche e mediatiche, \u00e8 di fondamentale importanza anche la promozione di competenze sociali, di performance e di autocompetenza. Incorporiamo i nuovi media e consentiamo ai partecipanti di migliorare le loro competenze mediatiche.<br \/><br \/><\/li><li><strong>Il rispetto<\/strong><strong> e riconoscimento:<\/strong> Attribuiamo grande importanza a un'interazione rispettosa tra di noi, ma anche tra il responsabile del corso e i partecipanti.<strong>. <\/strong>Per noi \u00e8 importante che i partecipanti si sentano a proprio agio nei nostri corsi, in modo da poter raggiungere i loro obiettivi. I nostri approcci metodologici e didattici si basano sulle pi\u00f9 recenti scoperte in materia di educazione degli adulti, didattica e psicologia dell'apprendimento. Per noi l'apprendimento \u00e8 un processo attivo, costruttivo, situazionale, sociale e orientato agli obiettivi.<\/li><\/ul><p>\u00a0<\/p><p>\u00a0<\/p><p>\u00a0<\/p>\n<\/div>\n<\/div>\r\n  <\/div>\r\n<\/div>\r\n<\/div><div class=\"bde-advanced-tabs-content-1056-173 bde-advanced-tabs-content\"><div tabindex=\"0\" role=\"tabpanel\" class=\"bde-tabs__panel js-panel\" id=\"\" aria-labelledby=\"\">\r\n  <div class=\"bde-tabs__panel-content\">\r\n    <div class=\"bde-div-1056-174 bde-div\">\n  \n  \n\t\n\n\n\n<h3 class=\"bde-heading-1056-175 bde-heading\">\nCome lavoriamo e cosa \u00e8 importante per noi\n<\/h3><div class=\"bde-rich-text-1056-176 bde-rich-text breakdance-rich-text-styles\">\n<ul><li>Ci impegniamo per le prospettive di carriera e condividiamo le nostre conoscenze.<\/li><li>Ci avviciniamo alle persone e al loro potenziale con curiosit\u00e0 e ottimismo.<\/li><li>Coltiviamo una cultura calda e accogliente.<\/li><li>Vogliamo fare la differenza e siamo felici di sperimentare.<\/li><li>Le nostre fondamenta sono solide.<\/li><li>Sappiamo cosa possiamo fare. Affrontiamo le novit\u00e0 con lungimiranza.<\/li><li>Ci trattiamo con fiducia da pari a pari e rimaniamo noi stessi.<\/li><li>Affrontiamo anche le sfide quotidiane con un pizzico di umorismo.<\/li><li>Crediamo nell'auto-organizzazione e nella cooperazione senza complicazioni. Per noi sono importanti la visione d'insieme e la trasparenza.<\/li><li>L'associazione Contiva consente di svolgere un'ampia gamma di compiti e funzioni. Cogliamo le nostre opportunit\u00e0 in modo indipendente.<\/li><\/ul>\n<\/div>\n<\/div>\r\n  <\/div>\r\n<\/div>\r\n<\/div><div class=\"bde-advanced-tabs-content-1056-177 bde-advanced-tabs-content\"><div tabindex=\"0\" role=\"tabpanel\" class=\"bde-tabs__panel js-panel\" id=\"\" aria-labelledby=\"\">\r\n  <div class=\"bde-tabs__panel-content\">\r\n    <div class=\"bde-div-1056-178 bde-div\">\n  \n  \n\t\n\n\n\n<h3 class=\"bde-heading-1056-179 bde-heading\">\nSviluppo continuo\n<\/h3><div class=\"bde-rich-text-1056-180 bde-rich-text breakdance-rich-text-styles\">\n<p>Come istituto di insegnamento e apprendimento, ci impegniamo a garantire costantemente la qualit\u00e0 e l'ulteriore sviluppo a tutti i livelli.<\/p><p><strong>Certificazione eduQua<\/strong><br \/>Dal 2003, Contiva \u00e8 <a href=\"https:\/\/alice.ch\/de\/qualitaet\/qualitaetslabel-eduqua\/\" rel=\"nofollow noopener\" target=\"_blank\">eduQua<\/a>-certificato. Grazie a un'attenta gestione della qualit\u00e0, soddisfiamo i criteri stabiliti per un istituto di istruzione superiore. Gli audit garantiscono l'alto livello di qualit\u00e0.<\/p>\n<\/div><div class=\"bde-div-1056-181 bde-div bde-preset-4d0b34c7-4d84-489f-bb13-f8ff907d8258\">\n  \n  \n\t\n\n\n\n<div class=\"bde-button-1056-182 bde-button\">\n    \n                                    \n    \n    \n    \n    \n            \n                    \n            \n            \n\n    \n    \n    \n    \n    \n    <a class=\"breakdance-link button-atom button-atom--primary bde-button__button\" href=\"https:\/\/www.contiva-berufsperspektiven.ch\/wp-content\/uploads\/2024\/03\/Zertifikat-CH03-0393.pdf\" target=\"_blank\" data-type=\"url\">\n\n    \n        <span class=\"button-atom__text\">Certificato<\/span>\n\n        \n        \n                <\/a>\n\n    \n\n\n<\/div><div class=\"bde-rich-text-1056-183 bde-rich-text breakdance-rich-text-styles\">\n<p><strong>Garanzia di qualit\u00e0 e sviluppo<\/strong><br \/>Esaminiamo regolarmente i nostri servizi e processi per quanto riguarda la loro efficacia ed efficienza, sviluppiamo i miglioramenti necessari e li implementiamo su base continuativa.<\/p><p><strong>Cultura del feedback aperto<\/strong><br \/>Nella valutazione finale viene fornito un feedback qualificato ai partecipanti al corso e il corso viene valutato dai partecipanti. Forniamo alle organizzazioni di riferimento informazioni complete e oneste sulla persona assegnata, in conformit\u00e0 con la legge sulla protezione dei dati.<\/p><p><strong>Competenza, aggiornamento e formazione<\/strong><br \/>Selezioniamo i nostri collaboratori con attenzione e secondo criteri specifici. Le capacit\u00e0 sociali e l'empatia sono importanti quanto la competenza e l'esperienza professionale.<\/p><p>Tutti i dipendenti, sia permanenti che temporanei, sono tenuti a seguire corsi di formazione. Sono disponibili sia programmi sviluppati internamente sia programmi esterni.<\/p><p><a href=\"https:\/\/www.sgs.com\/en\/certified-clients-and-products\/certified-client-directory\" target=\"_blank\" rel=\"noopener nofollow\"><img loading=\"lazy\" decoding=\"async\" class=\"wp-image-2508 alignleft\" src=\"https:\/\/www.contiva-berufsperspektiven.ch\/wp-content\/uploads\/2023\/06\/eduqua_logo_cmyk.jpg\" alt=\"\" width=\"353\" height=\"157\" srcset=\"https:\/\/www.contiva-berufsperspektiven.ch\/wp-content\/uploads\/2023\/06\/eduqua_logo_cmyk.jpg 800w, https:\/\/www.contiva-berufsperspektiven.ch\/wp-content\/uploads\/2023\/06\/eduqua_logo_cmyk-768x341.jpg 768w, https:\/\/www.contiva-berufsperspektiven.ch\/wp-content\/uploads\/2023\/06\/eduqua_logo_cmyk-300x133.jpg 300w, https:\/\/www.contiva-berufsperspektiven.ch\/wp-content\/uploads\/2023\/06\/eduqua_logo_cmyk-631x280.jpg 631w, https:\/\/www.contiva-berufsperspektiven.ch\/wp-content\/uploads\/2023\/06\/eduqua_logo_cmyk-451x200.jpg 451w, https:\/\/www.contiva-berufsperspektiven.ch\/wp-content\/uploads\/2023\/06\/eduqua_logo_cmyk-270x120.jpg 270w\" sizes=\"auto, (max-width: 353px) 100vw, 353px\" \/><\/a><\/p>\n<\/div>\n<\/div>\n<\/div>\r\n  <\/div>\r\n<\/div>\r\n<\/div>\n<\/div>\n\n\n<\/div><\/div>\n<\/section><section class=\"bde-section-1056-101 bde-section bde-preset-3ab92a40-3606-4a97-a9f9-51273535b49c\">\n              \n  \n  \n\t\n\n\n\n<div class=\"section-container\"><h2 class=\"bde-heading-1056-102 bde-heading\">\nContiva \u00e8 caratterizzata da clienti soddisfatti\n<\/h2><div class=\"bde-columns-1056-103 bde-columns\"><div class=\"bde-column-1056-104 bde-column\">\n  \n  \n\t\n\n\n\n<div class=\"bde-columns-1056-105 bde-columns\"><div class=\"bde-column-1056-106 bde-column\">\n  \n  \n\t\n\n\n\n<div class=\"bde-text-1056-107 bde-text\">\n98.4%\n<\/div>\n<\/div><div class=\"bde-column-1056-108 bde-column\">\n  \n  \n\t\n\n\n\n<div class=\"bde-text-1056-109 bde-text\">\ndei nostri clienti ha dichiarato che le sue aspettative sono state soddisfatte bene o molto bene e che raccomanderebbe Contiva ad altri.\n<\/div>\n<\/div><\/div>\n<\/div><div class=\"bde-column-1056-110 bde-column\">\n  \n  \n\t\n\n\n\n<div class=\"bde-columns-1056-111 bde-columns\"><div class=\"bde-column-1056-112 bde-column\">\n  \n  \n\t\n\n\n\n<div class=\"bde-text-1056-113 bde-text\">\n95.3%\n<\/div>\n<\/div><div class=\"bde-column-1056-114 bde-column\">\n  \n  \n\t\n\n\n\n<div class=\"bde-text-1056-115 bde-text\">\ndei partecipanti sa per quale lavoro dovrebbe candidarsi dopo la valutazione\n<\/div>\n<\/div><\/div>\n<\/div><\/div><\/div>\n<\/section><\/div>","protected":false},"excerpt":{"rendered":"<p>CONTIVA Contiva auf einen Blick Der Verein Contiva ist eine gemeinn\u00fctzige Non-Profit-Organisation im Bereich der beruflichen Neuorientierung, Stellensuche und Arbeitsintegration. Er ist getragen von Privatpersonen mit breitem Know-how aus diesem Bereich sowie Organisationen, die einerseits die Arbeitgebenden und andererseits die von Stellenlosigkeit betroffenen Personen vertreten. Tage der offenen T\u00fcr Der Verein Vision &#038; Mission Andragogische [&hellip;]<\/p>\n","protected":false},"author":8,"featured_media":0,"parent":0,"menu_order":0,"comment_status":"closed","ping_status":"closed","template":"","meta":{"_acf_changed":false,"_breakdance_hide_in_design_set":false,"_breakdance_tags":"","iawp_total_views":3165,"footnotes":""},"class_list":["post-1056","page","type-page","status-publish","hentry"],"acf":[],"_links":{"self":[{"href":"https:\/\/www.contiva-berufsperspektiven.ch\/it\/wp-json\/wp\/v2\/pages\/1056","targetHints":{"allow":["GET"]}}],"collection":[{"href":"https:\/\/www.contiva-berufsperspektiven.ch\/it\/wp-json\/wp\/v2\/pages"}],"about":[{"href":"https:\/\/www.contiva-berufsperspektiven.ch\/it\/wp-json\/wp\/v2\/types\/page"}],"author":[{"embeddable":true,"href":"https:\/\/www.contiva-berufsperspektiven.ch\/it\/wp-json\/wp\/v2\/users\/8"}],"replies":[{"embeddable":true,"href":"https:\/\/www.contiva-berufsperspektiven.ch\/it\/wp-json\/wp\/v2\/comments?post=1056"}],"version-history":[{"count":107,"href":"https:\/\/www.contiva-berufsperspektiven.ch\/it\/wp-json\/wp\/v2\/pages\/1056\/revisions"}],"predecessor-version":[{"id":5446,"href":"https:\/\/www.contiva-berufsperspektiven.ch\/it\/wp-json\/wp\/v2\/pages\/1056\/revisions\/5446"}],"wp:attachment":[{"href":"https:\/\/www.contiva-berufsperspektiven.ch\/it\/wp-json\/wp\/v2\/media?parent=1056"}],"curies":[{"name":"wp","href":"https:\/\/api.w.org\/{rel}","templated":true}]}}